{"id":1678,"date":"2023-07-07T14:38:53","date_gmt":"2023-07-07T12:38:53","guid":{"rendered":"https:\/\/www.divers2023.ch\/sprache\/"},"modified":"2023-08-03T16:11:04","modified_gmt":"2023-08-03T14:11:04","slug":"sprache","status":"publish","type":"page","link":"https:\/\/www.divers2023.ch\/de-e-l\/sprache\/","title":{"rendered":"Sprache"},"content":{"rendered":"\n<div class=\"dt_header-block alignfull\" style=\"background-color: #cc3030; color: #FFFFFF;\">\n  <h2 class=\"dt_header-block__title\">*:\/+!?\n<\/h2>\n\n  <div class=\"dt_header-block__content\">\n    <p>Sprache ist Reden, Diskutieren, Lernen, Feslegen. Die Komplexit\u00e4t der Sprache zeichnet das menschliche Wesen aus.<\/p>\n  <\/div>\n<\/div>\n\n\n<div class=\"wp-block-columns is-layout-flex wp-container-core-columns-is-layout-28f84493 wp-block-columns-is-layout-flex\">\n<div class=\"wp-block-column is-layout-flow wp-block-column-is-layout-flow\">\n<p>Die Sprache ist stark verkn\u00fcpft mit Denken und mit Identit\u00e4t. Die Sprache pr\u00e4gt, wie wir die Welt sehen und verstehen. Wollen wir die Sprache \u00e4ndern, m\u00fcssen wir unser Sprechen \u00e4ndern. Das heisst: Wir m\u00fcssen uns \u00e4ndern. <\/p>\n\n\n\n<p>Deshalb stossen sprachliche Neuerungen oft auf Ablehnung. Viele Ver\u00e4nderungen finden aber auch statt, ohne dass wir es merken.<\/p>\n<\/div>\n\n\n\n<div class=\"wp-block-column is-layout-flow wp-block-column-is-layout-flow\"><\/div>\n<\/div>\n\n\n\n<div class=\"wp-block-columns is-layout-flex wp-container-core-columns-is-layout-28f84493 wp-block-columns-is-layout-flex\">\n<div class=\"wp-block-column is-layout-flow wp-block-column-is-layout-flow\" style=\"flex-basis:33.33%\">\n<p><\/p>\n<\/div>\n\n\n\n<div class=\"wp-block-column is-layout-flow wp-block-column-is-layout-flow\" style=\"flex-basis:66.66%\">\n<h2 class=\"wp-block-heading\" id=\"gebrauch-diskriminierend\">\u00abGebrauch: diskriminierend\u00bb<\/h2>\n\n\n\n<p>Mit diesem Hinweis versieht der Duden W\u00f6rter, die diskriminieren, das hiesst: abwerten. Bekannte Beispiel sind <s>Neger<\/s> oder <s>Zigeuner<\/s>. Auch <s>Asylant<\/s> oder <s>Behinderter<\/s> gelten als abwertend. Wenn wir respektvoll sprechen, verwenden wir andere Begriffe. Wir nutzen eine politisch korrekte Sprache. Das heisst: Wir sprechen so \u00fcber andere, wie wir m\u00f6chten, dass sie \u00fcber uns sprechen. <\/p>\n\n\n\n<p>Die Sprache h\u00e4lt zahlreiche Alternativen bereit. Statt den durchgestrichenen Worten oben k\u00f6nnen wir sagen: Person\/People of Colour oder Schwarze Menschen, Roma und Sinti, Asylsuchende, Menschen mit Behinderung.<\/p>\n<\/div>\n<\/div>\n\n\n\n<div class=\"wp-block-columns is-layout-flex wp-container-core-columns-is-layout-28f84493 wp-block-columns-is-layout-flex\">\n<div class=\"wp-block-column is-layout-flow wp-block-column-is-layout-flow\" style=\"flex-basis:66.66%\">\n<h2 class=\"wp-block-heading\" id=\"mehrheit-minderheit\">Mehrheit \u2013 Minderheit<\/h2>\n\n\n\n<p>\u00abDie meisten sind, die meisten wissen &#8230;\u00bb. Mit dieser einfachen Einleitung werden all jene ausgeschlossen, die nicht zu den \u00abMeisten\u00bb geh\u00f6ren. Oft benutzen wir im Alltag abwertende Worte, ohne es zu merken.<\/p>\n<\/div>\n\n\n\n<div class=\"wp-block-column is-layout-flow wp-block-column-is-layout-flow\" style=\"flex-basis:33.33%\"><\/div>\n<\/div>\n\n\n\n<div class=\"wp-block-group alignfull is-layout-flow wp-block-group-is-layout-flow\">\n<blockquote class=\"wp-block-quote has-text-align-center has-white-color has-text-color has-background is-layout-flow wp-block-quote-is-layout-flow\" style=\"background-color:#ce94f7\">\n<p>\u00abGerechte Sprache allein schafft noch keine gerechte Welt. Aber indem wir sie verwenden, zeigen wir, dass wir eine gerechte Welt \u00fcberhaupt wollen.\u00bb<\/p>\n<cite>Anatol Stefanowitsch, <em>Eine Frage der Moral: Warum wir politisch korrekte Sprache brauchen<\/em>, 2018<\/cite><\/blockquote>\n<\/div>\n\n\n\n<div class=\"wp-block-columns is-layout-flex wp-container-core-columns-is-layout-28f84493 wp-block-columns-is-layout-flex\">\n<div class=\"wp-block-column is-layout-flow wp-block-column-is-layout-flow\">\n<h2 class=\"wp-block-heading\" id=\"inklusive-sprachealle-sind-gemeint\">Inklusive Sprache:<br>Alle sind gemeint<\/h2>\n\n\n\n<p>Inklusion bedeutet Einschluss. Das heisst: Alle werden angesprochen. <\/p>\n\n\n\n<p>Die Sprache wandelt sich stetig. Fr\u00fcher schrieb man placiert, dann plaziert und nun platziert. <\/p>\n\n\n\n<p>\u00abFr\u00e4ulein\u00bb wird kaum mehr verwendet. Unterdessen versuchen wir nicht nur m\u00e4nnliche Formen zu verwenden. Gendern bedeutet mindestens zwei Geschlechter einzuschliessen.<\/p>\n\n\n\n<p>Es gibt verschiedene M\u00f6glichkeiten zu gendern:<\/p>\n\n\n\n<ul class=\"wp-block-list\">\n<li>Grosses Binnen-I (K\u00fcnstlerInnen)<\/li>\n\n\n\n<li>Gender-Stern (K\u00fcnstler*innen)<\/li>\n\n\n\n<li>Doppelpunkt (K\u00fcnstler:innen)<\/li>\n<\/ul>\n\n\n\n<p>Das Kunstmuseum Luzern hat vor rund zwei Jahren den Doppelpunkt gew\u00e4hlt: K\u00fcnstler:innen. Der Doppelpunkt bietet den Vorteil, dass er von Maschinen gelesen werden kann. <\/p>\n<\/div>\n\n\n\n<div class=\"wp-block-column is-layout-flow wp-block-column-is-layout-flow\">\n<div style=\"padding:56.25% 0 0 0;position:relative;\"><iframe src=\"https:\/\/player.vimeo.com\/video\/842896280?h=b49c897ecd&#038;autoplay=1&#038;loop=1&#038;title=0&#038;byline=0&#038;portrait=0\" style=\"position:absolute;top:0;left:0;width:100%;height:100%;\" frameborder=\"0\" allow=\"autoplay; fullscreen; picture-in-picture\" allowfullscreen><\/iframe><\/div><script src=\"https:\/\/player.vimeo.com\/api\/player.js\"><\/script>\n<\/div>\n<\/div>\n\n\n\n<div class=\"wp-block-columns is-layout-flex wp-container-core-columns-is-layout-28f84493 wp-block-columns-is-layout-flex\">\n<div class=\"wp-block-column is-layout-flow wp-block-column-is-layout-flow\" style=\"flex-basis:33.33%\"><\/div>\n\n\n\n<div class=\"wp-block-column is-layout-flow wp-block-column-is-layout-flow\" style=\"flex-basis:66.66%\">\n<h2 class=\"wp-block-heading\" id=\"respekt-aergernis-oder-sexismus\">Respekt, \u00c4rgernis oder Sexismus?<\/h2>\n\n\n\n<div class=\"wp-block-columns is-layout-flex wp-container-core-columns-is-layout-28f84493 wp-block-columns-is-layout-flex\">\n<div class=\"wp-block-column is-layout-flow wp-block-column-is-layout-flow\">\n<p>Die Schreibweise mit Stern oder Doppelpunkt nennt man non-bin\u00e4r. Sie schliesst alle Geschlechter ein, das heisst, sie ist inklusiv. <\/p>\n\n\n\n<p>Sinn oder Unsinn von Stern und Doppelpunkt werden heftig diskutiert. Einerseits wird diese inklusive Schreibweise immer breiter genutzt. Andererseits gibt es in der Politik Versuche, das Gendern in Verwaltung und Schulen zu verbieten.<\/p>\n<\/div>\n\n\n\n<div class=\"wp-block-column is-layout-flow wp-block-column-is-layout-flow\">\n<p>Umfragen ergeben immer wieder, dass eine Mehrheit der Schweizer:innen nicht gendert. Tests zeigen jedoch, dass wir deutlich mehr an weibliche Personen denken, wenn:<\/p>\n\n\n\n<ul class=\"wp-block-list\">\n<li>beide Geschlechter genannt werden.<\/li>\n\n\n\n<li>non-bin\u00e4re Schreibweisen mit Doppelpunkt oder Stern verwendet werden.<\/li>\n<\/ul>\n\n\n\n<p>Die politischen Rechte \u00fcbt Kritik, weil sie traditionelle Werte bedroht sieht. Von feministischer Seite wird das Gendern teilweise als frauenfeindlich kritisiert, weil es immerzu auf das Geschlecht einer Person verweist. <\/p>\n<\/div>\n<\/div>\n<\/div>\n<\/div>\n\n\n\n<div class=\"wp-block-columns is-layout-flex wp-container-core-columns-is-layout-28f84493 wp-block-columns-is-layout-flex\">\n<div class=\"wp-block-column is-layout-flow wp-block-column-is-layout-flow\"><\/div>\n\n\n\n<div class=\"wp-block-column is-layout-flow wp-block-column-is-layout-flow\">\n<h3 class=\"wp-block-heading\" id=\"geschichte-einer-bedeutungsveraenderung-woke\">Geschichte einer Bedeutungsver\u00e4nderung: Woke<\/h3>\n\n\n\n<p>Wie aus Engagement f\u00fcr Gerechtigkeit ein Schimpfwort wurde.<\/p>\n\n\n\n<iframe loading=\"lazy\" height=\"200px\" width=\"100%\" frameborder=\"no\" scrolling=\"no\" seamless src=\"http\ns:\/\/player.simplecast.com\/b02a6420-a857-40a1-9f64-bc515324a683?dark=false\"><\/iframe>\n<\/div>\n<\/div>\n\n\n\n<div class=\"wp-block-group alignfull is-layout-flow wp-block-group-is-layout-flow\">\n<blockquote class=\"wp-block-quote has-text-align-center is-style-plain has-white-color has-text-color has-background has-large-font-size is-layout-flow wp-block-quote-is-layout-flow\" style=\"background-color:#ffac54\">\n<p class=\"has-white-color has-text-color\">\u00abGendern ist eine sexistische Praxis, deren Ziel es ist, Sexismus zu bek\u00e4mpfen.\u00bb<\/p>\n<cite>Nele Pollatscheck, <em>Abrechnung mit dem Genderstern \u2013 Warum sind wir so besessen von Genitalien?<\/em>, Tages-Anzeiger, 21.05.2021<\/cite><\/blockquote>\n<\/div>\n\n\n\n<div class=\"wp-block-columns is-layout-flex wp-container-core-columns-is-layout-28f84493 wp-block-columns-is-layout-flex\">\n<div class=\"wp-block-column is-layout-flow wp-block-column-is-layout-flow\" style=\"flex-basis:33.33%\">\n<h2 class=\"wp-block-heading\" id=\"begriffe\">Begriffe<\/h2>\n<\/div>\n\n\n\n<div class=\"wp-block-column is-layout-flow wp-block-column-is-layout-flow\" style=\"flex-basis:66.66%\">\n<p>Zur Ausstellung <em><a href=\"https:\/\/www.kunstmuseumluzern.ch\/ausstellungen\/zanele-muholi\/\" target=\"_blank\" rel=\"noreferrer noopener\">Zanele Muholi<\/a><\/em> erscheint ein Glossar, das Begriffe erl\u00e4utert, die sich auf die s\u00fcdafrikanische Geschichte, Rassismus und queere Kultur beziehen. F\u00fcr www.divers2023.ch wird es um weitere Aspekte von Diversit\u00e4t erweitert. Gerne d\u00fcrfen Sie uns per <a href=\"mailto:info@kunstmuseumluzern.ch\">E-Mail<\/a> oder Social Media auf weitere Begriffe hinweisen, damit wir die Liste erg\u00e4nzen und dazulernen k\u00f6nnen.<\/p>\n\n\n\n<p>Die Bedeutung von Begriffen kann sich wandeln. Deshalb geben die Erkl\u00e4rungen immer eine Momentaufnahme wieder.<\/p>\n<\/div>\n<\/div>\n\n\n\n<div class=\"wp-block-columns is-layout-flex wp-container-core-columns-is-layout-28f84493 wp-block-columns-is-layout-flex\">\n<div class=\"wp-block-column is-layout-flow wp-block-column-is-layout-flow\">\n<div class=\"wp-block-pb-accordion-item c-accordion__item js-accordion-item no-js\" data-initially-open=\"false\" data-click-to-close=\"true\" data-auto-close=\"true\" data-scroll=\"false\" data-scroll-offset=\"0\"><h3 id=\"at-16780\" class=\"c-accordion__title js-accordion-controller\" role=\"button\" id=\"ablesimus\">Ablesimus<\/h3><div id=\"ac-16780\" class=\"c-accordion__content\">\n<p>Der Begriff kommt vom englischen Wort \u00ababelism\u00bb. Er stammt aus Behinderten-Bewegung in den USA. Ableismus beschreibt die Ausgrenzung von Menschen mit Behinderung, indem sie an bestimmten F\u00e4higkeiten gemessen werden.<\/p>\n<\/div><\/div>\n\n\n\n<div class=\"wp-block-pb-accordion-item c-accordion__item js-accordion-item no-js\" data-initially-open=\"false\" data-click-to-close=\"true\" data-auto-close=\"true\" data-scroll=\"false\" data-scroll-offset=\"0\"><h3 id=\"at-16781\" class=\"c-accordion__title js-accordion-controller\" role=\"button\" id=\"afrikanische-diaspora\">Afrikanische Diaspora<\/h3><div id=\"ac-16781\" class=\"c-accordion__content\">\n<p>Die Gesamtheit der Menschen afrikanischer Herkunft, die ausserhalb des afrikanischen Kontinents leben.<\/p>\n<\/div><\/div>\n\n\n\n<div class=\"wp-block-pb-accordion-item c-accordion__item js-accordion-item no-js\" data-initially-open=\"false\" data-click-to-close=\"true\" data-auto-close=\"true\" data-scroll=\"false\" data-scroll-offset=\"0\"><h3 id=\"at-16782\" class=\"c-accordion__title js-accordion-controller\" role=\"button\" id=\"ageism-altersdiskriminierung\">Ageism \/ Altersdiskriminierung<\/h3><div id=\"ac-16782\" class=\"c-accordion__content\">\n<p>Benachteiligung von Meschen aufgrund ihres Alters. Meist bezieht sich der Begriff auf die Ausgrenzung \u00e4lterer Menschen, es k\u00f6nnen aber auch j\u00fcngere gemeint sein.<\/p>\n<\/div><\/div>\n\n\n\n<div class=\"wp-block-pb-accordion-item c-accordion__item js-accordion-item no-js\" data-initially-open=\"false\" data-click-to-close=\"true\" data-auto-close=\"true\" data-scroll=\"false\" data-scroll-offset=\"0\"><h3 id=\"at-16783\" class=\"c-accordion__title js-accordion-controller\" role=\"button\" id=\"ally-mitstreiterin\">Ally\/Mitstreiter:in<\/h3><div id=\"ac-16783\" class=\"c-accordion__content\">\n<p>Eine Person, die aktiv f\u00fcr die Rechte der LGBTQIA+-Community sowie anderer ausgegrenzter Menschen eintritt. Ein Ally geh\u00f6rt aber nicht selbst zur LGBTQIA+-Community.<\/p>\n<\/div><\/div>\n\n\n\n<div class=\"wp-block-pb-accordion-item c-accordion__item js-accordion-item no-js\" data-initially-open=\"false\" data-click-to-close=\"true\" data-auto-close=\"true\" data-scroll=\"false\" data-scroll-offset=\"0\"><h3 id=\"at-16784\" class=\"c-accordion__title js-accordion-controller\" role=\"button\" id=\"apartheid\">Apartheid<\/h3><div id=\"ac-16784\" class=\"c-accordion__content\">\n<p>Apartheit nennt sich die Gesetzgebung in S\u00fcdafrika von 1948 bis 1994. Ihr Ziel war die sogenannte \u00abRas\u00adsentrennung\u00bb. Nicht-weisse Menschen wurden in diesem System benachteiligt und ausgegrenzt. <br>Apartheid ist Afrikaans und be\u00addeutet \u00abgetrennt voneinander\u00bb. <\/p>\n<\/div><\/div>\n\n\n\n<div class=\"wp-block-pb-accordion-item c-accordion__item js-accordion-item no-js\" data-initially-open=\"false\" data-click-to-close=\"true\" data-auto-close=\"true\" data-scroll=\"false\" data-scroll-offset=\"0\"><h3 id=\"at-16785\" class=\"c-accordion__title js-accordion-controller\" role=\"button\" id=\"asexuell\">Asexuell<\/h3><div id=\"ac-16785\" class=\"c-accordion__content\">\n<p>Asexuell bezeichnet Menschen, die keine sexuelle Anziehung empfinden oder romantische Beziehungen w\u00fcnschen.<\/p>\n<\/div><\/div>\n\n\n\n<div class=\"wp-block-pb-accordion-item c-accordion__item js-accordion-item no-js\" data-initially-open=\"false\" data-click-to-close=\"true\" data-auto-close=\"true\" data-scroll=\"false\" data-scroll-offset=\"0\"><h3 id=\"at-16786\" class=\"c-accordion__title js-accordion-controller\" role=\"button\" id=\"behindert-werden\">Behindert werden<\/h3><div id=\"ac-16786\" class=\"c-accordion__content\">\n<p>Die Formulierung macht deutlich, dass Behinderung im Zusammenspiel von Mensch und Umwelt entsteht. Diese Vorstellung von Behinderung entspricht dem \u00absozialen Modell\u00bb.<\/p>\n<\/div><\/div>\n\n\n\n<div class=\"wp-block-pb-accordion-item c-accordion__item js-accordion-item no-js\" data-initially-open=\"false\" data-click-to-close=\"true\" data-auto-close=\"true\" data-scroll=\"false\" data-scroll-offset=\"0\"><h3 id=\"at-16787\" class=\"c-accordion__title js-accordion-controller\" role=\"button\" id=\"behinderung-beeintraechtigung\">Behinderung \/ Beeintr\u00e4chtigung<\/h3><div id=\"ac-16787\" class=\"c-accordion__content\">\n<p>\u00abBehinderung\u00bb fokussiert auf das Zusammenspiel von Umwelt und Individuum. \u00abBeeintr\u00e4chtigung\u00bb stellt die Einschr\u00e4nkung des Individuums in den Vordergrund. Welcher Begriff bevorzugt wird, ist nicht in allen L\u00e4ndern identisch.<\/p>\n<\/div><\/div>\n\n\n\n<div class=\"wp-block-pb-accordion-item c-accordion__item js-accordion-item no-js\" data-initially-open=\"false\" data-click-to-close=\"true\" data-auto-close=\"true\" data-scroll=\"false\" data-scroll-offset=\"0\"><h3 id=\"at-16788\" class=\"c-accordion__title js-accordion-controller\" role=\"button\" id=\"biologisches-geschlecht\">Biologisches Geschlecht<\/h3><div id=\"ac-16788\" class=\"c-accordion__content\">\n<p>Das biologische Geschlecht wird auf Basis von Geschlechtsorganen bei der Geburt zugewiesen.<\/p>\n<\/div><\/div>\n\n\n\n<div class=\"wp-block-pb-accordion-item c-accordion__item js-accordion-item no-js\" data-initially-open=\"false\" data-click-to-close=\"true\" data-auto-close=\"true\" data-scroll=\"false\" data-scroll-offset=\"0\"><h3 id=\"at-16789\" class=\"c-accordion__title js-accordion-controller\" role=\"button\" id=\"bisexuell\">Bisexuell<\/h3><div id=\"ac-16789\" class=\"c-accordion__content\">\n<p>Bi-sexuelle Menschen f\u00fchlen sich sexuell und romantisch zu verschiedenen Geschlechtern hingezogen.<\/p>\n<\/div><\/div>\n\n\n\n<div class=\"wp-block-pb-accordion-item c-accordion__item js-accordion-item no-js\" data-initially-open=\"false\" data-click-to-close=\"true\" data-auto-close=\"true\" data-scroll=\"false\" data-scroll-offset=\"0\"><h3 id=\"at-167810\" class=\"c-accordion__title js-accordion-controller\" role=\"button\" id=\"bleistift-test\">Bleistift-Test<\/h3><div id=\"ac-167810\" class=\"c-accordion__content\">\n<p>Der Bleistift-Test wurde im Apartheid-Regime in S\u00fcdafrika verwendet, um Menschen rassistisch einzutei\u00adlen. Dabei wurde ein Bleistift ins Haar gesteckt. Konnte das Haar den Stift nicht halten, wurde es als nicht-lockig kategorisiert. Das bedeutet: Die Person wurde als \u00abweiss\u00bb eingestuft. Der Test ist rassistisch und entmenschlichend.<\/p>\n<\/div><\/div>\n\n\n\n<div class=\"wp-block-pb-accordion-item c-accordion__item js-accordion-item no-js\" data-initially-open=\"false\" data-click-to-close=\"true\" data-auto-close=\"true\" data-scroll=\"false\" data-scroll-offset=\"0\"><h3 id=\"at-167811\" class=\"c-accordion__title js-accordion-controller\" role=\"button\" id=\"butch\">Butch<\/h3><div id=\"ac-167811\" class=\"c-accordion__content\">\n<p>Queere Frauen, die maskulin auftreten. Manche Butches bezeichnen sich als \u00abeine Butch\u00bb, andere sprechen von sich als \u00abein Butch\u00bb. <br>Der Begriff kommt aus der queeren Bewegung und sollte nur verwendet werden, wenn ihn Menschen selbst f\u00fcr sich  w\u00e4hlen.<\/p>\n<\/div><\/div>\n\n\n\n<div class=\"wp-block-pb-accordion-item c-accordion__item js-accordion-item no-js\" data-initially-open=\"false\" data-click-to-close=\"true\" data-auto-close=\"true\" data-scroll=\"false\" data-scroll-offset=\"0\"><h3 id=\"at-167812\" class=\"c-accordion__title js-accordion-controller\" role=\"button\" id=\"cis-geschlechtlich\">Cis-geschlechtlich<\/h3><div id=\"ac-167812\" class=\"c-accordion__content\">\n<p>Wenn die Gender-Identit\u00e4t mit dem Geschlecht \u00fcbereinstimmt, das bei der Geburt zugewiesen wird, ist ein Mensch cis-geschlechtlich.<\/p>\n<\/div><\/div>\n\n\n\n<div class=\"wp-block-pb-accordion-item c-accordion__item js-accordion-item no-js\" data-initially-open=\"false\" data-click-to-close=\"true\" data-auto-close=\"true\" data-scroll=\"false\" data-scroll-offset=\"0\"><h3 id=\"at-167813\" class=\"c-accordion__title js-accordion-controller\" role=\"button\" id=\"cross-dresserin\">Cross-Dresser:in<\/h3><div id=\"ac-167813\" class=\"c-accordion__content\">\n<p>Menschen, die Kleidung tragen, die gem\u00e4ss den traditionellen Rollenbildern nicht zum Geschlecht passt. Bei Cross-Dressing handelt es sich um eine Performance. <\/p>\n<\/div><\/div>\n\n\n\n<div class=\"wp-block-pb-accordion-item c-accordion__item js-accordion-item no-js\" data-initially-open=\"false\" data-click-to-close=\"true\" data-auto-close=\"true\" data-scroll=\"false\" data-scroll-offset=\"0\"><h3 id=\"at-167814\" class=\"c-accordion__title js-accordion-controller\" role=\"button\" id=\"dental-dams\">Dental Dams<\/h3><div id=\"ac-167814\" class=\"c-accordion__content\">\n<p>Eine Latex-Folie, die beim Oralsex als Schutz auf Anus oder Vulva gelegt wird. Sie sch\u00fctzt vor sexuell \u00fcbertragbaren Infektionen.<\/p>\n<\/div><\/div>\n\n\n\n<div class=\"wp-block-pb-accordion-item c-accordion__item js-accordion-item no-js\" data-initially-open=\"false\" data-click-to-close=\"true\" data-auto-close=\"true\" data-scroll=\"false\" data-scroll-offset=\"0\"><h3 id=\"at-167815\" class=\"c-accordion__title js-accordion-controller\" role=\"button\" id=\"drag-performerinnen\">Drag-Performer:innen<\/h3><div id=\"ac-167815\" class=\"c-accordion__content\">\n<p>Personen, die \u00fcbertrieben stereotyp feminin oder maskulin performen. Sie spielen mittels Kleidung, Make-up und Verhaltensweisen mit Gender-Erwartungen und brechen diese auf.<\/p>\n<\/div><\/div>\n\n\n\n<div class=\"wp-block-pb-accordion-item c-accordion__item js-accordion-item no-js\" data-initially-open=\"false\" data-click-to-close=\"true\" data-auto-close=\"true\" data-scroll=\"false\" data-scroll-offset=\"0\"><h3 id=\"at-167816\" class=\"c-accordion__title js-accordion-controller\" role=\"button\" id=\"dyke\">Dyke<\/h3><div id=\"ac-167816\" class=\"c-accordion__content\">\n<p>Dyke war fr\u00fcher ein beleidigender Begriff f\u00fcr Lesben. Heute ist er eine Selbstbezeich\u00adnung. Mit \u00abDyke\u00bb wird H\u00e4rte und Radikalit\u00e4t assoziiert sowie die Ablehnung von b\u00fcrgerlichen Rollen-Erwartungen, wie Hetero-Normativit\u00e4t oder Anstand.<\/p>\n<\/div><\/div>\n\n\n\n<div class=\"wp-block-pb-accordion-item c-accordion__item js-accordion-item no-js\" data-initially-open=\"false\" data-click-to-close=\"true\" data-auto-close=\"true\" data-scroll=\"false\" data-scroll-offset=\"0\"><h3 id=\"at-167817\" class=\"c-accordion__title js-accordion-controller\" role=\"button\" id=\"ehe-fuer-alle\">Ehe f\u00fcr alle<\/h3><div id=\"ac-167817\" class=\"c-accordion__content\">\n<p>In S\u00fcdafrika erm\u00f6glicht das Gesetz \u00abCivil Union\u00bb gleich-geschlechtlichen Paaren gesetzliche Anerkennung. In der Schweiz wurde die \u00abEingetra\u00adgene Partnerschaft\u00bb am 01.07.2022 durch die Ehe f\u00fcr alle abgel\u00f6st.<\/p>\n<\/div><\/div>\n\n\n\n<div class=\"wp-block-pb-accordion-item c-accordion__item js-accordion-item no-js\" data-initially-open=\"false\" data-click-to-close=\"true\" data-auto-close=\"true\" data-scroll=\"false\" data-scroll-offset=\"0\"><h3 id=\"at-167818\" class=\"c-accordion__title js-accordion-controller\" role=\"button\" id=\"family-wahlfamilie\">Family\/Wahlfamilie<\/h3><div id=\"ac-167818\" class=\"c-accordion__content\">\n<p>Als Family (Familie) bezeichnen queere und trans Menschen andere queer und trans Menschen. Identisch mit Wahlfamilie.<\/p>\n<\/div><\/div>\n\n\n\n<div class=\"wp-block-pb-accordion-item c-accordion__item js-accordion-item no-js\" data-initially-open=\"false\" data-click-to-close=\"true\" data-auto-close=\"true\" data-scroll=\"false\" data-scroll-offset=\"0\"><h3 id=\"at-167819\" class=\"c-accordion__title js-accordion-controller\" role=\"button\" id=\"femme\">Femme<\/h3><div id=\"ac-167819\" class=\"c-accordion__content\">\n<p>Femme sind queere Menschen zu beschreiben, die oft weiblich auftreten oder gesellschaftlichen Definitionen von Weiblichkeit entsprechen. Der Begriff sollte nur verwendet werden, wenn ihn Menschen selb f\u00fcr sich w\u00e4hlen.<\/p>\n<\/div><\/div>\n\n\n\n<div class=\"wp-block-pb-accordion-item c-accordion__item js-accordion-item no-js\" data-initially-open=\"false\" data-click-to-close=\"true\" data-auto-close=\"true\" data-scroll=\"false\" data-scroll-offset=\"0\"><h3 id=\"at-167820\" class=\"c-accordion__title js-accordion-controller\" role=\"button\" id=\"fsf\">FSF<\/h3><div id=\"ac-167820\" class=\"c-accordion__content\">\n<p>Abk\u00fcrzung f\u00fcr Frauen, die Sex mit Frauen haben. FSF k\u00f6nnen lesbisch, queer, bisexuell oder hetero sein.<\/p>\n<\/div><\/div>\n\n\n\n<div class=\"wp-block-pb-accordion-item c-accordion__item js-accordion-item no-js\" data-initially-open=\"false\" data-click-to-close=\"true\" data-auto-close=\"true\" data-scroll=\"false\" data-scroll-offset=\"0\"><h3 id=\"at-167821\" class=\"c-accordion__title js-accordion-controller\" role=\"button\" id=\"gender-soziales-geschlecht\">Gender \/ soziales Geschlecht<\/h3><div id=\"ac-167821\" class=\"c-accordion__content\">\n<p>Das soziale Geschlecht wird im Verlaufe des Lebens gepr\u00e4gt. Die Vorstellung davon, was ein Mann und eine Frau sein sollen, pr\u00e4gen dabei Verhaltensweisen, Rollenbilder und Erwartungen . Dieser Logik folgend ist m\u00e4nnlich = Mann = maskulin und weib\u00adlich = Frau = feminin. Das soziale Geschlecht einer Person ist eine Kombi\u00adnation daraus, was sich im Inneren richtig anf\u00fchlt und was nach Aussen zum Ausdruck kommt.<\/p>\n<\/div><\/div>\n\n\n\n<div class=\"wp-block-pb-accordion-item c-accordion__item js-accordion-item no-js\" data-initially-open=\"false\" data-click-to-close=\"true\" data-auto-close=\"true\" data-scroll=\"false\" data-scroll-offset=\"0\"><h3 id=\"at-167822\" class=\"c-accordion__title js-accordion-controller\" role=\"button\" id=\"gender-binary-soziale-zweigeschlechtlichkeit\">Gender Binary \/ soziale Zweigeschlechtlichkeit<\/h3><div id=\"ac-167822\" class=\"c-accordion__content\">\n<p>Zweigeschlechtlichkeit sieht und zwei Geschlechter vor: Mann und Frau. Nicht-bin\u00e4re und gender-nonkon\u00adforme Menschen werden ausgeschlosen.<\/p>\n<\/div><\/div>\n\n\n\n<div class=\"wp-block-pb-accordion-item c-accordion__item js-accordion-item no-js\" data-initially-open=\"false\" data-click-to-close=\"true\" data-auto-close=\"true\" data-scroll=\"false\" data-scroll-offset=\"0\"><h3 id=\"at-167823\" class=\"c-accordion__title js-accordion-controller\" role=\"button\" id=\"gender-dysphorie\">Gender-Dysphorie<\/h3><div id=\"ac-167823\" class=\"c-accordion__content\">\n<p>Wenn Menschen sich unwohl und gestresst f\u00fchlen, weil ihre Gender-Identit\u00e4t nicht dem Geschlecht entspricht, das ihnen bei der Geburt zugewiesenes wurde.<\/p>\n<\/div><\/div>\n\n\n\n<div class=\"wp-block-pb-accordion-item c-accordion__item js-accordion-item no-js\" data-initially-open=\"false\" data-click-to-close=\"true\" data-auto-close=\"true\" data-scroll=\"false\" data-scroll-offset=\"0\"><h3 id=\"at-167824\" class=\"c-accordion__title js-accordion-controller\" role=\"button\" id=\"geschlechter-hierarchie\">Geschlechter-Hierarchie<\/h3><div id=\"ac-167824\" class=\"c-accordion__content\">\n<p>In einer Hierarchie der Geschlechter stehen die M\u00e4nner auf der obersten Stufe. Alle anderen Geschlechter werden als minderwertig angesehen.<\/p>\n<\/div><\/div>\n\n\n\n<div class=\"wp-block-pb-accordion-item c-accordion__item js-accordion-item no-js\" data-initially-open=\"false\" data-click-to-close=\"true\" data-auto-close=\"true\" data-scroll=\"false\" data-scroll-offset=\"0\"><h3 id=\"at-167825\" class=\"c-accordion__title js-accordion-controller\" role=\"button\" id=\"gender-nonkonform\">Gender-nonkonform<\/h3><div id=\"ac-167825\" class=\"c-accordion__content\">\n<p>Eine gender-nonkonforme Person widersetzt sich der Einteilung in Mann und Frau. Dies kann sie durch ihre \u00e4ussere Erscheinung oder ihre Gender-Identit\u00e4t tun.<\/p>\n<\/div><\/div>\n<\/div>\n\n\n\n<div class=\"wp-block-column is-layout-flow wp-block-column-is-layout-flow\">\n<div class=\"wp-block-pb-accordion-item c-accordion__item js-accordion-item no-js\" data-initially-open=\"false\" data-click-to-close=\"true\" data-auto-close=\"true\" data-scroll=\"false\" data-scroll-offset=\"0\"><h3 id=\"at-167826\" class=\"c-accordion__title js-accordion-controller\" role=\"button\" id=\"geschlechtszuweisung\">Geschlechtszuweisung<\/h3><div id=\"ac-167826\" class=\"c-accordion__content\">\n<p>Kindern wird bei der Geburt ein Geschlecht zugewiesen. Dies geschieht aufgrund der Geschlechtsorgane oder der Gene. Die Schweiz und viele weitere L\u00e4nder kennen dabei nur zwei Geschlechter: m\u00e4nnlich und weiblich. Die Einteilung in m\u00e4nnlich und weiblich bei der Geburt grenzt intergeschlechtliche Menschen aus. Zudem deckt sich diese Einteilung nicht immer mit der Gender-Identit\u00e4t.<\/p>\n<\/div><\/div>\n\n\n\n<div class=\"wp-block-pb-accordion-item c-accordion__item js-accordion-item no-js\" data-initially-open=\"false\" data-click-to-close=\"true\" data-auto-close=\"true\" data-scroll=\"false\" data-scroll-offset=\"0\"><h3 id=\"at-167827\" class=\"c-accordion__title js-accordion-controller\" role=\"button\" id=\"gewaltverbrechen\">Gewaltverbrechen<\/h3><div id=\"ac-167827\" class=\"c-accordion__content\">\n<p>Gewalt-Verbrechen werden aufgrund von Hass auf eine Gruppe von Menschen begangen. <br>Die T\u00e4ter:innen wollen dabei ihre Opfer erniedrigen. Sie sehen ihre Opfer als \u00abanders\u00bb. Ursache daf\u00fcr ist oft Rassismus, Geschlecht, Alter, Sexualit\u00e4t, Behinderung, Nationalit\u00e4t, Klasse oder Religion.<\/p>\n<\/div><\/div>\n\n\n\n<div class=\"wp-block-pb-accordion-item c-accordion__item js-accordion-item no-js\" data-initially-open=\"false\" data-click-to-close=\"true\" data-auto-close=\"true\" data-scroll=\"false\" data-scroll-offset=\"0\"><h3 id=\"at-167828\" class=\"c-accordion__title js-accordion-controller\" role=\"button\" id=\"heteronormativitaet\">Heteronormativit\u00e4t<\/h3><div id=\"ac-167828\" class=\"c-accordion__content\">\n<p>Hetero-Normativit\u00e4t bedeutet, dass die Menschen in zwei Ge\u00adschlechter (Mann und Frau) eingeteilt werden. Hetero-Sexualit\u00e4t wird dabei als Norm angesehen.<\/p>\n<\/div><\/div>\n\n\n\n<div class=\"wp-block-pb-accordion-item c-accordion__item js-accordion-item no-js\" data-initially-open=\"false\" data-click-to-close=\"true\" data-auto-close=\"true\" data-scroll=\"false\" data-scroll-offset=\"0\"><h3 id=\"at-167876\" class=\"c-accordion__title js-accordion-controller\" role=\"button\" id=\"heterosexualitaet\">Heterosexualit\u00e4t<\/h3><div id=\"ac-167876\" class=\"c-accordion__content\">\n<p>Hetero-Sexualit\u00e4t bedeutet, dass sich M\u00e4nner zu Frauen und Frauen zu M\u00e4nner sexuell und romatnisch hingezogen f\u00fchlen.<\/p>\n<\/div><\/div>\n\n\n\n<div class=\"wp-block-pb-accordion-item c-accordion__item js-accordion-item no-js\" data-initially-open=\"false\" data-click-to-close=\"true\" data-auto-close=\"true\" data-scroll=\"false\" data-scroll-offset=\"0\"><h3 id=\"at-167829\" class=\"c-accordion__title js-accordion-controller\" role=\"button\" id=\"homonationalismus\">Homonationalismus<\/h3><div id=\"ac-167829\" class=\"c-accordion__content\">\n<p>Der Homo-Nationalismus passt den LGBTQIA+-Aktivismus an neoliberale und rechte Ideologien an. Er stellt die nordamerikanischen und europ\u00e4ischen Bewegungen in den Vordergrund und wertet die Gemeinschaften anderer Kontinente ab. Er basiert auf einer rassistischen, klassistischen und menschen-feindlichen Weltsicht.<\/p>\n<\/div><\/div>\n\n\n\n<div class=\"wp-block-pb-accordion-item c-accordion__item js-accordion-item no-js\" data-initially-open=\"false\" data-click-to-close=\"true\" data-auto-close=\"true\" data-scroll=\"false\" data-scroll-offset=\"0\"><h3 id=\"at-167830\" class=\"c-accordion__title js-accordion-controller\" role=\"button\" id=\"homophobie\">Homophobie<\/h3><div id=\"ac-167830\" class=\"c-accordion__content\">\n<p>Ablehnung und Hass gegen LGBTQIA+-Menschen.<\/p>\n<\/div><\/div>\n\n\n\n<div class=\"wp-block-pb-accordion-item c-accordion__item js-accordion-item no-js\" data-initially-open=\"false\" data-click-to-close=\"true\" data-auto-close=\"true\" data-scroll=\"false\" data-scroll-offset=\"0\"><h3 id=\"at-167831\" class=\"c-accordion__title js-accordion-controller\" role=\"button\" id=\"homosexualitaet\">Homosexualit\u00e4t<\/h3><div id=\"ac-167831\" class=\"c-accordion__content\">\n<p>Homo-Sexuelle f\u00fchlen sich sexuell oder romantisch zu Personen desselben Geschlechts hingezogen. Homo-Sexualit\u00e4t ist eher ein technischer, medizinischer Begriff. Heute wird meist \u00abschwul\u00bb und \u00ablesbisch\u00bb verwendet.<\/p>\n<\/div><\/div>\n\n\n\n<div class=\"wp-block-pb-accordion-item c-accordion__item js-accordion-item no-js\" data-initially-open=\"false\" data-click-to-close=\"true\" data-auto-close=\"true\" data-scroll=\"false\" data-scroll-offset=\"0\"><h3 id=\"at-167832\" class=\"c-accordion__title js-accordion-controller\" role=\"button\" id=\"intersektionalitaet\">Intersektionalit\u00e4t<\/h3><div id=\"ac-167832\" class=\"c-accordion__content\">\n<p>Die Juristin Kimberl\u00e9 Crenshaw hat diesen Begriff gepr\u00e4gt. Sie beschreibt damit die Situation von Schwarzen Frauen auf dem Arbeitsmarkt in den USA. <br>Intersektionalit\u00e4t zeigt, wie sich verschiedener Aspekte von Identit\u00e4t (<em>race<\/em>, Klasse, Herkunft, Alter, Geschlecht, Sexualit\u00e4t, Nationa\u00adlit\u00e4t, Religion, Behinderung) gegenseititg beeinflussen.<\/p>\n<\/div><\/div>\n\n\n\n<div class=\"wp-block-pb-accordion-item c-accordion__item js-accordion-item no-js\" data-initially-open=\"false\" data-click-to-close=\"true\" data-auto-close=\"true\" data-scroll=\"false\" data-scroll-offset=\"0\"><h3 id=\"at-167833\" class=\"c-accordion__title js-accordion-controller\" role=\"button\" id=\"inter\">Inter<\/h3><div id=\"ac-167833\" class=\"c-accordion__content\">\n<p>Inter oder intergeschlechtlich bezeichnet Menschen, deren Geschlechtsmerkmale bei der Geburt nicht ins Schema m\u00e4nnlich-weiblich passen. Etwa 1.7% kommt intergeschlechtlich zur Welt.<\/p>\n<\/div><\/div>\n\n\n\n<div class=\"wp-block-pb-accordion-item c-accordion__item js-accordion-item no-js\" data-initially-open=\"false\" data-click-to-close=\"true\" data-auto-close=\"true\" data-scroll=\"false\" data-scroll-offset=\"0\"><h3 id=\"at-167834\" class=\"c-accordion__title js-accordion-controller\" role=\"button\" id=\"isingqumo\">isiNgqumo<\/h3><div id=\"ac-167834\" class=\"c-accordion__content\">\n<p>isiNgqumo ist eine Sprache, die in LGBTQIA+-Kreisen S\u00fcdafrikas gesprochen wird, ins\u00adbesondere bei den Nguni.<\/p>\n<\/div><\/div>\n\n\n\n<div class=\"wp-block-pb-accordion-item c-accordion__item js-accordion-item no-js\" data-initially-open=\"false\" data-click-to-close=\"true\" data-auto-close=\"true\" data-scroll=\"false\" data-scroll-offset=\"0\"><h3 id=\"at-167835\" class=\"c-accordion__title js-accordion-controller\" role=\"button\" id=\"isistabane-stabane\">isiStabane\/Stabane<\/h3><div id=\"ac-167835\" class=\"c-accordion__content\">\n<p>Das umgangssprachliche isiZulu-Schimpfwort richtet sich gegen LGBTQIA+-Menschen in S\u00fcdafrika. <br>Die w\u00f6rtliche \u00dcbersetzung bedeutet: Eine Person, die mit  m\u00e4nnlichen und weiblichen Geschlechtsteilen geboren wurde.<\/p>\n<\/div><\/div>\n\n\n\n<div class=\"wp-block-pb-accordion-item c-accordion__item js-accordion-item no-js\" data-initially-open=\"false\" data-click-to-close=\"true\" data-auto-close=\"true\" data-scroll=\"false\" data-scroll-offset=\"0\"><h3 id=\"at-167836\" class=\"c-accordion__title js-accordion-controller\" role=\"button\" id=\"korrektive-vergewaltigung\">Korrektive Vergewaltigung<\/h3><div id=\"ac-167836\" class=\"c-accordion__content\">\n<p>Bei diesem Gewaltverbrechen wird eine Person vergewaltigt, weil ihre sexuelle Orientierung als abweichend wahrgenommen wird. Mit solchen Taten soll die vergewaltigte Person zu Hetero-Sexualit\u00e4t gezwungen werden.<\/p>\n<\/div><\/div>\n\n\n\n<div class=\"wp-block-pb-accordion-item c-accordion__item js-accordion-item no-js\" data-initially-open=\"false\" data-click-to-close=\"true\" data-auto-close=\"true\" data-scroll=\"false\" data-scroll-offset=\"0\"><h3 id=\"at-167837\" class=\"c-accordion__title js-accordion-controller\" role=\"button\" id=\"lesbe\">Lesbe<\/h3><div id=\"ac-167837\" class=\"c-accordion__content\">\n<p>Frauen, trans und nicht-bin\u00e4re Personen, die sich sexuell und roman\u00adtisch zu Frauen hingezogen f\u00fcheln.<\/p>\n<\/div><\/div>\n\n\n\n<div class=\"wp-block-pb-accordion-item c-accordion__item js-accordion-item no-js\" data-initially-open=\"false\" data-click-to-close=\"true\" data-auto-close=\"true\" data-scroll=\"false\" data-scroll-offset=\"0\"><h3 id=\"at-167838\" class=\"c-accordion__title js-accordion-controller\" role=\"button\" id=\"lgbtqia\">LGBTQIA+<\/h3><div id=\"ac-167838\" class=\"c-accordion__content\">\n<p>Abk\u00fcrzung f\u00fcr lesbisch, gay (schwul), bisexuell, trans, queer, inter und asexuell. Das Pluszeichen am Ende zeigt, dass diese Auflistung nicht abschliessend ist.<\/p>\n<\/div><\/div>\n\n\n\n<div class=\"wp-block-pb-accordion-item c-accordion__item js-accordion-item no-js\" data-initially-open=\"false\" data-click-to-close=\"true\" data-auto-close=\"true\" data-scroll=\"false\" data-scroll-offset=\"0\"><h3 id=\"at-167839\" class=\"c-accordion__title js-accordion-controller\" role=\"button\" id=\"lobola-lobolo\">Lobola\/Lobolo<\/h3><div id=\"ac-167839\" class=\"c-accordion__content\">\n<p>Lobola ist eine Heiratstradition, in der die Familie des Br\u00e4utigams verschiedene G\u00fcter \u00fcbergibt, um eine Ehe verbindlich zu machen. Fr\u00fcher wurde oft Vieh angeboten, heute wird Geld bevorzugt.<\/p>\n<\/div><\/div>\n\n\n\n<div class=\"wp-block-pb-accordion-item c-accordion__item js-accordion-item no-js\" data-initially-open=\"false\" data-click-to-close=\"true\" data-auto-close=\"true\" data-scroll=\"false\" data-scroll-offset=\"0\"><h3 id=\"at-167840\" class=\"c-accordion__title js-accordion-controller\" role=\"button\" id=\"marginalisierung\">Marginalisierung<\/h3><div id=\"ac-167840\" class=\"c-accordion__content\">\n<p>Verdr\u00e4ngung von Individuen oder Gruppen an den Rand der Gesellschaft. Die Marginalisierung kann auf verschiedenen Ebenen erfolgen: Sie kann geografisch, wirtschaftlich, sozial oder kulturell sein. Meist spielt sie sich auf mehreren Ebenen ab.<\/p>\n<\/div><\/div>\n\n\n\n<div class=\"wp-block-pb-accordion-item c-accordion__item js-accordion-item no-js\" data-initially-open=\"false\" data-click-to-close=\"true\" data-auto-close=\"true\" data-scroll=\"false\" data-scroll-offset=\"0\"><h3 id=\"at-167841\" class=\"c-accordion__title js-accordion-controller\" role=\"button\" id=\"mysogynie\">Mysogynie<\/h3><div id=\"ac-167841\" class=\"c-accordion__content\">\n<p>Der Begriff bedeutet Frauenfeindlichkeit. Er ist mit einer hierarchischen Vorstellung der Geschlechter verbunden, die Frauen weniger Wert bei\u00admisst als M\u00e4nnern.<\/p>\n<\/div><\/div>\n\n\n\n<div class=\"wp-block-pb-accordion-item c-accordion__item js-accordion-item no-js\" data-initially-open=\"false\" data-click-to-close=\"true\" data-auto-close=\"true\" data-scroll=\"false\" data-scroll-offset=\"0\"><h3 id=\"at-167842\" class=\"c-accordion__title js-accordion-controller\" role=\"button\" id=\"msm\">MSM<\/h3><div id=\"ac-167842\" class=\"c-accordion__content\">\n<p>Abk\u00fcrzung f\u00fcr M\u00e4nner, die Sex mit M\u00e4nnern haben. MSM k\u00f6nnen schwul, queer, bisexuell oder hetero sein.<\/p>\n<\/div><\/div>\n\n\n\n<div class=\"wp-block-pb-accordion-item c-accordion__item js-accordion-item no-js\" data-initially-open=\"false\" data-click-to-close=\"true\" data-auto-close=\"true\" data-scroll=\"false\" data-scroll-offset=\"0\"><h3 id=\"at-167843\" class=\"c-accordion__title js-accordion-controller\" role=\"button\" id=\"necklacing\">Necklacing<\/h3><div id=\"ac-167843\" class=\"c-accordion__content\">\n<p>Eine Foltermethode, die auch zur Selbstjustiz genutzt wird. Dabei wird einer Person ein brennender Reifen um den Hals gelegt. W\u00e4hrend der Apartheid wurde diese Foltermethode manchmal innerhalb Schwarzer Communities angewendet, um diejenigen zu bestrafen, die der Kollabora\u00adtion mit dem Apartheid-Regime bezichtigt wurden.<\/p>\n<\/div><\/div>\n\n\n\n<div class=\"wp-block-pb-accordion-item c-accordion__item js-accordion-item no-js\" data-initially-open=\"false\" data-click-to-close=\"true\" data-auto-close=\"true\" data-scroll=\"false\" data-scroll-offset=\"0\"><h3 id=\"at-167844\" class=\"c-accordion__title js-accordion-controller\" role=\"button\" id=\"nicht-sichtbare-behinderung\">Nicht-sichtbare Behinderung<\/h3><div id=\"ac-167844\" class=\"c-accordion__content\">\n<p>Es gibt viele verschiedene Arten nicht sichtbarer Behinderungen, z.B.: psychische Erkrankungen oder chronische Krankheiten. Sie \u00e4ussern sich nicht in sichtbaren Merkmalen.<\/p>\n<\/div><\/div>\n\n\n\n<div class=\"wp-block-pb-accordion-item c-accordion__item js-accordion-item no-js\" data-initially-open=\"false\" data-click-to-close=\"true\" data-auto-close=\"true\" data-scroll=\"false\" data-scroll-offset=\"0\"><h3 id=\"at-167845\" class=\"c-accordion__title js-accordion-controller\" role=\"button\" id=\"non-binaer-nicht-binaer\">Non-bin\u00e4r \/ nicht-bin\u00e4r<\/h3><div id=\"ac-167845\" class=\"c-accordion__content\">\n<p>Nicht-bin\u00e4r ist ein Sam\u00admelbegriff f\u00fcr Menschen, die sich weder als Mann noch Frau sehen. <\/p>\n<\/div><\/div>\n\n\n\n<div class=\"wp-block-pb-accordion-item c-accordion__item js-accordion-item no-js\" data-initially-open=\"false\" data-click-to-close=\"true\" data-auto-close=\"true\" data-scroll=\"false\" data-scroll-offset=\"0\"><h3 id=\"at-167846\" class=\"c-accordion__title js-accordion-controller\" role=\"button\" id=\"othering\">Othering<\/h3><div id=\"ac-167846\" class=\"c-accordion__content\">\n<p>Von Othering spricht man, wenn eine Gruppe oder eine Person sich von einer anderen Gruppe abgrenzt. Dies geschieht, indem die andere Gruppe als fremd beschrieben wird. Normalerweise ist damit ein Machtgef\u00e4lle verbunden: Die als anders Beschriebenen werden ausgegrenzt.<\/p>\n<\/div><\/div>\n\n\n\n<div class=\"wp-block-pb-accordion-item c-accordion__item js-accordion-item no-js\" data-initially-open=\"false\" data-click-to-close=\"true\" data-auto-close=\"true\" data-scroll=\"false\" data-scroll-offset=\"0\"><h3 id=\"at-167847\" class=\"c-accordion__title js-accordion-controller\" role=\"button\" id=\"outen\">Outen<\/h3><div id=\"ac-167847\" class=\"c-accordion__content\">\n<p>Outen bedeutet die sexuelle Orientierung oder Gender-Identit\u00e4t einer Person ohne deren Zustimmung \u00f6ffentlich zu machen. Das Coming-Out gilt auch als outen, erfolgt jedoch durch die Person selbst.<\/p>\n<\/div><\/div>\n\n\n\n<div class=\"wp-block-pb-accordion-item c-accordion__item js-accordion-item no-js\" data-initially-open=\"false\" data-click-to-close=\"true\" data-auto-close=\"true\" data-scroll=\"false\" data-scroll-offset=\"0\"><h3 id=\"at-167848\" class=\"c-accordion__title js-accordion-controller\" role=\"button\" id=\"pansexuell\">Pansexuell<\/h3><div id=\"ac-167848\" class=\"c-accordion__content\">\n<p>Pansexuelle Person f\u00fchlen sich sexuell und romantisch  <br>zu verschiedenen Geschlechtern und Gender-Identit\u00e4ten hingezogen.<\/p>\n<\/div><\/div>\n\n\n\n<div class=\"wp-block-pb-accordion-item c-accordion__item js-accordion-item no-js\" data-initially-open=\"false\" data-click-to-close=\"true\" data-auto-close=\"true\" data-scroll=\"false\" data-scroll-offset=\"0\"><h3 id=\"at-167849\" class=\"c-accordion__title js-accordion-controller\" role=\"button\" id=\"passbuch-reference-book-dompas\">Passbuch (Reference Book) \/ Dompas<\/h3><div id=\"ac-167849\" class=\"c-accordion__content\">\n<p>Im Apartheid-Regime musste alle nicht-weissen Menschen einen speziellen Pass auf sicht tragen. Dieses Pass-Buch bestand aus einem Ausweis mit Por\u00adtr\u00e4t-Bild und Informationen wie Name, Rassifizierungskategorie, Ausstel\u00adlungsdatum und einer amtlichen Unterschrift. F\u00fcnf weitere Abschnitte enthielten Zutrittsbeschr\u00e4nkungen zu bestimmten Stadtgebieten, Nachweise medizinischer Pflicht-Unter\u00adsuchungen, Informationen zu Arbeitgebenden und Steuerzahlungsnachweise. Dieser Pass wurde um\u00adgangssprachlich Dompas genannt. Das ist Afrikaans und bdeutet \u00abdummer Pass\u00bb.<\/p>\n<\/div><\/div>\n\n\n\n<div class=\"wp-block-pb-accordion-item c-accordion__item js-accordion-item no-js\" data-initially-open=\"false\" data-click-to-close=\"true\" data-auto-close=\"true\" data-scroll=\"false\" data-scroll-offset=\"0\"><h3 id=\"at-167850\" class=\"c-accordion__title js-accordion-controller\" role=\"button\" id=\"patriarchat\">Patriarchat<\/h3><div id=\"ac-167850\" class=\"c-accordion__content\">\n<p>Beschreibt eine Gesellschafts- bzw. Herrschaftsform, die M\u00e4nner \u00fcber Frauen und alle anderen Geschlechter stellt.<\/p>\n<\/div><\/div>\n\n\n\n<div class=\"wp-block-pb-accordion-item c-accordion__item js-accordion-item no-js\" data-initially-open=\"false\" data-click-to-close=\"true\" data-auto-close=\"true\" data-scroll=\"false\" data-scroll-offset=\"0\"><h3 id=\"at-167851\" class=\"c-accordion__title js-accordion-controller\" role=\"button\" id=\"people-of-colour\">People of Colour<\/h3><div id=\"ac-167851\" class=\"c-accordion__content\">\n<p>People of Colour\/POC umfasst alle Menschen, die nicht-weiss sind.<\/p>\n<\/div><\/div>\n\n\n\n<div class=\"wp-block-pb-accordion-item c-accordion__item js-accordion-item no-js\" data-initially-open=\"false\" data-click-to-close=\"true\" data-auto-close=\"true\" data-scroll=\"false\" data-scroll-offset=\"0\"><h3 id=\"at-167852\" class=\"c-accordion__title js-accordion-controller\" role=\"button\" id=\"pink-washing\">Pink-Washing<\/h3><div id=\"ac-167852\" class=\"c-accordion__content\">\n<p>Pink-Washing bedeutet, dass die LGBTQIA+-Bewegung f\u00fcr politische oder kommerzielle Zwecke missbraucht wird. So geben sich beispielsweise Unternehmen als queer-freundlich aus, um bei fortschrittlichen Teilen der Gesellschaft beliebt zu werben. Manchmal verdecken sie damit gleichzeitig ihr ausgrenzendes und gewalt\u00advolles Handeln.<\/p>\n<\/div><\/div>\n<\/div>\n\n\n\n<div class=\"wp-block-column is-layout-flow wp-block-column-is-layout-flow\">\n<div class=\"wp-block-pb-accordion-item c-accordion__item js-accordion-item no-js\" data-initially-open=\"false\" data-click-to-close=\"true\" data-auto-close=\"true\" data-scroll=\"false\" data-scroll-offset=\"0\"><h3 id=\"at-167853\" class=\"c-accordion__title js-accordion-controller\" role=\"button\" id=\"pronomen\">Pronomen<\/h3><div id=\"ac-167853\" class=\"c-accordion__content\">\n<p>Dieser Begriff aus der Grammatik bezeichnet Worte, die auf ein Hauptwort verweisen. Pronomen im Deutschen sind beispielsweise er oder sie, ihm oder ihr.<\/p>\n<\/div><\/div>\n\n\n\n<div class=\"wp-block-pb-accordion-item c-accordion__item js-accordion-item no-js\" data-initially-open=\"false\" data-click-to-close=\"true\" data-auto-close=\"true\" data-scroll=\"false\" data-scroll-offset=\"0\"><h3 id=\"at-167854\" class=\"c-accordion__title js-accordion-controller\" role=\"button\" id=\"qtipoc\">QTIPOC<\/h3><div id=\"ac-167854\" class=\"c-accordion__content\">\n<p>Abk\u00fcrzung f\u00fcr queer, trans, inter und People of Colour.<\/p>\n<\/div><\/div>\n\n\n\n<div class=\"wp-block-pb-accordion-item c-accordion__item js-accordion-item no-js\" data-initially-open=\"false\" data-click-to-close=\"true\" data-auto-close=\"true\" data-scroll=\"false\" data-scroll-offset=\"0\"><h3 id=\"at-167855\" class=\"c-accordion__title js-accordion-controller\" role=\"button\" id=\"queer\">Queer<\/h3><div id=\"ac-167855\" class=\"c-accordion__content\">\n<p>Queer ist ein Sammelbegriff f\u00fcr Menschen, die Aufteilung der Menschen in Mann und Frau ablehnen. <\/p>\n<\/div><\/div>\n\n\n\n<div class=\"wp-block-pb-accordion-item c-accordion__item js-accordion-item no-js\" data-initially-open=\"false\" data-click-to-close=\"true\" data-auto-close=\"true\" data-scroll=\"false\" data-scroll-offset=\"0\"><h3 id=\"at-167856\" class=\"c-accordion__title js-accordion-controller\" role=\"button\" id=\"race\">Race<\/h3><div id=\"ac-167856\" class=\"c-accordion__content\">\n<p>Race ist das engliche Wort f\u00fcr Rasse. Rasse ist jedoch durch die Geschichte negativ besetzt. Race ist ein System, in dem Menschen anhand k\u00f6rperlicher Merkmale (z.B. Hautfarbe) in Gruppen eingeteilt werden. Dabei handelt es sich um eine Konstruktion, die wissenschaftlich \u00fcberholt ist.<\/p>\n<\/div><\/div>\n\n\n\n<div class=\"wp-block-pb-accordion-item c-accordion__item js-accordion-item no-js\" data-initially-open=\"false\" data-click-to-close=\"true\" data-auto-close=\"true\" data-scroll=\"false\" data-scroll-offset=\"0\"><h3 id=\"at-167857\" class=\"c-accordion__title js-accordion-controller\" role=\"button\" id=\"racial-profiling\">Racial Profiling<\/h3><div id=\"ac-167857\" class=\"c-accordion__content\">\n<p>Racial Profiling bezeichnent unfaire Kontrollen durch die Polizei oder den Grenzschutz. Racial Profiling richtet sich gegen Personen, die aufgrund ihrer Hautfarbe, Kultur order Religion als verd\u00e4chtig wahrgenommen werden.<\/p>\n<\/div><\/div>\n\n\n\n<div class=\"wp-block-pb-accordion-item c-accordion__item js-accordion-item no-js\" data-initially-open=\"false\" data-click-to-close=\"true\" data-auto-close=\"true\" data-scroll=\"false\" data-scroll-offset=\"0\"><h3 id=\"at-167858\" class=\"c-accordion__title js-accordion-controller\" role=\"button\" id=\"rassifizierung\">Rassifizierung<\/h3><div id=\"ac-167858\" class=\"c-accordion__content\">\n<p>System, in dem Menschen nach rassistischen Merk\u00admalen (Aussehen, Lebensform etc.) eingeteilt werden.<\/p>\n<\/div><\/div>\n\n\n\n<div class=\"wp-block-pb-accordion-item c-accordion__item js-accordion-item no-js\" data-initially-open=\"false\" data-click-to-close=\"true\" data-auto-close=\"true\" data-scroll=\"false\" data-scroll-offset=\"0\"><h3 id=\"at-167859\" class=\"c-accordion__title js-accordion-controller\" role=\"button\" id=\"safe-space\">Safe Space<\/h3><div id=\"ac-167859\" class=\"c-accordion__content\">\n<p>Ein Ort, an dem sich alle Menschen ohne Angst vor Angriffen oder Diskri\u00adminierung frei ausdr\u00fccken k\u00f6nnen.<\/p>\n<\/div><\/div>\n\n\n\n<div class=\"wp-block-pb-accordion-item c-accordion__item js-accordion-item no-js\" data-initially-open=\"false\" data-click-to-close=\"true\" data-auto-close=\"true\" data-scroll=\"false\" data-scroll-offset=\"0\"><h3 id=\"at-167860\" class=\"c-accordion__title js-accordion-controller\" role=\"button\" id=\"sangoma\">Sangoma<\/h3><div id=\"ac-167860\" class=\"c-accordion__content\">\n<p>Sangoma ist eine Tradition s\u00fcdafrikanischer Heiler:innen. Die Heiler:innen heilen k\u00f6rperliche und seelische Leiden, indem sie in die Vergan\u00adgenheit und Zukunft von Personen schauen und sie mit ihren Ahn:innen verbinden. <\/p>\n<\/div><\/div>\n\n\n\n<div class=\"wp-block-pb-accordion-item c-accordion__item js-accordion-item no-js\" data-initially-open=\"false\" data-click-to-close=\"true\" data-auto-close=\"true\" data-scroll=\"false\" data-scroll-offset=\"0\"><h3 id=\"at-167861\" class=\"c-accordion__title js-accordion-controller\" role=\"button\" id=\"schwarz\">Schwarz<\/h3><div id=\"ac-167861\" class=\"c-accordion__content\">\n<p>Schwarz wird verwendet, um die kulturelle Zugeh\u00f6rigkeit zur afrikanischen Kultur zu beschreiben. Schwarz wird immer grossge\u00adschrieben, um zu zeigen, dass es sich um einen politischen Begriff und eine Selbst-Bezeichnung handelt.<\/p>\n<\/div><\/div>\n\n\n\n<div class=\"wp-block-pb-accordion-item c-accordion__item js-accordion-item no-js\" data-initially-open=\"false\" data-click-to-close=\"true\" data-auto-close=\"true\" data-scroll=\"false\" data-scroll-offset=\"0\"><h3 id=\"at-167862\" class=\"c-accordion__title js-accordion-controller\" role=\"button\" id=\"schwarzer-lesbischer-feminismus\">Schwarzer lesbischer Feminismus<\/h3><div id=\"ac-167862\" class=\"c-accordion__content\">\n<p>Eine politische Bewegung, welche die Kategorien Rassismus, Geschlecht, Klasse, sexuelle Orientierung und ihre Verwobenheit politischen thematisiert.<\/p>\n<\/div><\/div>\n\n\n\n<div class=\"wp-block-pb-accordion-item c-accordion__item js-accordion-item no-js\" data-initially-open=\"false\" data-click-to-close=\"true\" data-auto-close=\"true\" data-scroll=\"false\" data-scroll-offset=\"0\"><h3 id=\"at-167863\" class=\"c-accordion__title js-accordion-controller\" role=\"button\" id=\"schwul\">Schwul<\/h3><div id=\"ac-167863\" class=\"c-accordion__content\">\n<p>Als schwul bezeichnen sich M\u00e4nner, trans oder nicht-bin\u00e4re Personen, die sich romantisch oder sexuell zu M\u00e4nnern hingezogen f\u00fchlen.<\/p>\n<\/div><\/div>\n\n\n\n<div class=\"wp-block-pb-accordion-item c-accordion__item js-accordion-item no-js\" data-initially-open=\"false\" data-click-to-close=\"true\" data-auto-close=\"true\" data-scroll=\"false\" data-scroll-offset=\"0\"><h3 id=\"at-167864\" class=\"c-accordion__title js-accordion-controller\" role=\"button\" id=\"slurs\">Slurs<\/h3><div id=\"ac-167864\" class=\"c-accordion__content\">\n<p>W\u00f6rter, durch die ganze Gruppen pauschal abgewertet werden, beispielsweise <s>Zigeuner<\/s> oder <s>Eskimo<\/s>.<\/p>\n<\/div><\/div>\n\n\n\n<div class=\"wp-block-pb-accordion-item c-accordion__item js-accordion-item no-js\" data-initially-open=\"false\" data-click-to-close=\"true\" data-auto-close=\"true\" data-scroll=\"false\" data-scroll-offset=\"0\"><h3 id=\"at-167865\" class=\"c-accordion__title js-accordion-controller\" role=\"button\" id=\"taub\">Taub<\/h3><div id=\"ac-167865\" class=\"c-accordion__content\">\n<p>Taub ist eine positive Selbstbezeichnung nicht h\u00f6render Menschen. Dabei spielt es keine Rolle, ob sie taub, resth\u00f6rig oder schwerh\u00f6rig sind. Damit wird auch gezeigt, dass Taubheit nicht als Magel angesehen wird.<\/p>\n<\/div><\/div>\n\n\n\n<div class=\"wp-block-pb-accordion-item c-accordion__item js-accordion-item no-js\" data-initially-open=\"false\" data-click-to-close=\"true\" data-auto-close=\"true\" data-scroll=\"false\" data-scroll-offset=\"0\"><h3 id=\"at-167866\" class=\"c-accordion__title js-accordion-controller\" role=\"button\" id=\"transgender-trans\">Transgender \/ trans<\/h3><div id=\"ac-167866\" class=\"c-accordion__content\">\n<p>Trans bezeichnet Menschen, deren Geschlecht nicht dem entspricht, das ihnen bei der Geburt zugewiesen wurde. Manche trans Menschen identifizieren sich als Mann oder Frau, andere nicht.<\/p>\n<\/div><\/div>\n\n\n\n<div class=\"wp-block-pb-accordion-item c-accordion__item js-accordion-item no-js\" data-initially-open=\"false\" data-click-to-close=\"true\" data-auto-close=\"true\" data-scroll=\"false\" data-scroll-offset=\"0\"><h3 id=\"at-167867\" class=\"c-accordion__title js-accordion-controller\" role=\"button\" id=\"transition-geschlechtsangleichung\">Transition \/ <br>Geschlechtsangleichung<\/h3><div id=\"ac-167867\" class=\"c-accordion__content\">\n<p>Transition bezeichnet eine Geschlechtsumwandlung. Dabei nimmt eine trans Person das Geschlecht an, in dem sie leben m\u00f6chte. Manche w\u00e4hlen daf\u00fcr Operationen oder Hormon-Therapien, aber nicht alle trans Menschen wollen diesen Weg gehen. <br>Transition kann auch bedeuten, Familie und Freund:innen davon zu erz\u00e4hlen, sich anders anzuziehen, andere Pronomen zu verwenden und pers\u00f6nliche Dokumente \u00e4ndern zu lassen.<\/p>\n<\/div><\/div>\n\n\n\n<div class=\"wp-block-pb-accordion-item c-accordion__item js-accordion-item no-js\" data-initially-open=\"false\" data-click-to-close=\"true\" data-auto-close=\"true\" data-scroll=\"false\" data-scroll-offset=\"0\"><h3 id=\"at-167868\" class=\"c-accordion__title js-accordion-controller\" role=\"button\" id=\"transmisogynie\">Transmisogynie<\/h3><div id=\"ac-167868\" class=\"c-accordion__content\">\n<p>Wenn Trans-Feindlichkeit und Frauen-Feindlichkeit (Misogynie) aufeinander treffen, entsteht Trans-Misogynie. Trans-Misogynie beschreibt negative Einstellungen und Hass gegen\u00fcber trans Menschen, die weiblich gelesen werden.<\/p>\n<\/div><\/div>\n\n\n\n<div class=\"wp-block-pb-accordion-item c-accordion__item js-accordion-item no-js\" data-initially-open=\"false\" data-click-to-close=\"true\" data-auto-close=\"true\" data-scroll=\"false\" data-scroll-offset=\"0\"><h3 id=\"at-167869\" class=\"c-accordion__title js-accordion-controller\" role=\"button\" id=\"transmisogynoir\">Transmisogynoir<\/h3><div id=\"ac-167869\" class=\"c-accordion__content\">\n<p>Wenn Trans-Misogynie und Rassismus aufeinander treffen, entsteht Trans-Misogy-Noir. Der Be\u00adgriff bedeutet, dass eine Schwarze trans Frau eine andere Art von Sexis\u00admus erlebt als weisse Frauen: Der Sexismus ist zus\u00e4tzlich von Rassismus und Trans-Feindlichkeit gepr\u00e4gt ist.<\/p>\n<\/div><\/div>\n\n\n\n<div class=\"wp-block-pb-accordion-item c-accordion__item js-accordion-item no-js\" data-initially-open=\"false\" data-click-to-close=\"true\" data-auto-close=\"true\" data-scroll=\"false\" data-scroll-offset=\"0\"><h3 id=\"at-167870\" class=\"c-accordion__title js-accordion-controller\" role=\"button\" id=\"transfeindlichkeit\">Transfeindlichkeit<\/h3><div id=\"ac-167870\" class=\"c-accordion__content\">\n<p>Ablehnung und Feindlichkeit gegen\u00fcber trans Personen.<\/p>\n<\/div><\/div>\n\n\n\n<div class=\"wp-block-pb-accordion-item c-accordion__item js-accordion-item no-js\" data-initially-open=\"false\" data-click-to-close=\"true\" data-auto-close=\"true\" data-scroll=\"false\" data-scroll-offset=\"0\"><h3 id=\"at-167871\" class=\"c-accordion__title js-accordion-controller\" role=\"button\" id=\"weisse-vorherrschaft\">Weisse Vorherrschaft<\/h3><div id=\"ac-167871\" class=\"c-accordion__content\">\n<p>In dieser rassistischen Ideologie werden \u00abweisse\u00bb Menschen \u00fcber alle anderen Menschen und Kulturen gestellt.<\/p>\n<\/div><\/div>\n\n\n\n<div class=\"wp-block-pb-accordion-item c-accordion__item js-accordion-item no-js\" data-initially-open=\"false\" data-click-to-close=\"true\" data-auto-close=\"true\" data-scroll=\"false\" data-scroll-offset=\"0\"><h3 id=\"at-167872\" class=\"c-accordion__title js-accordion-controller\" role=\"button\" id=\"woke\">Woke<\/h3><div id=\"ac-167872\" class=\"c-accordion__content\">\n<p>Der Begriff stammt aus den 1930er-Jahren. Woke bedeutet politisch \u00abwach\u00bb und engagiert gegen jede Form von Ausgrenzung. Unterdessen wird Woke vor allem von politisch rechts stehenden Kreisen abwertend verwendet.<\/p>\n<\/div><\/div>\n\n\n\n<div class=\"wp-block-pb-accordion-item c-accordion__item js-accordion-item no-js\" data-initially-open=\"false\" data-click-to-close=\"true\" data-auto-close=\"true\" data-scroll=\"false\" data-scroll-offset=\"0\"><h3 id=\"at-167873\" class=\"c-accordion__title js-accordion-controller\" role=\"button\" id=\"zulu\">Zulu<\/h3><div id=\"ac-167873\" class=\"c-accordion__content\">\n<p>Zulu ist eine Bev\u00f6lkerungsgruppe und Sprache im s\u00fcdlichen Afrika. Die Zulu geh\u00f6ren zur s\u00fcdlichen Bantu-Familie. Sie sind ethnisch, sprachlich und kulturell eng mit den Swazi und Xhosa verbunden. Etwa zehn Millionen Menschen in S\u00fcdafrika sind Zulu. Sie leben die haupts\u00e4chlich in der Gegend KwaZulu-Natal. Zulu sind die gr\u00f6sste Bev\u00f6lkerungsgruppe in S\u00fcdafrika.<\/p>\n<\/div><\/div>\n<\/div>\n<\/div>\n","protected":false},"excerpt":{"rendered":"<p>Die Sprache ist stark verkn\u00fcpft mit Denken und mit Identit\u00e4t. Die Sprache pr\u00e4gt, wie wir die Welt sehen und verstehen. Wollen wir die Sprache \u00e4ndern, m\u00fcssen wir unser Sprechen \u00e4ndern. Das heisst: Wir m\u00fcssen uns \u00e4ndern. Deshalb stossen sprachliche Neuerungen oft auf Ablehnung. Viele Ver\u00e4nderungen finden aber auch statt, ohne dass wir es merken. \u00abGebrauch: [&hellip;]<\/p>\n","protected":false},"author":2,"featured_media":0,"parent":0,"menu_order":0,"comment_status":"closed","ping_status":"closed","template":"","meta":{"_acf_changed":false,"footnotes":""},"tags":[],"class_list":["post-1678","page","type-page","status-publish","hentry"],"acf":[],"yoast_head":"<!-- This site is optimized with the Yoast SEO plugin v26.6 - https:\/\/yoast.com\/wordpress\/plugins\/seo\/ -->\n<title>Sprache - Divers | Kunstmuseum Luzern<\/title>\n<meta name=\"robots\" content=\"index, follow, max-snippet:-1, max-image-preview:large, max-video-preview:-1\" \/>\n<link rel=\"canonical\" href=\"https:\/\/www.divers2023.ch\/de-e-l\/sprache\/\" \/>\n<meta property=\"og:locale\" content=\"de_DE\" \/>\n<meta property=\"og:type\" content=\"article\" \/>\n<meta property=\"og:title\" content=\"Sprache - Divers | Kunstmuseum Luzern\" \/>\n<meta property=\"og:description\" content=\"Die Sprache ist stark verkn\u00fcpft mit Denken und mit Identit\u00e4t. Die Sprache pr\u00e4gt, wie wir die Welt sehen und verstehen. Wollen wir die Sprache \u00e4ndern, m\u00fcssen wir unser Sprechen \u00e4ndern. Das heisst: Wir m\u00fcssen uns \u00e4ndern. Deshalb stossen sprachliche Neuerungen oft auf Ablehnung. Viele Ver\u00e4nderungen finden aber auch statt, ohne dass wir es merken. \u00abGebrauch: [&hellip;]\" \/>\n<meta property=\"og:url\" content=\"https:\/\/www.divers2023.ch\/de-e-l\/sprache\/\" \/>\n<meta property=\"og:site_name\" content=\"Divers | Kunstmuseum Luzern\" \/>\n<meta property=\"article:modified_time\" content=\"2023-08-03T14:11:04+00:00\" \/>\n<meta name=\"twitter:card\" content=\"summary_large_image\" \/>\n<meta name=\"twitter:label1\" content=\"Est. reading time\" \/>\n\t<meta name=\"twitter:data1\" content=\"14 minutes\" \/>\n<script type=\"application\/ld+json\" class=\"yoast-schema-graph\">{\"@context\":\"https:\/\/schema.org\",\"@graph\":[{\"@type\":\"WebPage\",\"@id\":\"https:\/\/www.divers2023.ch\/de-e-l\/sprache\/\",\"url\":\"https:\/\/www.divers2023.ch\/de-e-l\/sprache\/\",\"name\":\"Sprache - Divers | Kunstmuseum Luzern\",\"isPartOf\":{\"@id\":\"https:\/\/www.divers2023.ch\/#website\"},\"datePublished\":\"2023-07-07T12:38:53+00:00\",\"dateModified\":\"2023-08-03T14:11:04+00:00\",\"breadcrumb\":{\"@id\":\"https:\/\/www.divers2023.ch\/de-e-l\/sprache\/#breadcrumb\"},\"inLanguage\":\"de-DE-leicht\",\"potentialAction\":[{\"@type\":\"ReadAction\",\"target\":[\"https:\/\/www.divers2023.ch\/de-e-l\/sprache\/\"]}]},{\"@type\":\"BreadcrumbList\",\"@id\":\"https:\/\/www.divers2023.ch\/de-e-l\/sprache\/#breadcrumb\",\"itemListElement\":[{\"@type\":\"ListItem\",\"position\":1,\"name\":\"Startseite\",\"item\":\"https:\/\/www.divers2023.ch\/de-e-l\/\"},{\"@type\":\"ListItem\",\"position\":2,\"name\":\"Sprache\"}]},{\"@type\":\"WebSite\",\"@id\":\"https:\/\/www.divers2023.ch\/#website\",\"url\":\"https:\/\/www.divers2023.ch\/\",\"name\":\"Divers | Kunstmuseum Luzern\",\"description\":\"Digitale Tour\",\"publisher\":{\"@id\":\"https:\/\/www.divers2023.ch\/#organization\"},\"potentialAction\":[{\"@type\":\"SearchAction\",\"target\":{\"@type\":\"EntryPoint\",\"urlTemplate\":\"https:\/\/www.divers2023.ch\/?s={search_term_string}\"},\"query-input\":{\"@type\":\"PropertyValueSpecification\",\"valueRequired\":true,\"valueName\":\"search_term_string\"}}],\"inLanguage\":\"de-DE-leicht\"},{\"@type\":\"Organization\",\"@id\":\"https:\/\/www.divers2023.ch\/#organization\",\"name\":\"Divers | Kunstmuseum Luzern\",\"url\":\"https:\/\/www.divers2023.ch\/\",\"logo\":{\"@type\":\"ImageObject\",\"inLanguage\":\"de-DE-leicht\",\"@id\":\"https:\/\/www.divers2023.ch\/#\/schema\/logo\/image\/\",\"url\":\"https:\/\/www.divers2023.ch\/wp-content\/uploads\/sites\/3\/2023\/05\/logo.svg\",\"contentUrl\":\"https:\/\/www.divers2023.ch\/wp-content\/uploads\/sites\/3\/2023\/05\/logo.svg\",\"width\":38,\"height\":64,\"caption\":\"Divers | Kunstmuseum Luzern\"},\"image\":{\"@id\":\"https:\/\/www.divers2023.ch\/#\/schema\/logo\/image\/\"}}]}<\/script>\n<!-- \/ Yoast SEO plugin. -->","yoast_head_json":{"title":"Sprache - Divers | Kunstmuseum Luzern","robots":{"index":"index","follow":"follow","max-snippet":"max-snippet:-1","max-image-preview":"max-image-preview:large","max-video-preview":"max-video-preview:-1"},"canonical":"https:\/\/www.divers2023.ch\/de-e-l\/sprache\/","og_locale":"de_DE","og_type":"article","og_title":"Sprache - Divers | Kunstmuseum Luzern","og_description":"Die Sprache ist stark verkn\u00fcpft mit Denken und mit Identit\u00e4t. Die Sprache pr\u00e4gt, wie wir die Welt sehen und verstehen. Wollen wir die Sprache \u00e4ndern, m\u00fcssen wir unser Sprechen \u00e4ndern. Das heisst: Wir m\u00fcssen uns \u00e4ndern. Deshalb stossen sprachliche Neuerungen oft auf Ablehnung. Viele Ver\u00e4nderungen finden aber auch statt, ohne dass wir es merken. \u00abGebrauch: [&hellip;]","og_url":"https:\/\/www.divers2023.ch\/de-e-l\/sprache\/","og_site_name":"Divers | Kunstmuseum Luzern","article_modified_time":"2023-08-03T14:11:04+00:00","twitter_card":"summary_large_image","twitter_misc":{"Est. reading time":"14 minutes"},"schema":{"@context":"https:\/\/schema.org","@graph":[{"@type":"WebPage","@id":"https:\/\/www.divers2023.ch\/de-e-l\/sprache\/","url":"https:\/\/www.divers2023.ch\/de-e-l\/sprache\/","name":"Sprache - Divers | Kunstmuseum Luzern","isPartOf":{"@id":"https:\/\/www.divers2023.ch\/#website"},"datePublished":"2023-07-07T12:38:53+00:00","dateModified":"2023-08-03T14:11:04+00:00","breadcrumb":{"@id":"https:\/\/www.divers2023.ch\/de-e-l\/sprache\/#breadcrumb"},"inLanguage":"de-DE-leicht","potentialAction":[{"@type":"ReadAction","target":["https:\/\/www.divers2023.ch\/de-e-l\/sprache\/"]}]},{"@type":"BreadcrumbList","@id":"https:\/\/www.divers2023.ch\/de-e-l\/sprache\/#breadcrumb","itemListElement":[{"@type":"ListItem","position":1,"name":"Startseite","item":"https:\/\/www.divers2023.ch\/de-e-l\/"},{"@type":"ListItem","position":2,"name":"Sprache"}]},{"@type":"WebSite","@id":"https:\/\/www.divers2023.ch\/#website","url":"https:\/\/www.divers2023.ch\/","name":"Divers | Kunstmuseum Luzern","description":"Digitale Tour","publisher":{"@id":"https:\/\/www.divers2023.ch\/#organization"},"potentialAction":[{"@type":"SearchAction","target":{"@type":"EntryPoint","urlTemplate":"https:\/\/www.divers2023.ch\/?s={search_term_string}"},"query-input":{"@type":"PropertyValueSpecification","valueRequired":true,"valueName":"search_term_string"}}],"inLanguage":"de-DE-leicht"},{"@type":"Organization","@id":"https:\/\/www.divers2023.ch\/#organization","name":"Divers | Kunstmuseum Luzern","url":"https:\/\/www.divers2023.ch\/","logo":{"@type":"ImageObject","inLanguage":"de-DE-leicht","@id":"https:\/\/www.divers2023.ch\/#\/schema\/logo\/image\/","url":"https:\/\/www.divers2023.ch\/wp-content\/uploads\/sites\/3\/2023\/05\/logo.svg","contentUrl":"https:\/\/www.divers2023.ch\/wp-content\/uploads\/sites\/3\/2023\/05\/logo.svg","width":38,"height":64,"caption":"Divers | Kunstmuseum Luzern"},"image":{"@id":"https:\/\/www.divers2023.ch\/#\/schema\/logo\/image\/"}}]}},"_links":{"self":[{"href":"https:\/\/www.divers2023.ch\/de-e-l\/wp-json\/wp\/v2\/pages\/1678","targetHints":{"allow":["GET"]}}],"collection":[{"href":"https:\/\/www.divers2023.ch\/de-e-l\/wp-json\/wp\/v2\/pages"}],"about":[{"href":"https:\/\/www.divers2023.ch\/de-e-l\/wp-json\/wp\/v2\/types\/page"}],"author":[{"embeddable":true,"href":"https:\/\/www.divers2023.ch\/de-e-l\/wp-json\/wp\/v2\/users\/2"}],"replies":[{"embeddable":true,"href":"https:\/\/www.divers2023.ch\/de-e-l\/wp-json\/wp\/v2\/comments?post=1678"}],"version-history":[{"count":9,"href":"https:\/\/www.divers2023.ch\/de-e-l\/wp-json\/wp\/v2\/pages\/1678\/revisions"}],"predecessor-version":[{"id":1820,"href":"https:\/\/www.divers2023.ch\/de-e-l\/wp-json\/wp\/v2\/pages\/1678\/revisions\/1820"}],"wp:attachment":[{"href":"https:\/\/www.divers2023.ch\/de-e-l\/wp-json\/wp\/v2\/media?parent=1678"}],"wp:term":[{"taxonomy":"post_tag","embeddable":true,"href":"https:\/\/www.divers2023.ch\/de-e-l\/wp-json\/wp\/v2\/tags?post=1678"}],"curies":[{"name":"wp","href":"https:\/\/api.w.org\/{rel}","templated":true}]}}