{"id":1675,"date":"2023-07-07T14:38:53","date_gmt":"2023-07-07T12:38:53","guid":{"rendered":"https:\/\/www.divers2023.ch\/kulturelle-praegung\/"},"modified":"2023-08-23T18:44:10","modified_gmt":"2023-08-23T16:44:10","slug":"kulturelle-praegung","status":"publish","type":"page","link":"https:\/\/www.divers2023.ch\/de-e-l\/kulturelle-praegung\/","title":{"rendered":"Kulturelle Pr\u00e4gung"},"content":{"rendered":"\n<div class=\"dt_header-block alignfull\" style=\"background-color: #ffac54; color: #FFFFFF;\">\n  <h2 class=\"dt_header-block__title\">Zugeh\u00f6rigkeit\n<\/h2>\n\n  <div class=\"dt_header-block__content\">\n    <p>Woher wir kommen und woran wir glauben, beeinflusst, wie wir uns und die Welt sehen.<\/p>\n  <\/div>\n<\/div>\n\n\n<div class=\"wp-block-columns is-layout-flex wp-container-core-columns-is-layout-28f84493 wp-block-columns-is-layout-flex\">\n<div class=\"wp-block-column is-layout-flow wp-block-column-is-layout-flow\" style=\"flex-basis:33.33%\"><\/div>\n\n\n\n<div class=\"wp-block-column is-layout-flow wp-block-column-is-layout-flow\" style=\"flex-basis:66.66%\">\n<h2 class=\"wp-block-heading\" id=\"schicht-klasse-milieu\">Schicht, Klasse, Milieu<\/h2>\n<\/div>\n<\/div>\n\n\n\n<div class=\"wp-block-columns is-layout-flex wp-container-core-columns-is-layout-28f84493 wp-block-columns-is-layout-flex\">\n<div class=\"wp-block-column is-layout-flow wp-block-column-is-layout-flow\" style=\"flex-basis:33.33%\"><\/div>\n\n\n\n<div class=\"wp-block-column is-layout-flow wp-block-column-is-layout-flow\" style=\"flex-basis:66.66%\">\n<p>Die soziale Herkunft hat viele Namen: Schicht, Klasse, Milieu. Die Gene, die wir von den Eltern bekommen, sind unsere biologischen Herkunft. Aber auch unsere soziale Herkunft pr\u00e4gt unseren Lebensweg. Es macht einen Unterschied, ob wir im Arbeiterquartier oder in der Nobelvilla aufwachsen und welche Schulen wir besuchen. Geld und Bildung sind die Hauptfaktoren. Dabei gehen sie oft eine unheilvolle Verbindung ein: Knappe Finanzen bedeuten weniger Bildungsm\u00f6glichkeiten, ein geringeres Bildungsniveau hat meist einen tieferen Verdienst zur Folge. Je nach Gesellschaft sind Klassen oder Schichten unterschiedlich durchl\u00e4ssig. Gleiche Bildung f\u00fcr alle ist die Basis f\u00fcr den Abbau von Klassen-Unterschieden.<\/p>\n<\/div>\n<\/div>\n\n\n\n<div class=\"wp-block-columns is-layout-flex wp-container-core-columns-is-layout-28f84493 wp-block-columns-is-layout-flex\">\n<div class=\"wp-block-column is-layout-flow wp-block-column-is-layout-flow\" style=\"flex-basis:66.66%\">\n<h2 class=\"wp-block-heading\" id=\"klassen-gesellschaft\">Klassen-gesellschaft<\/h2>\n\n\n\n<p>Karl Marx (1818\u20131883) pr\u00e4gt im 19. Jahrhundert den Begriff der Klassen-Gesellschaft. Marx teilt die Gesellschaft in zwei Bereiche: Herrschende und ausgebeutete Klasse. Auf dieser Zweiteilung begr\u00fcndet Marx den Klassen-Kampf. Ein zentraler Aspekt seiner Untersuchung ist die Unterdr\u00fcckung der Farbrik-Arbeiter:innen in der Industrie.\u00a0<\/p>\n\n\n\n<p>Im Verlauf des 20. Jahrhunderts gibt es immer mehr Lebensstile. Der Klassen-Begriff verliert an Bedeutung. Das Pers\u00f6nliche tritt in den Vordergrund. Milieu oder soziale Schicht dienen neu als gesellschaftliche Begriffe.<\/p>\n<\/div>\n\n\n\n<div class=\"wp-block-column is-layout-flow wp-block-column-is-layout-flow\" style=\"flex-basis:33.33%\">\n<figure class=\"wp-block-image size-full\"><img loading=\"lazy\" decoding=\"async\" width=\"742\" height=\"940\" src=\"https:\/\/www.divers2023.ch\/wp-content\/uploads\/sites\/3\/2023\/06\/marx-wiki.jpg\" alt=\"\" class=\"wp-image-386\" srcset=\"https:\/\/www.divers2023.ch\/wp-content\/uploads\/sites\/3\/2023\/06\/marx-wiki.jpg 742w, https:\/\/www.divers2023.ch\/wp-content\/uploads\/sites\/3\/2023\/06\/marx-wiki-300x380.jpg 300w, https:\/\/www.divers2023.ch\/wp-content\/uploads\/sites\/3\/2023\/06\/marx-wiki-150x190.jpg 150w, https:\/\/www.divers2023.ch\/wp-content\/uploads\/sites\/3\/2023\/06\/marx-wiki-420x532.jpg 420w, https:\/\/www.divers2023.ch\/wp-content\/uploads\/sites\/3\/2023\/06\/marx-wiki-255x323.jpg 255w, https:\/\/www.divers2023.ch\/wp-content\/uploads\/sites\/3\/2023\/06\/marx-wiki-530x671.jpg 530w\" sizes=\"auto, (max-width: 742px) 100vw, 742px\" \/><figcaption class=\"wp-element-caption\">Karl Marx (1875), Foto: John Mayall jun., gemeinfrei: <a href=\"https:\/\/de.wikipedia.org\/wiki\/Karl_Marx#\/media\/Datei:Karl_Marx_001.jpg\" target=\"_blank\" rel=\"noreferrer noopener\">https:\/\/de.wikipedia.org\/wiki\/Karl_Marx#\/media\/Datei:Karl_Marx_001.jpg<\/a><\/figcaption><\/figure>\n<\/div>\n<\/div>\n\n\n\n<div class=\"wp-block-columns is-layout-flex wp-container-core-columns-is-layout-28f84493 wp-block-columns-is-layout-flex\">\n<div class=\"wp-block-column is-layout-flow wp-block-column-is-layout-flow\" style=\"flex-basis:25%\">\n<h2 class=\"wp-block-heading\" id=\"die-feinen-unterschiede\">Die feinen unterschiede<\/h2>\n<\/div>\n\n\n\n<div class=\"wp-block-column is-layout-flow wp-block-column-is-layout-flow\" style=\"flex-basis:50%\">\n<p>Marx&#8217; Verst\u00e4ndnis von Klasse bezieht sich vor allem auf wirtschaftliche Verh\u00e4ltnisse. Der franz\u00f6sische Soziologe Pierre Bourdieu (1930\u20132002) bezieht zus\u00e4tzlich kulturelle und soziale Verh\u00e4ltnisse mit ein. Pierre Bourdieu  pr\u00e4gt daf\u00fcr den Begriff \u00abHabitus\u00bb. Habitus umfasst das gesamte Auftreten einer Person: Lebensstil, Sprache, Kleidung und Geschmack.<\/p>\n\n\n\n<p>Der Habitus ist nicht angeboren, sondern wird erlernt. Habitus kann sich im Laufe des Lebens durch Bildung, Erfahrungen etc. ver\u00e4ndern.<\/p>\n<\/div>\n\n\n\n<div class=\"wp-block-column is-layout-flow wp-block-column-is-layout-flow\" style=\"flex-basis:25%\"><\/div>\n<\/div>\n\n\n\n<div class=\"wp-block-group alignfull is-layout-flow wp-block-group-is-layout-flow\">\n<blockquote class=\"wp-block-quote has-text-align-center is-style-plain has-white-color has-text-color has-background has-large-font-size is-layout-flow wp-block-quote-is-layout-flow\" style=\"background-color:#ce94f7\">\n<p class=\"has-white-color has-text-color\">\u00abSage mir, mit wem du umgehst, so sage ich dir, wer du bist; weiss ich, womit du dich besch\u00e4ftigst, so weiss ich, was aus dir werden kann.\u00bb<\/p>\n<cite>Johann Wolfgang von Goethe<\/cite><\/blockquote>\n<\/div>\n\n\n\n<div class=\"wp-block-columns is-layout-flex wp-container-core-columns-is-layout-28f84493 wp-block-columns-is-layout-flex\">\n<div class=\"wp-block-column is-layout-flow wp-block-column-is-layout-flow\" style=\"flex-basis:66.66%\">\n<p>Die soziale Herkunft ist eng mit der finanziellen Lage verbunden. Daher ist die soziale Herkunft oft an bestimmte Wohnformen und Stadtteile gekn\u00fcpft. Extreme Beispiele daf\u00fcr sind Slums oder Favelas im Kontrast zu reichen Villenvierteln und Gated Communities.<\/p>\n<\/div>\n\n\n\n<div class=\"wp-block-column is-layout-flow wp-block-column-is-layout-flow\" style=\"flex-basis:33.33%\"><\/div>\n<\/div>\n\n\n\n<h2 class=\"wp-block-heading\" id=\"township\">Township<\/h2>\n\n\n\n<div class=\"wp-block-columns is-layout-flex wp-container-core-columns-is-layout-28f84493 wp-block-columns-is-layout-flex\">\n<div class=\"wp-block-column is-layout-flow wp-block-column-is-layout-flow\">\n<p>W\u00e4hrend der Zeit der Apartheid (1948\u20131994) werden in S\u00fcdafrika die Bev\u00f6lkerungsgruppen nach Hautfarbe getrennt. Nicht-weisse Menschen werden in sogenannten Townships angesiedelt. Zwischen weissen und nicht-weissen Vierteln werden Pufferzonen eingerichtet. Die grosse Dichte an Menschen, mangelnde sanit\u00e4re Anlagen und einfachste H\u00e4user f\u00fchren in den Townships teilweise zu Slum-artigen Verh\u00e4ltnissen. <\/p>\n\n\n\n<p>Nach der Demokratisierung werden in S\u00fcdafrika st\u00e4dtebauliche Massnahmen gegen Armut getroffen. Die st\u00e4ndig wachsende Einwohnerzahl in den Townships ist aber auch heute noch eines der gr\u00f6ssten Probleme des Landes. <\/p>\n<\/div>\n\n\n\n<div class=\"wp-block-column is-layout-flow wp-block-column-is-layout-flow\">\n<p>Zanele Muholi stammt aus dem Township Umlazi, Durban. Es handelt sich um das viertgr\u00f6sste Township S\u00fcdafrikas. Das Township Umlazi wird 1950 im Homeland KwaZulu errichtet. <\/p>\n\n\n\n<p><strong>Dokumentation von Zwangsumsiedlungen im Rahmen der Apartheid-Gesetzgebung in Durban 1986 durch Deseni Soobben:<\/strong> <br>Von den 1960er-Jahren bis in die 1980er-Jahre wurden mehr als 3.5 Millionen S\u00fcdafrikaner:innen zwangsumgesiedelt. <\/p>\n\n\n\n<p>Soobben war Fotograf:in beim Foto-Kollektiv Afrapix, das 1982 in S\u00fcdafrika gegr\u00fcndet wurde. Afrapix ermutigte seine Mitglieder, Fotografie als eine Form des Aktivismus zu nutzen. Solche Bilder stelle Afraprix Menschen im Ausland zur Verf\u00fcgung, die den Kampf gegen die Anti-Apartheid unterst\u00fctzen.<\/p>\n<\/div>\n<\/div>\n\n\n\n  <div class=\"dt_slider-block alignwide\">\n  <div class=\"swiper\">\n    <div class=\"swiper-wrapper\">\n\n            <div class=\"swiper-slide\">\n                <a href=\"https:\/\/www.divers2023.ch\/wp-content\/uploads\/sites\/3\/2023\/07\/muholi-township-1.jpg\" data-fancybox=\"gallery-69f10a9f02f6f\" data-caption=\"\">\n          <img loading=\"lazy\" decoding=\"async\" width=\"1376\" height=\"940\" src=\"https:\/\/www.divers2023.ch\/wp-content\/uploads\/sites\/3\/2023\/07\/muholi-township-1.jpg\" class=\"no-lazyload\" alt=\"\" srcset=\"https:\/\/www.divers2023.ch\/wp-content\/uploads\/sites\/3\/2023\/07\/muholi-township-1.jpg 1376w, https:\/\/www.divers2023.ch\/wp-content\/uploads\/sites\/3\/2023\/07\/muholi-township-1-300x205.jpg 300w, https:\/\/www.divers2023.ch\/wp-content\/uploads\/sites\/3\/2023\/07\/muholi-township-1-1024x700.jpg 1024w, https:\/\/www.divers2023.ch\/wp-content\/uploads\/sites\/3\/2023\/07\/muholi-township-1-150x102.jpg 150w, https:\/\/www.divers2023.ch\/wp-content\/uploads\/sites\/3\/2023\/07\/muholi-township-1-768x525.jpg 768w, https:\/\/www.divers2023.ch\/wp-content\/uploads\/sites\/3\/2023\/07\/muholi-township-1-860x588.jpg 860w, https:\/\/www.divers2023.ch\/wp-content\/uploads\/sites\/3\/2023\/07\/muholi-township-1-420x287.jpg 420w, https:\/\/www.divers2023.ch\/wp-content\/uploads\/sites\/3\/2023\/07\/muholi-township-1-255x174.jpg 255w, https:\/\/www.divers2023.ch\/wp-content\/uploads\/sites\/3\/2023\/07\/muholi-township-1-530x362.jpg 530w, https:\/\/www.divers2023.ch\/wp-content\/uploads\/sites\/3\/2023\/07\/muholi-township-1-780x533.jpg 780w\" sizes=\"auto, (max-width: 1376px) 100vw, 1376px\" \/>        <\/a>\n      <\/div>\n            <div class=\"swiper-slide\">\n                <a href=\"https:\/\/www.divers2023.ch\/wp-content\/uploads\/sites\/3\/2023\/07\/muholi-township-2.jpg\" data-fancybox=\"gallery-69f10a9f02f6f\" data-caption=\"\">\n          <img loading=\"lazy\" decoding=\"async\" width=\"1354\" height=\"940\" src=\"https:\/\/www.divers2023.ch\/wp-content\/uploads\/sites\/3\/2023\/07\/muholi-township-2.jpg\" class=\"no-lazyload\" alt=\"\" srcset=\"https:\/\/www.divers2023.ch\/wp-content\/uploads\/sites\/3\/2023\/07\/muholi-township-2.jpg 1354w, https:\/\/www.divers2023.ch\/wp-content\/uploads\/sites\/3\/2023\/07\/muholi-township-2-300x208.jpg 300w, https:\/\/www.divers2023.ch\/wp-content\/uploads\/sites\/3\/2023\/07\/muholi-township-2-1024x711.jpg 1024w, https:\/\/www.divers2023.ch\/wp-content\/uploads\/sites\/3\/2023\/07\/muholi-township-2-150x104.jpg 150w, https:\/\/www.divers2023.ch\/wp-content\/uploads\/sites\/3\/2023\/07\/muholi-township-2-768x533.jpg 768w, https:\/\/www.divers2023.ch\/wp-content\/uploads\/sites\/3\/2023\/07\/muholi-township-2-860x597.jpg 860w, https:\/\/www.divers2023.ch\/wp-content\/uploads\/sites\/3\/2023\/07\/muholi-township-2-420x292.jpg 420w, https:\/\/www.divers2023.ch\/wp-content\/uploads\/sites\/3\/2023\/07\/muholi-township-2-255x177.jpg 255w, https:\/\/www.divers2023.ch\/wp-content\/uploads\/sites\/3\/2023\/07\/muholi-township-2-530x368.jpg 530w, https:\/\/www.divers2023.ch\/wp-content\/uploads\/sites\/3\/2023\/07\/muholi-township-2-780x542.jpg 780w\" sizes=\"auto, (max-width: 1354px) 100vw, 1354px\" \/>        <\/a>\n      <\/div>\n            <div class=\"swiper-slide\">\n                <a href=\"https:\/\/www.divers2023.ch\/wp-content\/uploads\/sites\/3\/2023\/07\/muholi-township-3.jpg\" data-fancybox=\"gallery-69f10a9f02f6f\" data-caption=\"\">\n          <img loading=\"lazy\" decoding=\"async\" width=\"1351\" height=\"940\" src=\"https:\/\/www.divers2023.ch\/wp-content\/uploads\/sites\/3\/2023\/07\/muholi-township-3.jpg\" class=\"no-lazyload\" alt=\"\" srcset=\"https:\/\/www.divers2023.ch\/wp-content\/uploads\/sites\/3\/2023\/07\/muholi-township-3.jpg 1351w, https:\/\/www.divers2023.ch\/wp-content\/uploads\/sites\/3\/2023\/07\/muholi-township-3-300x209.jpg 300w, https:\/\/www.divers2023.ch\/wp-content\/uploads\/sites\/3\/2023\/07\/muholi-township-3-1024x712.jpg 1024w, https:\/\/www.divers2023.ch\/wp-content\/uploads\/sites\/3\/2023\/07\/muholi-township-3-150x104.jpg 150w, https:\/\/www.divers2023.ch\/wp-content\/uploads\/sites\/3\/2023\/07\/muholi-township-3-768x534.jpg 768w, https:\/\/www.divers2023.ch\/wp-content\/uploads\/sites\/3\/2023\/07\/muholi-township-3-860x598.jpg 860w, https:\/\/www.divers2023.ch\/wp-content\/uploads\/sites\/3\/2023\/07\/muholi-township-3-420x292.jpg 420w, https:\/\/www.divers2023.ch\/wp-content\/uploads\/sites\/3\/2023\/07\/muholi-township-3-255x177.jpg 255w, https:\/\/www.divers2023.ch\/wp-content\/uploads\/sites\/3\/2023\/07\/muholi-township-3-530x369.jpg 530w, https:\/\/www.divers2023.ch\/wp-content\/uploads\/sites\/3\/2023\/07\/muholi-township-3-780x543.jpg 780w\" sizes=\"auto, (max-width: 1351px) 100vw, 1351px\" \/>        <\/a>\n      <\/div>\n      \n    <\/div>\n\n    <div class=\"swiper-pagination\"><\/div>\n    <div class=\"swiper-button-prev\"><\/div>\n    <div class=\"swiper-button-next\"><\/div>\n  <\/div>\n<\/div>\n\n\n\n<div class=\"wp-block-columns is-layout-flex wp-container-core-columns-is-layout-28f84493 wp-block-columns-is-layout-flex\">\n<div class=\"wp-block-column is-layout-flow wp-block-column-is-layout-flow\" style=\"flex-basis:33.33%\"><\/div>\n\n\n\n<div class=\"wp-block-column is-layout-flow wp-block-column-is-layout-flow\" style=\"flex-basis:66.66%\">\n<h2 class=\"wp-block-heading\" id=\"glaube\">Glaube<\/h2>\n\n\n\n<p>Soziale Herkunft und Glaube haben vieles gemeinsam: Beides kriegen wir von den Eltern mit auf den Weg, beides k\u00f6nnen wir \u00e4ndern. Die Abkehr vom vorgegeben Pfad kann jedoch einschneidende Folgen haben. Diese Abkehr kann bedeuten, mit Familie und Umfeld zu brechen. Allerdings erhalten wir daf\u00fcr allenfalls eine neue Gemeinschaft.<\/p>\n\n\n\n<p>Viele Staaten haben die Glaubensfreiheit in der Verfassung festgeschrieben. Trotzdem werden auf der ganzen Welt Menschen aufgrund ihres Glaubens benachteiligt. Dabei sind alle Religionen gleichermassen betroffen. Meist ist es eine Minderheit, die von Ausgrenzung, Unterdr\u00fcckung oder sogar Verfolgung betroffen ist. <\/p>\n\n\n\n<p>Was ist der Sinn des Lebens? Religionen und spirituelle Angebote geben darauf unterschiedliche Antworten. Der Podcast \u00abSpiritualit\u00e4t f\u00fcr alle?!\u00bb versucht einen Leitfaden mit auf die Sinnsuche zu geben.<\/p>\n\n\n\n<iframe loading=\"lazy\" src=\"https:\/\/www.ardaudiothek.de\/embed\/episode\/94539460\/\" width=\"640px\" height=\"185px\" frameBorder=\"0\" scrolling=\"no\"><\/iframe>\n<\/div>\n<\/div>\n","protected":false},"excerpt":{"rendered":"<p>Schicht, Klasse, Milieu Die soziale Herkunft hat viele Namen: Schicht, Klasse, Milieu. Die Gene, die wir von den Eltern bekommen, sind unsere biologischen Herkunft. Aber auch unsere soziale Herkunft pr\u00e4gt unseren Lebensweg. Es macht einen Unterschied, ob wir im Arbeiterquartier oder in der Nobelvilla aufwachsen und welche Schulen wir besuchen. Geld und Bildung sind die [&hellip;]<\/p>\n","protected":false},"author":4,"featured_media":0,"parent":0,"menu_order":0,"comment_status":"closed","ping_status":"closed","template":"","meta":{"_acf_changed":false,"footnotes":""},"tags":[],"class_list":["post-1675","page","type-page","status-publish","hentry"],"acf":[],"yoast_head":"<!-- This site is optimized with the Yoast SEO plugin v26.6 - https:\/\/yoast.com\/wordpress\/plugins\/seo\/ -->\n<title>Kulturelle Pr\u00e4gung - Divers | Kunstmuseum Luzern<\/title>\n<meta name=\"robots\" content=\"index, follow, max-snippet:-1, max-image-preview:large, max-video-preview:-1\" \/>\n<link rel=\"canonical\" href=\"https:\/\/www.divers2023.ch\/de-e-l\/kulturelle-praegung\/\" \/>\n<meta property=\"og:locale\" content=\"de_DE\" \/>\n<meta property=\"og:type\" content=\"article\" \/>\n<meta property=\"og:title\" content=\"Kulturelle Pr\u00e4gung - Divers | Kunstmuseum Luzern\" \/>\n<meta property=\"og:description\" content=\"Schicht, Klasse, Milieu Die soziale Herkunft hat viele Namen: Schicht, Klasse, Milieu. Die Gene, die wir von den Eltern bekommen, sind unsere biologischen Herkunft. Aber auch unsere soziale Herkunft pr\u00e4gt unseren Lebensweg. Es macht einen Unterschied, ob wir im Arbeiterquartier oder in der Nobelvilla aufwachsen und welche Schulen wir besuchen. Geld und Bildung sind die [&hellip;]\" \/>\n<meta property=\"og:url\" content=\"https:\/\/www.divers2023.ch\/de-e-l\/kulturelle-praegung\/\" \/>\n<meta property=\"og:site_name\" content=\"Divers | Kunstmuseum Luzern\" \/>\n<meta property=\"article:modified_time\" content=\"2023-08-23T16:44:10+00:00\" \/>\n<meta property=\"og:image\" content=\"https:\/\/www.divers2023.ch\/wp-content\/uploads\/sites\/3\/2023\/06\/marx-wiki.jpg\" \/>\n<meta name=\"twitter:card\" content=\"summary_large_image\" \/>\n<meta name=\"twitter:label1\" content=\"Est. reading time\" \/>\n\t<meta name=\"twitter:data1\" content=\"4 minutes\" \/>\n<script type=\"application\/ld+json\" class=\"yoast-schema-graph\">{\"@context\":\"https:\/\/schema.org\",\"@graph\":[{\"@type\":\"WebPage\",\"@id\":\"https:\/\/www.divers2023.ch\/de-e-l\/kulturelle-praegung\/\",\"url\":\"https:\/\/www.divers2023.ch\/de-e-l\/kulturelle-praegung\/\",\"name\":\"Kulturelle Pr\u00e4gung - Divers | Kunstmuseum Luzern\",\"isPartOf\":{\"@id\":\"https:\/\/www.divers2023.ch\/#website\"},\"primaryImageOfPage\":{\"@id\":\"https:\/\/www.divers2023.ch\/de-e-l\/kulturelle-praegung\/#primaryimage\"},\"image\":{\"@id\":\"https:\/\/www.divers2023.ch\/de-e-l\/kulturelle-praegung\/#primaryimage\"},\"thumbnailUrl\":\"https:\/\/www.divers2023.ch\/wp-content\/uploads\/sites\/3\/2023\/06\/marx-wiki.jpg\",\"datePublished\":\"2023-07-07T12:38:53+00:00\",\"dateModified\":\"2023-08-23T16:44:10+00:00\",\"breadcrumb\":{\"@id\":\"https:\/\/www.divers2023.ch\/de-e-l\/kulturelle-praegung\/#breadcrumb\"},\"inLanguage\":\"de-DE-leicht\",\"potentialAction\":[{\"@type\":\"ReadAction\",\"target\":[\"https:\/\/www.divers2023.ch\/de-e-l\/kulturelle-praegung\/\"]}]},{\"@type\":\"ImageObject\",\"inLanguage\":\"de-DE-leicht\",\"@id\":\"https:\/\/www.divers2023.ch\/de-e-l\/kulturelle-praegung\/#primaryimage\",\"url\":\"https:\/\/www.divers2023.ch\/wp-content\/uploads\/sites\/3\/2023\/06\/marx-wiki.jpg\",\"contentUrl\":\"https:\/\/www.divers2023.ch\/wp-content\/uploads\/sites\/3\/2023\/06\/marx-wiki.jpg\"},{\"@type\":\"BreadcrumbList\",\"@id\":\"https:\/\/www.divers2023.ch\/de-e-l\/kulturelle-praegung\/#breadcrumb\",\"itemListElement\":[{\"@type\":\"ListItem\",\"position\":1,\"name\":\"Startseite\",\"item\":\"https:\/\/www.divers2023.ch\/de-e-l\/\"},{\"@type\":\"ListItem\",\"position\":2,\"name\":\"Kulturelle Pr\u00e4gung\"}]},{\"@type\":\"WebSite\",\"@id\":\"https:\/\/www.divers2023.ch\/#website\",\"url\":\"https:\/\/www.divers2023.ch\/\",\"name\":\"Divers | Kunstmuseum Luzern\",\"description\":\"Digitale Tour\",\"publisher\":{\"@id\":\"https:\/\/www.divers2023.ch\/#organization\"},\"potentialAction\":[{\"@type\":\"SearchAction\",\"target\":{\"@type\":\"EntryPoint\",\"urlTemplate\":\"https:\/\/www.divers2023.ch\/?s={search_term_string}\"},\"query-input\":{\"@type\":\"PropertyValueSpecification\",\"valueRequired\":true,\"valueName\":\"search_term_string\"}}],\"inLanguage\":\"de-DE-leicht\"},{\"@type\":\"Organization\",\"@id\":\"https:\/\/www.divers2023.ch\/#organization\",\"name\":\"Divers | Kunstmuseum Luzern\",\"url\":\"https:\/\/www.divers2023.ch\/\",\"logo\":{\"@type\":\"ImageObject\",\"inLanguage\":\"de-DE-leicht\",\"@id\":\"https:\/\/www.divers2023.ch\/#\/schema\/logo\/image\/\",\"url\":\"https:\/\/www.divers2023.ch\/wp-content\/uploads\/sites\/3\/2023\/05\/logo.svg\",\"contentUrl\":\"https:\/\/www.divers2023.ch\/wp-content\/uploads\/sites\/3\/2023\/05\/logo.svg\",\"width\":38,\"height\":64,\"caption\":\"Divers | Kunstmuseum Luzern\"},\"image\":{\"@id\":\"https:\/\/www.divers2023.ch\/#\/schema\/logo\/image\/\"}}]}<\/script>\n<!-- \/ Yoast SEO plugin. -->","yoast_head_json":{"title":"Kulturelle Pr\u00e4gung - Divers | Kunstmuseum Luzern","robots":{"index":"index","follow":"follow","max-snippet":"max-snippet:-1","max-image-preview":"max-image-preview:large","max-video-preview":"max-video-preview:-1"},"canonical":"https:\/\/www.divers2023.ch\/de-e-l\/kulturelle-praegung\/","og_locale":"de_DE","og_type":"article","og_title":"Kulturelle Pr\u00e4gung - Divers | Kunstmuseum Luzern","og_description":"Schicht, Klasse, Milieu Die soziale Herkunft hat viele Namen: Schicht, Klasse, Milieu. Die Gene, die wir von den Eltern bekommen, sind unsere biologischen Herkunft. Aber auch unsere soziale Herkunft pr\u00e4gt unseren Lebensweg. Es macht einen Unterschied, ob wir im Arbeiterquartier oder in der Nobelvilla aufwachsen und welche Schulen wir besuchen. Geld und Bildung sind die [&hellip;]","og_url":"https:\/\/www.divers2023.ch\/de-e-l\/kulturelle-praegung\/","og_site_name":"Divers | Kunstmuseum Luzern","article_modified_time":"2023-08-23T16:44:10+00:00","og_image":[{"url":"https:\/\/www.divers2023.ch\/wp-content\/uploads\/sites\/3\/2023\/06\/marx-wiki.jpg","type":"","width":"","height":""}],"twitter_card":"summary_large_image","twitter_misc":{"Est. reading time":"4 minutes"},"schema":{"@context":"https:\/\/schema.org","@graph":[{"@type":"WebPage","@id":"https:\/\/www.divers2023.ch\/de-e-l\/kulturelle-praegung\/","url":"https:\/\/www.divers2023.ch\/de-e-l\/kulturelle-praegung\/","name":"Kulturelle Pr\u00e4gung - Divers | Kunstmuseum Luzern","isPartOf":{"@id":"https:\/\/www.divers2023.ch\/#website"},"primaryImageOfPage":{"@id":"https:\/\/www.divers2023.ch\/de-e-l\/kulturelle-praegung\/#primaryimage"},"image":{"@id":"https:\/\/www.divers2023.ch\/de-e-l\/kulturelle-praegung\/#primaryimage"},"thumbnailUrl":"https:\/\/www.divers2023.ch\/wp-content\/uploads\/sites\/3\/2023\/06\/marx-wiki.jpg","datePublished":"2023-07-07T12:38:53+00:00","dateModified":"2023-08-23T16:44:10+00:00","breadcrumb":{"@id":"https:\/\/www.divers2023.ch\/de-e-l\/kulturelle-praegung\/#breadcrumb"},"inLanguage":"de-DE-leicht","potentialAction":[{"@type":"ReadAction","target":["https:\/\/www.divers2023.ch\/de-e-l\/kulturelle-praegung\/"]}]},{"@type":"ImageObject","inLanguage":"de-DE-leicht","@id":"https:\/\/www.divers2023.ch\/de-e-l\/kulturelle-praegung\/#primaryimage","url":"https:\/\/www.divers2023.ch\/wp-content\/uploads\/sites\/3\/2023\/06\/marx-wiki.jpg","contentUrl":"https:\/\/www.divers2023.ch\/wp-content\/uploads\/sites\/3\/2023\/06\/marx-wiki.jpg"},{"@type":"BreadcrumbList","@id":"https:\/\/www.divers2023.ch\/de-e-l\/kulturelle-praegung\/#breadcrumb","itemListElement":[{"@type":"ListItem","position":1,"name":"Startseite","item":"https:\/\/www.divers2023.ch\/de-e-l\/"},{"@type":"ListItem","position":2,"name":"Kulturelle Pr\u00e4gung"}]},{"@type":"WebSite","@id":"https:\/\/www.divers2023.ch\/#website","url":"https:\/\/www.divers2023.ch\/","name":"Divers | Kunstmuseum Luzern","description":"Digitale Tour","publisher":{"@id":"https:\/\/www.divers2023.ch\/#organization"},"potentialAction":[{"@type":"SearchAction","target":{"@type":"EntryPoint","urlTemplate":"https:\/\/www.divers2023.ch\/?s={search_term_string}"},"query-input":{"@type":"PropertyValueSpecification","valueRequired":true,"valueName":"search_term_string"}}],"inLanguage":"de-DE-leicht"},{"@type":"Organization","@id":"https:\/\/www.divers2023.ch\/#organization","name":"Divers | Kunstmuseum Luzern","url":"https:\/\/www.divers2023.ch\/","logo":{"@type":"ImageObject","inLanguage":"de-DE-leicht","@id":"https:\/\/www.divers2023.ch\/#\/schema\/logo\/image\/","url":"https:\/\/www.divers2023.ch\/wp-content\/uploads\/sites\/3\/2023\/05\/logo.svg","contentUrl":"https:\/\/www.divers2023.ch\/wp-content\/uploads\/sites\/3\/2023\/05\/logo.svg","width":38,"height":64,"caption":"Divers | Kunstmuseum Luzern"},"image":{"@id":"https:\/\/www.divers2023.ch\/#\/schema\/logo\/image\/"}}]}},"_links":{"self":[{"href":"https:\/\/www.divers2023.ch\/de-e-l\/wp-json\/wp\/v2\/pages\/1675","targetHints":{"allow":["GET"]}}],"collection":[{"href":"https:\/\/www.divers2023.ch\/de-e-l\/wp-json\/wp\/v2\/pages"}],"about":[{"href":"https:\/\/www.divers2023.ch\/de-e-l\/wp-json\/wp\/v2\/types\/page"}],"author":[{"embeddable":true,"href":"https:\/\/www.divers2023.ch\/de-e-l\/wp-json\/wp\/v2\/users\/4"}],"replies":[{"embeddable":true,"href":"https:\/\/www.divers2023.ch\/de-e-l\/wp-json\/wp\/v2\/comments?post=1675"}],"version-history":[{"count":6,"href":"https:\/\/www.divers2023.ch\/de-e-l\/wp-json\/wp\/v2\/pages\/1675\/revisions"}],"predecessor-version":[{"id":1958,"href":"https:\/\/www.divers2023.ch\/de-e-l\/wp-json\/wp\/v2\/pages\/1675\/revisions\/1958"}],"wp:attachment":[{"href":"https:\/\/www.divers2023.ch\/de-e-l\/wp-json\/wp\/v2\/media?parent=1675"}],"wp:term":[{"taxonomy":"post_tag","embeddable":true,"href":"https:\/\/www.divers2023.ch\/de-e-l\/wp-json\/wp\/v2\/tags?post=1675"}],"curies":[{"name":"wp","href":"https:\/\/api.w.org\/{rel}","templated":true}]}}