{"id":1673,"date":"2023-07-06T14:49:24","date_gmt":"2023-07-06T12:49:24","guid":{"rendered":"https:\/\/www.divers2023.ch\/herkunft\/"},"modified":"2023-08-03T16:58:08","modified_gmt":"2023-08-03T14:58:08","slug":"herkunft","status":"publish","type":"page","link":"https:\/\/www.divers2023.ch\/de-e-l\/herkunft\/","title":{"rendered":"Herkunft"},"content":{"rendered":"\n<div class=\"dt_header-block alignfull\" style=\"background-color: #ffac54; color: #FFFFFF;\">\n  <h2 class=\"dt_header-block__title\">Woher kommst du?\n<\/h2>\n\n  <div class=\"dt_header-block__content\">\n    <p>Mit ethnischer Herkunft ist die Abstammung eines Menschen gemeint. \u00c4ussere Merkmale k\u00f6nnen unter anderem Hautfarbe, sprachliche Besonderheiten oder die Zugeh\u00f6rigkeit zu einer bestimmten Volksgruppe sein.<\/p>\n  <\/div>\n<\/div>\n\n\n<div class=\"wp-block-columns is-layout-flex wp-container-core-columns-is-layout-28f84493 wp-block-columns-is-layout-flex\">\n<div class=\"wp-block-column is-layout-flow wp-block-column-is-layout-flow\" style=\"flex-basis:66.66%\">\n<p>Sieht ein Mensch anders als die Mehrheit aus, wird dieser schnell als fremd wahrgenommen und gefragt: \u00abWoher kommst du?\u00bb Die Frage mag zwar nur neugierig sein, sie \u00e4rgert aber die Gefragten oft. Denn sie sagt gleichzeitig: \u00abDu bist nicht von hier.\u00bb <\/p>\n\n\n\n<p>Oft werden Menschen aufgrund der Hautfarbe oder religi\u00f6sen Symbolen wie Kopftuch oder Kippa als anders und fremd wahrgenommen. Diese Menschen werden h\u00e4ufig diskriminiert. Das heisst: Sie werden ausgegrenzt und benachteiligt. Dies geschieht beispielsweise bei der Wohnungssuche, bei Stellenbewerbungen oder polizeilichen Kontrollen. <\/p>\n\n\n\n<p>Oft handelt es sich um Menschen, die eingewandert oder gefl\u00fcchtet sind. Auch urspr\u00fcngliche, indigene Bev\u00f6lkerungen in kolonialisierten L\u00e4ndern sind betroffen.<\/p>\n\n\n\n<p>Je gr\u00f6sser die Andersartigkeit ist, desto heftiger fallen die Reaktionen aus. Dabei ist egal, wie sich die Betroffenen selbst sehen und ob sie In- oder Ausl\u00e4nder:innen, Gefl\u00fcchtete oder Migrant:innen sind. <\/p>\n<\/div>\n\n\n\n<div class=\"wp-block-column is-layout-flow wp-block-column-is-layout-flow\" style=\"flex-basis:33.33%\">\n<figure class=\"wp-block-embed is-type-video is-provider-youtube wp-block-embed-youtube wp-embed-aspect-16-9 wp-has-aspect-ratio\"><div class=\"wp-block-embed__wrapper\">\n<iframe loading=\"lazy\" title=\"Kein Ausl\u00e4nder - und doch ein Fremder: Alltagsrassismus in Deutschland | DW Deutsch\" width=\"500\" height=\"281\" src=\"https:\/\/www.youtube.com\/embed\/3K_AMkqFvyM?feature=oembed\" frameborder=\"0\" allow=\"accelerometer; autoplay; clipboard-write; encrypted-media; gyroscope; picture-in-picture; web-share\" referrerpolicy=\"strict-origin-when-cross-origin\" allowfullscreen><\/iframe>\n<\/div><figcaption class=\"wp-element-caption\">Fremde im eigenen Land? Alltagsrassismus in Deutschland | DW Deutsch<\/figcaption><\/figure>\n<\/div>\n<\/div>\n\n\n\n<div class=\"wp-block-columns is-layout-flex wp-container-core-columns-is-layout-28f84493 wp-block-columns-is-layout-flex\">\n<div class=\"wp-block-column is-layout-flow wp-block-column-is-layout-flow\" style=\"flex-basis:12.5%\"><\/div>\n\n\n\n<div class=\"wp-block-column is-layout-flow wp-block-column-is-layout-flow\" style=\"flex-basis:66%\">\n<h2 class=\"wp-block-heading\" id=\"apartheid\">Apartheid<\/h2>\n\n\n\n<p>In S\u00fcdafrika wird die urspr\u00fcngliche Bev\u00f6lkerung ab dem Moment der Kolonialisierung unterdr\u00fcckt und versklavt. Die weissen Bur:innen, die von den Niederl\u00e4nder:innen abstammen, und sp\u00e4ter die Engl\u00e4nder:innen betrachten sich als den Schwarzen \u00fcberlegen.<\/p>\n\n\n\n<p>Als 1948 die National Party an die Macht kommt, f\u00fchrt sie die Apartheid offiziell ein: Die Menschen werden nun nach Hautfarbe getrennt. Alle nicht-weissen Personen werden politisch, wirtschaftlich und sozial benachteiligt:<\/p>\n\n\n\n<ul class=\"wp-block-list\">\n<li>Sie d\u00fcrfen nicht w\u00e4hlen.<\/li>\n\n\n\n<li>Sie werden umgesiedelt.<\/li>\n\n\n\n<li>Sie d\u00fcrfen bestimmte Gebiete nicht mehr betreten. <\/li>\n\n\n\n<li>Sie m\u00fcssen spezielle P\u00e4sse bei sich tragen. <\/li>\n<\/ul>\n\n\n\n<p>Gesetze legen fest, dass sich weisse und nicht-weisse weder lieben noch heiraten d\u00fcrfen. <\/p>\n\n\n\n<p>Dieses Unrecht-Regime endet erst 1994. In diesem Jahr kommt der African National Congress ANC an die Macht und Nelson Mandela (1918\u20132013) wird als Pr\u00e4sident gew\u00e4hlt.<\/p>\n<\/div>\n\n\n\n<div class=\"wp-block-column is-layout-flow wp-block-column-is-layout-flow\" style=\"flex-basis:12.5%\"><\/div>\n<\/div>\n\n\n\n<div class=\"wp-block-columns is-layout-flex wp-container-core-columns-is-layout-28f84493 wp-block-columns-is-layout-flex\">\n<div class=\"wp-block-column is-layout-flow wp-block-column-is-layout-flow\" style=\"flex-basis:33.33%\">\n<h2 class=\"wp-block-heading\" id=\"ich-fordere-mein-schwarzsein-zurueck\">\u00abIch fordere mein Schwarzsein zur\u00fcck\u00bb<\/h2>\n<\/div>\n\n\n\n<div class=\"wp-block-column is-layout-flow wp-block-column-is-layout-flow\" style=\"flex-basis:66.66%\">\n<p>Zanele Muholi zeigt in einer Serie Selbstportr\u00e4ts wie Schwarze Frauen im Laufe der Geschichte dargestellt werden. Die Bilder thematisieren gesellschaftliche Gewalt und hinterfragen unterdr\u00fcckerische Stereotypen. Der Titel der Werkserie <em>Somnyama Ngonyama<\/em> heisst auf Deutsch \u00abGepriesen sei die dunkle L\u00f6win\u00bb. <\/p>\n\n\n\n<p>Zanele Muholi nutzt f\u00fcr die Inszenierung banale Haushaltsgegenst\u00e4nde. Damit verweist Muholi auf die gesellschaftlichen und kulturellen Einschr\u00e4nkungen Schwarzer Frauen. Muholi steigert den Kontrast in diesen Selbstportr\u00e4ts, indem die Dunkelheit der Haut \u00fcbertrieben dargestellt wird. Muholi sagt dazu: \u00abIch fordere mein Schwarzsein zur\u00fcck, das meiner Meinung nach st\u00e4ndig von anderen, besser gestellten in Anspruch genommen wird.\u00bb<\/p>\n<\/div>\n<\/div>\n\n\n\n<div class=\"wp-block-columns is-layout-flex wp-container-core-columns-is-layout-28f84493 wp-block-columns-is-layout-flex\">\n<div class=\"wp-block-column is-layout-flow wp-block-column-is-layout-flow\">\n<figure class=\"wp-block-image size-full\"><img loading=\"lazy\" decoding=\"async\" width=\"1200\" height=\"1818\" src=\"https:\/\/www.divers2023.ch\/wp-content\/uploads\/sites\/3\/2023\/07\/muholi-qiniso-the-sails-durban-2019.jpg\" alt=\"Zanele Muholi, Qiniso, The Sails, Durban, 2019\" class=\"wp-image-850\" srcset=\"https:\/\/www.divers2023.ch\/wp-content\/uploads\/sites\/3\/2023\/07\/muholi-qiniso-the-sails-durban-2019.jpg 1200w, https:\/\/www.divers2023.ch\/wp-content\/uploads\/sites\/3\/2023\/07\/muholi-qiniso-the-sails-durban-2019-300x455.jpg 300w, https:\/\/www.divers2023.ch\/wp-content\/uploads\/sites\/3\/2023\/07\/muholi-qiniso-the-sails-durban-2019-1024x1551.jpg 1024w, https:\/\/www.divers2023.ch\/wp-content\/uploads\/sites\/3\/2023\/07\/muholi-qiniso-the-sails-durban-2019-150x227.jpg 150w, https:\/\/www.divers2023.ch\/wp-content\/uploads\/sites\/3\/2023\/07\/muholi-qiniso-the-sails-durban-2019-768x1164.jpg 768w, https:\/\/www.divers2023.ch\/wp-content\/uploads\/sites\/3\/2023\/07\/muholi-qiniso-the-sails-durban-2019-1014x1536.jpg 1014w, https:\/\/www.divers2023.ch\/wp-content\/uploads\/sites\/3\/2023\/07\/muholi-qiniso-the-sails-durban-2019-860x1303.jpg 860w, https:\/\/www.divers2023.ch\/wp-content\/uploads\/sites\/3\/2023\/07\/muholi-qiniso-the-sails-durban-2019-420x636.jpg 420w, https:\/\/www.divers2023.ch\/wp-content\/uploads\/sites\/3\/2023\/07\/muholi-qiniso-the-sails-durban-2019-255x386.jpg 255w, https:\/\/www.divers2023.ch\/wp-content\/uploads\/sites\/3\/2023\/07\/muholi-qiniso-the-sails-durban-2019-530x803.jpg 530w, https:\/\/www.divers2023.ch\/wp-content\/uploads\/sites\/3\/2023\/07\/muholi-qiniso-the-sails-durban-2019-780x1182.jpg 780w\" sizes=\"auto, (max-width: 1200px) 100vw, 1200px\" \/><figcaption class=\"wp-element-caption\">Zanele Muholi, <em>Qiniso, The Sails, Durban<\/em>, 2019<\/figcaption><\/figure>\n\n\n\n<h1 class=\"wp-block-heading\" id=\"qiniso-the-sails-durban-2019\"><em>Qiniso, The Sails, Durban<\/em>, 2019<\/h1>\n\n\n\n<p><em>Qiniso<\/em> bedeutet \u00abWahrheit\u00bb auf isiZulu. Muholis Haare sind mit Afro-K\u00e4mmen verziert. Diese K\u00e4mme wurden speziell f\u00fcr die Haare Schwarzer Menschen entwickelt. <\/p>\n\n\n\n<p>Die Frisuren sind in der afrikanischen Kultur ein Symbol f\u00fcr Gegenkultur, Widerstand und Stolz. Der Afro-Kamm dient in vielen afrikani\u00adschen Gesellschaften schon seit Jahrhunderten als Sta\u00adtus-Symbol.<\/p>\n<\/div>\n\n\n\n<div class=\"wp-block-column is-layout-flow wp-block-column-is-layout-flow\">\n<figure class=\"wp-block-image size-full\"><img loading=\"lazy\" decoding=\"async\" width=\"940\" height=\"1303\" src=\"https:\/\/www.divers2023.ch\/wp-content\/uploads\/sites\/3\/2023\/07\/muholi-bester-I-mayotte-2015.jpg\" alt=\"Zanele Muholi, Bester I, Mayotte, 2015\" class=\"wp-image-844\" srcset=\"https:\/\/www.divers2023.ch\/wp-content\/uploads\/sites\/3\/2023\/07\/muholi-bester-I-mayotte-2015.jpg 940w, https:\/\/www.divers2023.ch\/wp-content\/uploads\/sites\/3\/2023\/07\/muholi-bester-I-mayotte-2015-300x416.jpg 300w, https:\/\/www.divers2023.ch\/wp-content\/uploads\/sites\/3\/2023\/07\/muholi-bester-I-mayotte-2015-150x208.jpg 150w, https:\/\/www.divers2023.ch\/wp-content\/uploads\/sites\/3\/2023\/07\/muholi-bester-I-mayotte-2015-768x1065.jpg 768w, https:\/\/www.divers2023.ch\/wp-content\/uploads\/sites\/3\/2023\/07\/muholi-bester-I-mayotte-2015-860x1192.jpg 860w, https:\/\/www.divers2023.ch\/wp-content\/uploads\/sites\/3\/2023\/07\/muholi-bester-I-mayotte-2015-420x582.jpg 420w, https:\/\/www.divers2023.ch\/wp-content\/uploads\/sites\/3\/2023\/07\/muholi-bester-I-mayotte-2015-255x353.jpg 255w, https:\/\/www.divers2023.ch\/wp-content\/uploads\/sites\/3\/2023\/07\/muholi-bester-I-mayotte-2015-530x735.jpg 530w, https:\/\/www.divers2023.ch\/wp-content\/uploads\/sites\/3\/2023\/07\/muholi-bester-I-mayotte-2015-780x1081.jpg 780w\" sizes=\"auto, (max-width: 940px) 100vw, 940px\" \/><figcaption class=\"wp-element-caption\">Zanele Muholi, <em>Bester I, Mayotte<\/em>, 2015<\/figcaption><\/figure>\n\n\n\n<h1 class=\"wp-block-heading\" id=\"bester-i-mayotte-2015\"><strong><em>Bester I, Mayotte<\/em>, 2015<\/strong><\/h1>\n\n\n\n<p>Die <em>Bester<\/em>-Portr\u00e4ts sind eine W\u00fcrdigung von Muholis Mutter. Die Mutter arbeitete \u00fcber vierzig Jahre als Hausangestellte f\u00fcr eine weisse Familie. Mit ihrem Lohn ern\u00e4hrte sie die achtk\u00f6pfige Familie alleine. <\/p>\n\n\n\n<p>Die s\u00fcdafrikanischen Gesetze w\u00e4hrend der Apartheid zwangen People of Colour dazu, Niedriglohnjobs auszu\u00fcben und als \u00abunge\u00adlernte Arbeitskr\u00e4fte\u00bb zu arbeiten. <\/p>\n\n\n\n<p>Muholi w\u00fcrdigt mit den Selbstportr\u00e4ts <em>Bester<\/em> die vielen Hausangestellten, deren Beitrag zum Wohl\u00adstand ihrer Familien oft nicht anerkannt wird. Die W\u00e4schklammern verweisen auf Besters Arbeit im Haushalt. Gleichzeitig bilden sie eine Krone.<\/p>\n<\/div>\n<\/div>\n\n\n\n<div class=\"wp-block-columns is-layout-flex wp-container-core-columns-is-layout-28f84493 wp-block-columns-is-layout-flex\">\n<div class=\"wp-block-column is-layout-flow wp-block-column-is-layout-flow\">\n<figure class=\"wp-block-image alignright size-full\"><img loading=\"lazy\" decoding=\"async\" width=\"1400\" height=\"1631\" src=\"https:\/\/www.divers2023.ch\/wp-content\/uploads\/sites\/3\/2023\/07\/muholi-kwanele-parktown-2016.jpg\" alt=\"Zanele Muholi, Kwanele, Parktown, 2016\" class=\"wp-image-862\" srcset=\"https:\/\/www.divers2023.ch\/wp-content\/uploads\/sites\/3\/2023\/07\/muholi-kwanele-parktown-2016.jpg 1400w, https:\/\/www.divers2023.ch\/wp-content\/uploads\/sites\/3\/2023\/07\/muholi-kwanele-parktown-2016-300x350.jpg 300w, https:\/\/www.divers2023.ch\/wp-content\/uploads\/sites\/3\/2023\/07\/muholi-kwanele-parktown-2016-1024x1193.jpg 1024w, https:\/\/www.divers2023.ch\/wp-content\/uploads\/sites\/3\/2023\/07\/muholi-kwanele-parktown-2016-150x175.jpg 150w, https:\/\/www.divers2023.ch\/wp-content\/uploads\/sites\/3\/2023\/07\/muholi-kwanele-parktown-2016-768x895.jpg 768w, https:\/\/www.divers2023.ch\/wp-content\/uploads\/sites\/3\/2023\/07\/muholi-kwanele-parktown-2016-1318x1536.jpg 1318w, https:\/\/www.divers2023.ch\/wp-content\/uploads\/sites\/3\/2023\/07\/muholi-kwanele-parktown-2016-860x1002.jpg 860w, https:\/\/www.divers2023.ch\/wp-content\/uploads\/sites\/3\/2023\/07\/muholi-kwanele-parktown-2016-420x489.jpg 420w, https:\/\/www.divers2023.ch\/wp-content\/uploads\/sites\/3\/2023\/07\/muholi-kwanele-parktown-2016-1380x1608.jpg 1380w, https:\/\/www.divers2023.ch\/wp-content\/uploads\/sites\/3\/2023\/07\/muholi-kwanele-parktown-2016-255x297.jpg 255w, https:\/\/www.divers2023.ch\/wp-content\/uploads\/sites\/3\/2023\/07\/muholi-kwanele-parktown-2016-530x617.jpg 530w, https:\/\/www.divers2023.ch\/wp-content\/uploads\/sites\/3\/2023\/07\/muholi-kwanele-parktown-2016-780x909.jpg 780w\" sizes=\"auto, (max-width: 1400px) 100vw, 1400px\" \/><figcaption class=\"wp-element-caption\">Zanele Muholi, <em>Kwanele, Parktown<\/em>, 2016<\/figcaption><\/figure>\n<\/div>\n\n\n\n<div class=\"wp-block-column is-layout-flow wp-block-column-is-layout-flow\">\n<h2 class=\"wp-block-heading\" id=\"racial-profiling\">Racial Profiling<\/h2>\n\n\n\n<p>Oft werden Menschen, die als andersartig wahrgenommen werden, als \u00abgef\u00e4hrlich\u00bb eingestuft. Wenn dies Beh\u00f6rden wie die Polizei oder der Grenzschutz tun, spricht man von \u00abRacial Profiling\u00bb. Schwarze Menschen werden oft mehr kontrolliert und benachteiligt.<\/p>\n\n\n\n<p>Dieses Bild zeigt Muholi hinter einer Plastikfolie, mit der Reisegep\u00e4ck umwickelt war. Muholi thematisiert damit Racial Profiling und die st\u00e4ndige Kon\u00adtrolle, der Schwarze Menschen beim Reisen ausge\u00adsetzt sind. <\/p>\n\n\n\n<p>Das Bild erz\u00e4hlt zudem vom Be\u00add\u00fcrfnis nach Schutz. Auch das Gef\u00fchl, ent\u00adbl\u00f6sst und der eigenen W\u00fcrde beraubt zu sein, spielt eine Rolle. Der Titel bedeu\u00adtet \u00abgenug\u00bb.<\/p>\n\n\n\n<p>Zanele Muholi sagt: \u00abSchwarzen Men\u00adschen werden Fragen gestellt, die Menschen anderer Her\u00adkunft nicht gestellt werden. Was machen Sie hier? Wann gehen Sie zur\u00fcck? Wenn das passiert, f\u00fchlt man sich wie Abschaum.\u00bb<\/p>\n<\/div>\n<\/div>\n\n\n\n<div class=\"wp-block-columns is-layout-flex wp-container-core-columns-is-layout-28f84493 wp-block-columns-is-layout-flex\">\n<div class=\"wp-block-column is-layout-flow wp-block-column-is-layout-flow\">\n<h2 class=\"wp-block-heading\" id=\"bleistift-test\">Bleistift-Test<\/h2>\n\n\n\n<p>Das Selbstportr\u00e4t <em>Nolwazi II, Nuoro, Italy<\/em> be\u00adzieht sich auf den \u00abBleistift-Test\u00bb. Der Bleistift-Test war eine rassistische Praxis w\u00e4hrend der Apartheid in S\u00fcdafrika. <\/p>\n\n\n\n<p>Wenn die Beh\u00f6rden unsicher waren, ob eine Person als weiss eingestuft wer\u00adden sollte, wurde ihr ein Bleistift ins Haar ge\u00adsteckt. Fiel der Stift he\u00adraus, galt das Haar als glatt und nicht gekr\u00e4uselt. Damit war der Test \u00abbestanden\u00bb. Die Person wurde als weiss \u00abklassifi\u00adziert\u00bb. <\/p>\n\n\n\n<p>Dieses Bild kritisiert Tests und Theorien, die Ausgrenzung rechtfertigen. Der Titel bedeutet \u00abWissen\u00bb.<\/p>\n<\/div>\n\n\n\n<div class=\"wp-block-column is-layout-flow wp-block-column-is-layout-flow\">\n<figure class=\"wp-block-image size-full\"><img loading=\"lazy\" decoding=\"async\" width=\"940\" height=\"1266\" src=\"https:\/\/www.divers2023.ch\/wp-content\/uploads\/sites\/3\/2023\/07\/muholi-nolwasi-II-2015.jpg\" alt=\"Zanele Muholi, Nolwazi II, Nuoro, Italy, 2015\" class=\"wp-image-847\" srcset=\"https:\/\/www.divers2023.ch\/wp-content\/uploads\/sites\/3\/2023\/07\/muholi-nolwasi-II-2015.jpg 940w, https:\/\/www.divers2023.ch\/wp-content\/uploads\/sites\/3\/2023\/07\/muholi-nolwasi-II-2015-300x404.jpg 300w, https:\/\/www.divers2023.ch\/wp-content\/uploads\/sites\/3\/2023\/07\/muholi-nolwasi-II-2015-150x202.jpg 150w, https:\/\/www.divers2023.ch\/wp-content\/uploads\/sites\/3\/2023\/07\/muholi-nolwasi-II-2015-768x1034.jpg 768w, https:\/\/www.divers2023.ch\/wp-content\/uploads\/sites\/3\/2023\/07\/muholi-nolwasi-II-2015-860x1158.jpg 860w, https:\/\/www.divers2023.ch\/wp-content\/uploads\/sites\/3\/2023\/07\/muholi-nolwasi-II-2015-420x566.jpg 420w, https:\/\/www.divers2023.ch\/wp-content\/uploads\/sites\/3\/2023\/07\/muholi-nolwasi-II-2015-255x343.jpg 255w, https:\/\/www.divers2023.ch\/wp-content\/uploads\/sites\/3\/2023\/07\/muholi-nolwasi-II-2015-530x714.jpg 530w, https:\/\/www.divers2023.ch\/wp-content\/uploads\/sites\/3\/2023\/07\/muholi-nolwasi-II-2015-780x1051.jpg 780w\" sizes=\"auto, (max-width: 940px) 100vw, 940px\" \/><figcaption class=\"wp-element-caption\">Zanele Muholi, <em>Nolwazi II, Nuoro, Italy<\/em>, 2015<\/figcaption><\/figure>\n<\/div>\n<\/div>\n","protected":false},"excerpt":{"rendered":"<p>Sieht ein Mensch anders als die Mehrheit aus, wird dieser schnell als fremd wahrgenommen und gefragt: \u00abWoher kommst du?\u00bb Die Frage mag zwar nur neugierig sein, sie \u00e4rgert aber die Gefragten oft. Denn sie sagt gleichzeitig: \u00abDu bist nicht von hier.\u00bb Oft werden Menschen aufgrund der Hautfarbe oder religi\u00f6sen Symbolen wie Kopftuch oder Kippa als [&hellip;]<\/p>\n","protected":false},"author":2,"featured_media":0,"parent":0,"menu_order":0,"comment_status":"closed","ping_status":"closed","template":"","meta":{"_acf_changed":false,"footnotes":""},"tags":[],"class_list":["post-1673","page","type-page","status-publish","hentry"],"acf":[],"yoast_head":"<!-- This site is optimized with the Yoast SEO plugin v26.6 - https:\/\/yoast.com\/wordpress\/plugins\/seo\/ -->\n<title>Herkunft - Divers | Kunstmuseum Luzern<\/title>\n<meta name=\"robots\" content=\"index, follow, max-snippet:-1, max-image-preview:large, max-video-preview:-1\" \/>\n<link rel=\"canonical\" href=\"https:\/\/www.divers2023.ch\/de-e-l\/herkunft\/\" \/>\n<meta property=\"og:locale\" content=\"de_DE\" \/>\n<meta property=\"og:type\" content=\"article\" \/>\n<meta property=\"og:title\" content=\"Herkunft - Divers | Kunstmuseum Luzern\" \/>\n<meta property=\"og:description\" content=\"Sieht ein Mensch anders als die Mehrheit aus, wird dieser schnell als fremd wahrgenommen und gefragt: \u00abWoher kommst du?\u00bb Die Frage mag zwar nur neugierig sein, sie \u00e4rgert aber die Gefragten oft. Denn sie sagt gleichzeitig: \u00abDu bist nicht von hier.\u00bb Oft werden Menschen aufgrund der Hautfarbe oder religi\u00f6sen Symbolen wie Kopftuch oder Kippa als [&hellip;]\" \/>\n<meta property=\"og:url\" content=\"https:\/\/www.divers2023.ch\/de-e-l\/herkunft\/\" \/>\n<meta property=\"og:site_name\" content=\"Divers | Kunstmuseum Luzern\" \/>\n<meta property=\"article:modified_time\" content=\"2023-08-03T14:58:08+00:00\" \/>\n<meta property=\"og:image\" content=\"https:\/\/www.divers2023.ch\/wp-content\/uploads\/sites\/3\/2023\/07\/muholi-qiniso-the-sails-durban-2019.jpg\" \/>\n<meta name=\"twitter:card\" content=\"summary_large_image\" \/>\n<meta name=\"twitter:label1\" content=\"Est. reading time\" \/>\n\t<meta name=\"twitter:data1\" content=\"5 minutes\" \/>\n<script type=\"application\/ld+json\" class=\"yoast-schema-graph\">{\"@context\":\"https:\/\/schema.org\",\"@graph\":[{\"@type\":\"WebPage\",\"@id\":\"https:\/\/www.divers2023.ch\/de-e-l\/herkunft\/\",\"url\":\"https:\/\/www.divers2023.ch\/de-e-l\/herkunft\/\",\"name\":\"Herkunft - Divers | Kunstmuseum Luzern\",\"isPartOf\":{\"@id\":\"https:\/\/www.divers2023.ch\/#website\"},\"primaryImageOfPage\":{\"@id\":\"https:\/\/www.divers2023.ch\/de-e-l\/herkunft\/#primaryimage\"},\"image\":{\"@id\":\"https:\/\/www.divers2023.ch\/de-e-l\/herkunft\/#primaryimage\"},\"thumbnailUrl\":\"https:\/\/www.divers2023.ch\/wp-content\/uploads\/sites\/3\/2023\/07\/muholi-qiniso-the-sails-durban-2019.jpg\",\"datePublished\":\"2023-07-06T12:49:24+00:00\",\"dateModified\":\"2023-08-03T14:58:08+00:00\",\"breadcrumb\":{\"@id\":\"https:\/\/www.divers2023.ch\/de-e-l\/herkunft\/#breadcrumb\"},\"inLanguage\":\"de-DE-leicht\",\"potentialAction\":[{\"@type\":\"ReadAction\",\"target\":[\"https:\/\/www.divers2023.ch\/de-e-l\/herkunft\/\"]}]},{\"@type\":\"ImageObject\",\"inLanguage\":\"de-DE-leicht\",\"@id\":\"https:\/\/www.divers2023.ch\/de-e-l\/herkunft\/#primaryimage\",\"url\":\"https:\/\/www.divers2023.ch\/wp-content\/uploads\/sites\/3\/2023\/07\/muholi-qiniso-the-sails-durban-2019.jpg\",\"contentUrl\":\"https:\/\/www.divers2023.ch\/wp-content\/uploads\/sites\/3\/2023\/07\/muholi-qiniso-the-sails-durban-2019.jpg\"},{\"@type\":\"BreadcrumbList\",\"@id\":\"https:\/\/www.divers2023.ch\/de-e-l\/herkunft\/#breadcrumb\",\"itemListElement\":[{\"@type\":\"ListItem\",\"position\":1,\"name\":\"Startseite\",\"item\":\"https:\/\/www.divers2023.ch\/de-e-l\/\"},{\"@type\":\"ListItem\",\"position\":2,\"name\":\"Herkunft\"}]},{\"@type\":\"WebSite\",\"@id\":\"https:\/\/www.divers2023.ch\/#website\",\"url\":\"https:\/\/www.divers2023.ch\/\",\"name\":\"Divers | Kunstmuseum Luzern\",\"description\":\"Digitale Tour\",\"publisher\":{\"@id\":\"https:\/\/www.divers2023.ch\/#organization\"},\"potentialAction\":[{\"@type\":\"SearchAction\",\"target\":{\"@type\":\"EntryPoint\",\"urlTemplate\":\"https:\/\/www.divers2023.ch\/?s={search_term_string}\"},\"query-input\":{\"@type\":\"PropertyValueSpecification\",\"valueRequired\":true,\"valueName\":\"search_term_string\"}}],\"inLanguage\":\"de-DE-leicht\"},{\"@type\":\"Organization\",\"@id\":\"https:\/\/www.divers2023.ch\/#organization\",\"name\":\"Divers | Kunstmuseum Luzern\",\"url\":\"https:\/\/www.divers2023.ch\/\",\"logo\":{\"@type\":\"ImageObject\",\"inLanguage\":\"de-DE-leicht\",\"@id\":\"https:\/\/www.divers2023.ch\/#\/schema\/logo\/image\/\",\"url\":\"https:\/\/www.divers2023.ch\/wp-content\/uploads\/sites\/3\/2023\/05\/logo.svg\",\"contentUrl\":\"https:\/\/www.divers2023.ch\/wp-content\/uploads\/sites\/3\/2023\/05\/logo.svg\",\"width\":38,\"height\":64,\"caption\":\"Divers | Kunstmuseum Luzern\"},\"image\":{\"@id\":\"https:\/\/www.divers2023.ch\/#\/schema\/logo\/image\/\"}}]}<\/script>\n<!-- \/ Yoast SEO plugin. -->","yoast_head_json":{"title":"Herkunft - Divers | Kunstmuseum Luzern","robots":{"index":"index","follow":"follow","max-snippet":"max-snippet:-1","max-image-preview":"max-image-preview:large","max-video-preview":"max-video-preview:-1"},"canonical":"https:\/\/www.divers2023.ch\/de-e-l\/herkunft\/","og_locale":"de_DE","og_type":"article","og_title":"Herkunft - Divers | Kunstmuseum Luzern","og_description":"Sieht ein Mensch anders als die Mehrheit aus, wird dieser schnell als fremd wahrgenommen und gefragt: \u00abWoher kommst du?\u00bb Die Frage mag zwar nur neugierig sein, sie \u00e4rgert aber die Gefragten oft. Denn sie sagt gleichzeitig: \u00abDu bist nicht von hier.\u00bb Oft werden Menschen aufgrund der Hautfarbe oder religi\u00f6sen Symbolen wie Kopftuch oder Kippa als [&hellip;]","og_url":"https:\/\/www.divers2023.ch\/de-e-l\/herkunft\/","og_site_name":"Divers | Kunstmuseum Luzern","article_modified_time":"2023-08-03T14:58:08+00:00","og_image":[{"url":"https:\/\/www.divers2023.ch\/wp-content\/uploads\/sites\/3\/2023\/07\/muholi-qiniso-the-sails-durban-2019.jpg","type":"","width":"","height":""}],"twitter_card":"summary_large_image","twitter_misc":{"Est. reading time":"5 minutes"},"schema":{"@context":"https:\/\/schema.org","@graph":[{"@type":"WebPage","@id":"https:\/\/www.divers2023.ch\/de-e-l\/herkunft\/","url":"https:\/\/www.divers2023.ch\/de-e-l\/herkunft\/","name":"Herkunft - Divers | Kunstmuseum Luzern","isPartOf":{"@id":"https:\/\/www.divers2023.ch\/#website"},"primaryImageOfPage":{"@id":"https:\/\/www.divers2023.ch\/de-e-l\/herkunft\/#primaryimage"},"image":{"@id":"https:\/\/www.divers2023.ch\/de-e-l\/herkunft\/#primaryimage"},"thumbnailUrl":"https:\/\/www.divers2023.ch\/wp-content\/uploads\/sites\/3\/2023\/07\/muholi-qiniso-the-sails-durban-2019.jpg","datePublished":"2023-07-06T12:49:24+00:00","dateModified":"2023-08-03T14:58:08+00:00","breadcrumb":{"@id":"https:\/\/www.divers2023.ch\/de-e-l\/herkunft\/#breadcrumb"},"inLanguage":"de-DE-leicht","potentialAction":[{"@type":"ReadAction","target":["https:\/\/www.divers2023.ch\/de-e-l\/herkunft\/"]}]},{"@type":"ImageObject","inLanguage":"de-DE-leicht","@id":"https:\/\/www.divers2023.ch\/de-e-l\/herkunft\/#primaryimage","url":"https:\/\/www.divers2023.ch\/wp-content\/uploads\/sites\/3\/2023\/07\/muholi-qiniso-the-sails-durban-2019.jpg","contentUrl":"https:\/\/www.divers2023.ch\/wp-content\/uploads\/sites\/3\/2023\/07\/muholi-qiniso-the-sails-durban-2019.jpg"},{"@type":"BreadcrumbList","@id":"https:\/\/www.divers2023.ch\/de-e-l\/herkunft\/#breadcrumb","itemListElement":[{"@type":"ListItem","position":1,"name":"Startseite","item":"https:\/\/www.divers2023.ch\/de-e-l\/"},{"@type":"ListItem","position":2,"name":"Herkunft"}]},{"@type":"WebSite","@id":"https:\/\/www.divers2023.ch\/#website","url":"https:\/\/www.divers2023.ch\/","name":"Divers | Kunstmuseum Luzern","description":"Digitale Tour","publisher":{"@id":"https:\/\/www.divers2023.ch\/#organization"},"potentialAction":[{"@type":"SearchAction","target":{"@type":"EntryPoint","urlTemplate":"https:\/\/www.divers2023.ch\/?s={search_term_string}"},"query-input":{"@type":"PropertyValueSpecification","valueRequired":true,"valueName":"search_term_string"}}],"inLanguage":"de-DE-leicht"},{"@type":"Organization","@id":"https:\/\/www.divers2023.ch\/#organization","name":"Divers | Kunstmuseum Luzern","url":"https:\/\/www.divers2023.ch\/","logo":{"@type":"ImageObject","inLanguage":"de-DE-leicht","@id":"https:\/\/www.divers2023.ch\/#\/schema\/logo\/image\/","url":"https:\/\/www.divers2023.ch\/wp-content\/uploads\/sites\/3\/2023\/05\/logo.svg","contentUrl":"https:\/\/www.divers2023.ch\/wp-content\/uploads\/sites\/3\/2023\/05\/logo.svg","width":38,"height":64,"caption":"Divers | Kunstmuseum Luzern"},"image":{"@id":"https:\/\/www.divers2023.ch\/#\/schema\/logo\/image\/"}}]}},"_links":{"self":[{"href":"https:\/\/www.divers2023.ch\/de-e-l\/wp-json\/wp\/v2\/pages\/1673","targetHints":{"allow":["GET"]}}],"collection":[{"href":"https:\/\/www.divers2023.ch\/de-e-l\/wp-json\/wp\/v2\/pages"}],"about":[{"href":"https:\/\/www.divers2023.ch\/de-e-l\/wp-json\/wp\/v2\/types\/page"}],"author":[{"embeddable":true,"href":"https:\/\/www.divers2023.ch\/de-e-l\/wp-json\/wp\/v2\/users\/2"}],"replies":[{"embeddable":true,"href":"https:\/\/www.divers2023.ch\/de-e-l\/wp-json\/wp\/v2\/comments?post=1673"}],"version-history":[{"count":2,"href":"https:\/\/www.divers2023.ch\/de-e-l\/wp-json\/wp\/v2\/pages\/1673\/revisions"}],"predecessor-version":[{"id":1823,"href":"https:\/\/www.divers2023.ch\/de-e-l\/wp-json\/wp\/v2\/pages\/1673\/revisions\/1823"}],"wp:attachment":[{"href":"https:\/\/www.divers2023.ch\/de-e-l\/wp-json\/wp\/v2\/media?parent=1673"}],"wp:term":[{"taxonomy":"post_tag","embeddable":true,"href":"https:\/\/www.divers2023.ch\/de-e-l\/wp-json\/wp\/v2\/tags?post=1673"}],"curies":[{"name":"wp","href":"https:\/\/api.w.org\/{rel}","templated":true}]}}