{"id":1672,"date":"2023-07-06T18:27:08","date_gmt":"2023-07-06T16:27:08","guid":{"rendered":"https:\/\/www.divers2023.ch\/gender\/"},"modified":"2023-10-12T11:42:44","modified_gmt":"2023-10-12T09:42:44","slug":"gender","status":"publish","type":"page","link":"https:\/\/www.divers2023.ch\/de-e-l\/gender\/","title":{"rendered":"Geschlecht"},"content":{"rendered":"\n<div class=\"dt_header-block alignfull\" style=\"background-color: #ce94f7; color: #FFFFFF;\">\n  <h2 class=\"dt_header-block__title\">Geschlecht und Identit\u00e4t\n\n<\/h2>\n\n  <div class=\"dt_header-block__content\">\n    <p>Geschlecht ist ein Zusammenspiel von k\u00f6rperlichen, sozialen, kulturellen und rechtlichen Faktoren.<\/p>\n  <\/div>\n<\/div>\n\n\n<div class=\"wp-block-columns is-layout-flex wp-container-core-columns-is-layout-28f84493 wp-block-columns-is-layout-flex\">\n<div class=\"wp-block-column is-layout-flow wp-block-column-is-layout-flow\">\n<h2 class=\"wp-block-heading\" id=\"maennlichweiblichinterendocistrans\">m\u00e4nnlich<br>weiblich<br>inter<br>endo<br>CIS<br>trans<\/h2>\n<\/div>\n\n\n\n<div class=\"wp-block-column is-layout-flow wp-block-column-is-layout-flow\">\n<p>Bei der Geburt eines Kindes wird ihm ein Geschlecht zugewiesen. Aufgrund der \u00e4usseren Geschlechtsorgane gilt das Kind als weiblich oder m\u00e4nnlich. Sind die Geschlechtsorgane nicht eindeutig, werden die inneren Organe, die Hormone und Gene untersucht. <\/p>\n\n\n\n<p>Wenn eine Zuweisung zu einem der beiden Geschlechter nicht m\u00f6glich ist, wird von Inter-Geschlechtlichkeit gesprochen. In der Schweiz und in vielen anderen L\u00e4ndern sieht das Gesetz aber nur \u00abm\u00e4nnlich\u00bb oder \u00abweiblich\u00bb vor.<\/p>\n\n\n\n<p>Diese Art der Geschlechts-Zuweisung verursacht oft unn\u00f6tige Operationen. Die Uno verurteilt diese Operationen als Folter. Die Uno hat die Schweiz ger\u00fcgt, weil sie solche Operationen nicht verbietet.<\/p>\n<\/div>\n\n\n\n<div class=\"wp-block-column is-layout-flow wp-block-column-is-layout-flow\">\n<p>Die Umwelt, die Erziehung und das Selbstbild pr\u00e4gen das Geschlecht auch. Die Zuweisung des Geschlechts bei der Geburt beinflusst oft die Erziehung: Weibliche Babys werden als M\u00e4dchen erzogen. M\u00e4nnlich Babys als Knaben. Das bedeutet: M\u00e4dchen spielen mit Puppen, Knaben mit Autos. So lernen wir Geschlechter-Rollen. Diese Geschlechter-Rollen beeinflussen unsere F\u00e4higkeiten, Vorlieben und unser Verhalten.<\/p>\n\n\n\n<figure class=\"wp-block-embed is-type-video is-provider-youtube wp-block-embed-youtube wp-embed-aspect-16-9 wp-has-aspect-ratio\"><div class=\"wp-block-embed__wrapper\">\n<iframe loading=\"lazy\" title=\"Dr\u00e4ngen wir Kinder in Geschlechterrollen? Ein Experiment | Quarks\" width=\"500\" height=\"281\" src=\"https:\/\/www.youtube.com\/embed\/nCYP9Nxw2s4?feature=oembed\" frameborder=\"0\" allow=\"accelerometer; autoplay; clipboard-write; encrypted-media; gyroscope; picture-in-picture; web-share\" referrerpolicy=\"strict-origin-when-cross-origin\" allowfullscreen><\/iframe>\n<\/div><figcaption class=\"wp-element-caption\">Puppe oder Auto? Spielzeuge f\u00fcr M\u00e4dchen und Knaben<\/figcaption><\/figure>\n<\/div>\n<\/div>\n\n\n\n<div class=\"wp-block-columns is-layout-flex wp-container-core-columns-is-layout-28f84493 wp-block-columns-is-layout-flex\">\n<div class=\"wp-block-column is-layout-flow wp-block-column-is-layout-flow\" style=\"flex-basis:66.66%\">\n<p>Geschlecht ist komplex. Es k\u00f6nnen f\u00fcnf Dimensionen von Geschlecht unterschieden werden:<\/p>\n\n\n\n<ol class=\"wp-block-list\">\n<li>K\u00f6rper<\/li>\n\n\n\n<li>Identit\u00e4t<\/li>\n\n\n\n<li>Geschlechts-Ausdruck<\/li>\n\n\n\n<li>Sexuelle Orientierung<\/li>\n\n\n\n<li>Geschlechter-Rolle<\/li>\n<\/ol>\n<\/div>\n\n\n\n<div class=\"wp-block-column is-layout-flow wp-block-column-is-layout-flow\" style=\"flex-basis:33.33%\"><\/div>\n<\/div>\n\n\n\n<div class=\"wp-block-columns is-layout-flex wp-container-core-columns-is-layout-28f84493 wp-block-columns-is-layout-flex\">\n<div class=\"wp-block-column is-layout-flow wp-block-column-is-layout-flow\">\n<figure class=\"wp-block-image size-full\"><img loading=\"lazy\" decoding=\"async\" width=\"1000\" height=\"1000\" src=\"https:\/\/www.divers2023.ch\/wp-content\/uploads\/sites\/3\/2023\/08\/geschlechter-radar-dimensionen-de.jpg\" alt=\"\" class=\"wp-image-1900\" srcset=\"https:\/\/www.divers2023.ch\/wp-content\/uploads\/sites\/3\/2023\/08\/geschlechter-radar-dimensionen-de.jpg 1000w, https:\/\/www.divers2023.ch\/wp-content\/uploads\/sites\/3\/2023\/08\/geschlechter-radar-dimensionen-de-300x300.jpg 300w, https:\/\/www.divers2023.ch\/wp-content\/uploads\/sites\/3\/2023\/08\/geschlechter-radar-dimensionen-de-150x150.jpg 150w, https:\/\/www.divers2023.ch\/wp-content\/uploads\/sites\/3\/2023\/08\/geschlechter-radar-dimensionen-de-768x768.jpg 768w, https:\/\/www.divers2023.ch\/wp-content\/uploads\/sites\/3\/2023\/08\/geschlechter-radar-dimensionen-de-860x860.jpg 860w, https:\/\/www.divers2023.ch\/wp-content\/uploads\/sites\/3\/2023\/08\/geschlechter-radar-dimensionen-de-420x420.jpg 420w, https:\/\/www.divers2023.ch\/wp-content\/uploads\/sites\/3\/2023\/08\/geschlechter-radar-dimensionen-de-32x32.jpg 32w, https:\/\/www.divers2023.ch\/wp-content\/uploads\/sites\/3\/2023\/08\/geschlechter-radar-dimensionen-de-255x255.jpg 255w, https:\/\/www.divers2023.ch\/wp-content\/uploads\/sites\/3\/2023\/08\/geschlechter-radar-dimensionen-de-530x530.jpg 530w, https:\/\/www.divers2023.ch\/wp-content\/uploads\/sites\/3\/2023\/08\/geschlechter-radar-dimensionen-de-200x200.jpg 200w, https:\/\/www.divers2023.ch\/wp-content\/uploads\/sites\/3\/2023\/08\/geschlechter-radar-dimensionen-de-780x780.jpg 780w\" sizes=\"auto, (max-width: 1000px) 100vw, 1000px\" \/><figcaption class=\"wp-element-caption\">5 Dimensionen von Geschlecht, <a href=\"https:\/\/www.geschlechter-radar.org\/dimensionen\/\" target=\"_blank\" rel=\"noreferrer noopener\">https:\/\/www.geschlechter-radar.org\/dimensionen\/<\/a><\/figcaption><\/figure>\n<\/div>\n\n\n\n<div class=\"wp-block-column is-layout-flow wp-block-column-is-layout-flow\">\n<figure class=\"wp-block-image size-full\"><img loading=\"lazy\" decoding=\"async\" width=\"1000\" height=\"1000\" src=\"https:\/\/www.divers2023.ch\/wp-content\/uploads\/sites\/3\/2023\/08\/geschlechter-radar-norm-expan-de.jpg\" alt=\"\" class=\"wp-image-1906\" srcset=\"https:\/\/www.divers2023.ch\/wp-content\/uploads\/sites\/3\/2023\/08\/geschlechter-radar-norm-expan-de.jpg 1000w, https:\/\/www.divers2023.ch\/wp-content\/uploads\/sites\/3\/2023\/08\/geschlechter-radar-norm-expan-de-300x300.jpg 300w, https:\/\/www.divers2023.ch\/wp-content\/uploads\/sites\/3\/2023\/08\/geschlechter-radar-norm-expan-de-150x150.jpg 150w, https:\/\/www.divers2023.ch\/wp-content\/uploads\/sites\/3\/2023\/08\/geschlechter-radar-norm-expan-de-768x768.jpg 768w, https:\/\/www.divers2023.ch\/wp-content\/uploads\/sites\/3\/2023\/08\/geschlechter-radar-norm-expan-de-860x860.jpg 860w, https:\/\/www.divers2023.ch\/wp-content\/uploads\/sites\/3\/2023\/08\/geschlechter-radar-norm-expan-de-420x420.jpg 420w, https:\/\/www.divers2023.ch\/wp-content\/uploads\/sites\/3\/2023\/08\/geschlechter-radar-norm-expan-de-32x32.jpg 32w, https:\/\/www.divers2023.ch\/wp-content\/uploads\/sites\/3\/2023\/08\/geschlechter-radar-norm-expan-de-255x255.jpg 255w, https:\/\/www.divers2023.ch\/wp-content\/uploads\/sites\/3\/2023\/08\/geschlechter-radar-norm-expan-de-530x530.jpg 530w, https:\/\/www.divers2023.ch\/wp-content\/uploads\/sites\/3\/2023\/08\/geschlechter-radar-norm-expan-de-200x200.jpg 200w, https:\/\/www.divers2023.ch\/wp-content\/uploads\/sites\/3\/2023\/08\/geschlechter-radar-norm-expan-de-780x780.jpg 780w\" sizes=\"auto, (max-width: 1000px) 100vw, 1000px\" \/><figcaption class=\"wp-element-caption\">Auspr\u00e4gungen von Geschlecht, <a href=\"https:\/\/www.geschlechter-radar.org\/normativ-expansiv\/\" target=\"_blank\" rel=\"noreferrer noopener\">https:\/\/www.geschlechter-radar.org\/normativ-expansiv\/<\/a><\/figcaption><\/figure>\n<\/div>\n<\/div>\n\n\n\n  <div class=\"dt_slider-block alignwide\">\n  <div class=\"swiper\">\n    <div class=\"swiper-wrapper\">\n\n            <div class=\"swiper-slide\">\n                <a href=\"https:\/\/www.divers2023.ch\/wp-content\/uploads\/sites\/3\/2023\/07\/pfeffer-auge-wandernd-1.jpg\" data-fancybox=\"gallery-69f0f64fb7234\" data-caption=\"\">\n          <img loading=\"lazy\" decoding=\"async\" width=\"906\" height=\"940\" src=\"https:\/\/www.divers2023.ch\/wp-content\/uploads\/sites\/3\/2023\/07\/pfeffer-auge-wandernd-1.jpg\" class=\"no-lazyload\" alt=\"\" srcset=\"https:\/\/www.divers2023.ch\/wp-content\/uploads\/sites\/3\/2023\/07\/pfeffer-auge-wandernd-1.jpg 906w, https:\/\/www.divers2023.ch\/wp-content\/uploads\/sites\/3\/2023\/07\/pfeffer-auge-wandernd-1-300x311.jpg 300w, https:\/\/www.divers2023.ch\/wp-content\/uploads\/sites\/3\/2023\/07\/pfeffer-auge-wandernd-1-150x156.jpg 150w, https:\/\/www.divers2023.ch\/wp-content\/uploads\/sites\/3\/2023\/07\/pfeffer-auge-wandernd-1-768x797.jpg 768w, https:\/\/www.divers2023.ch\/wp-content\/uploads\/sites\/3\/2023\/07\/pfeffer-auge-wandernd-1-860x892.jpg 860w, https:\/\/www.divers2023.ch\/wp-content\/uploads\/sites\/3\/2023\/07\/pfeffer-auge-wandernd-1-420x436.jpg 420w, https:\/\/www.divers2023.ch\/wp-content\/uploads\/sites\/3\/2023\/07\/pfeffer-auge-wandernd-1-32x32.jpg 32w, https:\/\/www.divers2023.ch\/wp-content\/uploads\/sites\/3\/2023\/07\/pfeffer-auge-wandernd-1-255x265.jpg 255w, https:\/\/www.divers2023.ch\/wp-content\/uploads\/sites\/3\/2023\/07\/pfeffer-auge-wandernd-1-530x550.jpg 530w, https:\/\/www.divers2023.ch\/wp-content\/uploads\/sites\/3\/2023\/07\/pfeffer-auge-wandernd-1-780x809.jpg 780w\" sizes=\"auto, (max-width: 906px) 100vw, 906px\" \/>        <\/a>\n      <\/div>\n            <div class=\"swiper-slide\">\n                <a href=\"https:\/\/www.divers2023.ch\/wp-content\/uploads\/sites\/3\/2023\/07\/pfeffer-auge-wandernd-2.jpg\" data-fancybox=\"gallery-69f0f64fb7234\" data-caption=\"\">\n          <img loading=\"lazy\" decoding=\"async\" width=\"900\" height=\"940\" src=\"https:\/\/www.divers2023.ch\/wp-content\/uploads\/sites\/3\/2023\/07\/pfeffer-auge-wandernd-2.jpg\" class=\"no-lazyload\" alt=\"\" srcset=\"https:\/\/www.divers2023.ch\/wp-content\/uploads\/sites\/3\/2023\/07\/pfeffer-auge-wandernd-2.jpg 900w, https:\/\/www.divers2023.ch\/wp-content\/uploads\/sites\/3\/2023\/07\/pfeffer-auge-wandernd-2-300x313.jpg 300w, https:\/\/www.divers2023.ch\/wp-content\/uploads\/sites\/3\/2023\/07\/pfeffer-auge-wandernd-2-150x157.jpg 150w, https:\/\/www.divers2023.ch\/wp-content\/uploads\/sites\/3\/2023\/07\/pfeffer-auge-wandernd-2-768x802.jpg 768w, https:\/\/www.divers2023.ch\/wp-content\/uploads\/sites\/3\/2023\/07\/pfeffer-auge-wandernd-2-860x898.jpg 860w, https:\/\/www.divers2023.ch\/wp-content\/uploads\/sites\/3\/2023\/07\/pfeffer-auge-wandernd-2-420x439.jpg 420w, https:\/\/www.divers2023.ch\/wp-content\/uploads\/sites\/3\/2023\/07\/pfeffer-auge-wandernd-2-32x32.jpg 32w, https:\/\/www.divers2023.ch\/wp-content\/uploads\/sites\/3\/2023\/07\/pfeffer-auge-wandernd-2-255x266.jpg 255w, https:\/\/www.divers2023.ch\/wp-content\/uploads\/sites\/3\/2023\/07\/pfeffer-auge-wandernd-2-530x554.jpg 530w, https:\/\/www.divers2023.ch\/wp-content\/uploads\/sites\/3\/2023\/07\/pfeffer-auge-wandernd-2-780x815.jpg 780w\" sizes=\"auto, (max-width: 900px) 100vw, 900px\" \/>        <\/a>\n      <\/div>\n            <div class=\"swiper-slide\">\n                <a href=\"https:\/\/www.divers2023.ch\/wp-content\/uploads\/sites\/3\/2023\/07\/pfeffer-auge-wandernd-3.jpg\" data-fancybox=\"gallery-69f0f64fb7234\" data-caption=\"\">\n          <img loading=\"lazy\" decoding=\"async\" width=\"883\" height=\"940\" src=\"https:\/\/www.divers2023.ch\/wp-content\/uploads\/sites\/3\/2023\/07\/pfeffer-auge-wandernd-3.jpg\" class=\"no-lazyload\" alt=\"\" srcset=\"https:\/\/www.divers2023.ch\/wp-content\/uploads\/sites\/3\/2023\/07\/pfeffer-auge-wandernd-3.jpg 883w, https:\/\/www.divers2023.ch\/wp-content\/uploads\/sites\/3\/2023\/07\/pfeffer-auge-wandernd-3-300x319.jpg 300w, https:\/\/www.divers2023.ch\/wp-content\/uploads\/sites\/3\/2023\/07\/pfeffer-auge-wandernd-3-150x160.jpg 150w, https:\/\/www.divers2023.ch\/wp-content\/uploads\/sites\/3\/2023\/07\/pfeffer-auge-wandernd-3-768x818.jpg 768w, https:\/\/www.divers2023.ch\/wp-content\/uploads\/sites\/3\/2023\/07\/pfeffer-auge-wandernd-3-860x916.jpg 860w, https:\/\/www.divers2023.ch\/wp-content\/uploads\/sites\/3\/2023\/07\/pfeffer-auge-wandernd-3-420x447.jpg 420w, https:\/\/www.divers2023.ch\/wp-content\/uploads\/sites\/3\/2023\/07\/pfeffer-auge-wandernd-3-255x271.jpg 255w, https:\/\/www.divers2023.ch\/wp-content\/uploads\/sites\/3\/2023\/07\/pfeffer-auge-wandernd-3-530x564.jpg 530w, https:\/\/www.divers2023.ch\/wp-content\/uploads\/sites\/3\/2023\/07\/pfeffer-auge-wandernd-3-780x830.jpg 780w\" sizes=\"auto, (max-width: 883px) 100vw, 883px\" \/>        <\/a>\n      <\/div>\n            <div class=\"swiper-slide\">\n                <a href=\"https:\/\/www.divers2023.ch\/wp-content\/uploads\/sites\/3\/2023\/07\/pfeffer-auge-wandernd-4.jpg\" data-fancybox=\"gallery-69f0f64fb7234\" data-caption=\"\">\n          <img loading=\"lazy\" decoding=\"async\" width=\"883\" height=\"940\" src=\"https:\/\/www.divers2023.ch\/wp-content\/uploads\/sites\/3\/2023\/07\/pfeffer-auge-wandernd-4.jpg\" class=\"no-lazyload\" alt=\"\" srcset=\"https:\/\/www.divers2023.ch\/wp-content\/uploads\/sites\/3\/2023\/07\/pfeffer-auge-wandernd-4.jpg 883w, https:\/\/www.divers2023.ch\/wp-content\/uploads\/sites\/3\/2023\/07\/pfeffer-auge-wandernd-4-300x319.jpg 300w, https:\/\/www.divers2023.ch\/wp-content\/uploads\/sites\/3\/2023\/07\/pfeffer-auge-wandernd-4-150x160.jpg 150w, https:\/\/www.divers2023.ch\/wp-content\/uploads\/sites\/3\/2023\/07\/pfeffer-auge-wandernd-4-768x818.jpg 768w, https:\/\/www.divers2023.ch\/wp-content\/uploads\/sites\/3\/2023\/07\/pfeffer-auge-wandernd-4-860x916.jpg 860w, https:\/\/www.divers2023.ch\/wp-content\/uploads\/sites\/3\/2023\/07\/pfeffer-auge-wandernd-4-420x447.jpg 420w, https:\/\/www.divers2023.ch\/wp-content\/uploads\/sites\/3\/2023\/07\/pfeffer-auge-wandernd-4-255x271.jpg 255w, https:\/\/www.divers2023.ch\/wp-content\/uploads\/sites\/3\/2023\/07\/pfeffer-auge-wandernd-4-530x564.jpg 530w, https:\/\/www.divers2023.ch\/wp-content\/uploads\/sites\/3\/2023\/07\/pfeffer-auge-wandernd-4-780x830.jpg 780w\" sizes=\"auto, (max-width: 883px) 100vw, 883px\" \/>        <\/a>\n      <\/div>\n            <div class=\"swiper-slide\">\n                <a href=\"https:\/\/www.divers2023.ch\/wp-content\/uploads\/sites\/3\/2023\/07\/pfeffer-auge-wandernd-5.jpg\" data-fancybox=\"gallery-69f0f64fb7234\" data-caption=\"\">\n          <img loading=\"lazy\" decoding=\"async\" width=\"897\" height=\"940\" src=\"https:\/\/www.divers2023.ch\/wp-content\/uploads\/sites\/3\/2023\/07\/pfeffer-auge-wandernd-5.jpg\" class=\"no-lazyload\" alt=\"\" srcset=\"https:\/\/www.divers2023.ch\/wp-content\/uploads\/sites\/3\/2023\/07\/pfeffer-auge-wandernd-5.jpg 897w, https:\/\/www.divers2023.ch\/wp-content\/uploads\/sites\/3\/2023\/07\/pfeffer-auge-wandernd-5-300x314.jpg 300w, https:\/\/www.divers2023.ch\/wp-content\/uploads\/sites\/3\/2023\/07\/pfeffer-auge-wandernd-5-150x157.jpg 150w, https:\/\/www.divers2023.ch\/wp-content\/uploads\/sites\/3\/2023\/07\/pfeffer-auge-wandernd-5-768x805.jpg 768w, https:\/\/www.divers2023.ch\/wp-content\/uploads\/sites\/3\/2023\/07\/pfeffer-auge-wandernd-5-860x901.jpg 860w, https:\/\/www.divers2023.ch\/wp-content\/uploads\/sites\/3\/2023\/07\/pfeffer-auge-wandernd-5-420x440.jpg 420w, https:\/\/www.divers2023.ch\/wp-content\/uploads\/sites\/3\/2023\/07\/pfeffer-auge-wandernd-5-255x267.jpg 255w, https:\/\/www.divers2023.ch\/wp-content\/uploads\/sites\/3\/2023\/07\/pfeffer-auge-wandernd-5-530x555.jpg 530w, https:\/\/www.divers2023.ch\/wp-content\/uploads\/sites\/3\/2023\/07\/pfeffer-auge-wandernd-5-780x817.jpg 780w\" sizes=\"auto, (max-width: 897px) 100vw, 897px\" \/>        <\/a>\n      <\/div>\n            <div class=\"swiper-slide\">\n                <a href=\"https:\/\/www.divers2023.ch\/wp-content\/uploads\/sites\/3\/2023\/07\/pfeffer-auge-wandernd-6.jpg\" data-fancybox=\"gallery-69f0f64fb7234\" data-caption=\"\">\n          <img loading=\"lazy\" decoding=\"async\" width=\"901\" height=\"940\" src=\"https:\/\/www.divers2023.ch\/wp-content\/uploads\/sites\/3\/2023\/07\/pfeffer-auge-wandernd-6.jpg\" class=\"no-lazyload\" alt=\"\" srcset=\"https:\/\/www.divers2023.ch\/wp-content\/uploads\/sites\/3\/2023\/07\/pfeffer-auge-wandernd-6.jpg 901w, https:\/\/www.divers2023.ch\/wp-content\/uploads\/sites\/3\/2023\/07\/pfeffer-auge-wandernd-6-300x313.jpg 300w, https:\/\/www.divers2023.ch\/wp-content\/uploads\/sites\/3\/2023\/07\/pfeffer-auge-wandernd-6-150x156.jpg 150w, https:\/\/www.divers2023.ch\/wp-content\/uploads\/sites\/3\/2023\/07\/pfeffer-auge-wandernd-6-768x801.jpg 768w, https:\/\/www.divers2023.ch\/wp-content\/uploads\/sites\/3\/2023\/07\/pfeffer-auge-wandernd-6-860x897.jpg 860w, https:\/\/www.divers2023.ch\/wp-content\/uploads\/sites\/3\/2023\/07\/pfeffer-auge-wandernd-6-420x438.jpg 420w, https:\/\/www.divers2023.ch\/wp-content\/uploads\/sites\/3\/2023\/07\/pfeffer-auge-wandernd-6-32x32.jpg 32w, https:\/\/www.divers2023.ch\/wp-content\/uploads\/sites\/3\/2023\/07\/pfeffer-auge-wandernd-6-255x266.jpg 255w, https:\/\/www.divers2023.ch\/wp-content\/uploads\/sites\/3\/2023\/07\/pfeffer-auge-wandernd-6-530x553.jpg 530w, https:\/\/www.divers2023.ch\/wp-content\/uploads\/sites\/3\/2023\/07\/pfeffer-auge-wandernd-6-780x814.jpg 780w\" sizes=\"auto, (max-width: 901px) 100vw, 901px\" \/>        <\/a>\n      <\/div>\n            <div class=\"swiper-slide\">\n                <a href=\"https:\/\/www.divers2023.ch\/wp-content\/uploads\/sites\/3\/2023\/07\/pfeffer-auge-wandernd-7.jpg\" data-fancybox=\"gallery-69f0f64fb7234\" data-caption=\"\">\n          <img loading=\"lazy\" decoding=\"async\" width=\"903\" height=\"940\" src=\"https:\/\/www.divers2023.ch\/wp-content\/uploads\/sites\/3\/2023\/07\/pfeffer-auge-wandernd-7.jpg\" class=\"no-lazyload\" alt=\"\" srcset=\"https:\/\/www.divers2023.ch\/wp-content\/uploads\/sites\/3\/2023\/07\/pfeffer-auge-wandernd-7.jpg 903w, https:\/\/www.divers2023.ch\/wp-content\/uploads\/sites\/3\/2023\/07\/pfeffer-auge-wandernd-7-300x312.jpg 300w, https:\/\/www.divers2023.ch\/wp-content\/uploads\/sites\/3\/2023\/07\/pfeffer-auge-wandernd-7-150x156.jpg 150w, https:\/\/www.divers2023.ch\/wp-content\/uploads\/sites\/3\/2023\/07\/pfeffer-auge-wandernd-7-768x799.jpg 768w, https:\/\/www.divers2023.ch\/wp-content\/uploads\/sites\/3\/2023\/07\/pfeffer-auge-wandernd-7-860x895.jpg 860w, https:\/\/www.divers2023.ch\/wp-content\/uploads\/sites\/3\/2023\/07\/pfeffer-auge-wandernd-7-420x437.jpg 420w, https:\/\/www.divers2023.ch\/wp-content\/uploads\/sites\/3\/2023\/07\/pfeffer-auge-wandernd-7-32x32.jpg 32w, https:\/\/www.divers2023.ch\/wp-content\/uploads\/sites\/3\/2023\/07\/pfeffer-auge-wandernd-7-255x265.jpg 255w, https:\/\/www.divers2023.ch\/wp-content\/uploads\/sites\/3\/2023\/07\/pfeffer-auge-wandernd-7-530x552.jpg 530w, https:\/\/www.divers2023.ch\/wp-content\/uploads\/sites\/3\/2023\/07\/pfeffer-auge-wandernd-7-780x812.jpg 780w\" sizes=\"auto, (max-width: 903px) 100vw, 903px\" \/>        <\/a>\n      <\/div>\n            <div class=\"swiper-slide\">\n                <a href=\"https:\/\/www.divers2023.ch\/wp-content\/uploads\/sites\/3\/2023\/07\/pfeffer-auge-wandernd-8.jpg\" data-fancybox=\"gallery-69f0f64fb7234\" data-caption=\"\">\n          <img loading=\"lazy\" decoding=\"async\" width=\"896\" height=\"940\" src=\"https:\/\/www.divers2023.ch\/wp-content\/uploads\/sites\/3\/2023\/07\/pfeffer-auge-wandernd-8.jpg\" class=\"no-lazyload\" alt=\"\" srcset=\"https:\/\/www.divers2023.ch\/wp-content\/uploads\/sites\/3\/2023\/07\/pfeffer-auge-wandernd-8.jpg 896w, https:\/\/www.divers2023.ch\/wp-content\/uploads\/sites\/3\/2023\/07\/pfeffer-auge-wandernd-8-300x315.jpg 300w, https:\/\/www.divers2023.ch\/wp-content\/uploads\/sites\/3\/2023\/07\/pfeffer-auge-wandernd-8-150x157.jpg 150w, https:\/\/www.divers2023.ch\/wp-content\/uploads\/sites\/3\/2023\/07\/pfeffer-auge-wandernd-8-768x806.jpg 768w, https:\/\/www.divers2023.ch\/wp-content\/uploads\/sites\/3\/2023\/07\/pfeffer-auge-wandernd-8-860x902.jpg 860w, https:\/\/www.divers2023.ch\/wp-content\/uploads\/sites\/3\/2023\/07\/pfeffer-auge-wandernd-8-420x441.jpg 420w, https:\/\/www.divers2023.ch\/wp-content\/uploads\/sites\/3\/2023\/07\/pfeffer-auge-wandernd-8-255x268.jpg 255w, https:\/\/www.divers2023.ch\/wp-content\/uploads\/sites\/3\/2023\/07\/pfeffer-auge-wandernd-8-530x556.jpg 530w, https:\/\/www.divers2023.ch\/wp-content\/uploads\/sites\/3\/2023\/07\/pfeffer-auge-wandernd-8-780x818.jpg 780w\" sizes=\"auto, (max-width: 896px) 100vw, 896px\" \/>        <\/a>\n      <\/div>\n            <div class=\"swiper-slide\">\n                <a href=\"https:\/\/www.divers2023.ch\/wp-content\/uploads\/sites\/3\/2023\/07\/pfeffer-auge-wandernd-10.jpg\" data-fancybox=\"gallery-69f0f64fb7234\" data-caption=\"\">\n          <img loading=\"lazy\" decoding=\"async\" width=\"896\" height=\"940\" src=\"https:\/\/www.divers2023.ch\/wp-content\/uploads\/sites\/3\/2023\/07\/pfeffer-auge-wandernd-10.jpg\" class=\"no-lazyload\" alt=\"\" srcset=\"https:\/\/www.divers2023.ch\/wp-content\/uploads\/sites\/3\/2023\/07\/pfeffer-auge-wandernd-10.jpg 896w, https:\/\/www.divers2023.ch\/wp-content\/uploads\/sites\/3\/2023\/07\/pfeffer-auge-wandernd-10-300x315.jpg 300w, https:\/\/www.divers2023.ch\/wp-content\/uploads\/sites\/3\/2023\/07\/pfeffer-auge-wandernd-10-150x157.jpg 150w, https:\/\/www.divers2023.ch\/wp-content\/uploads\/sites\/3\/2023\/07\/pfeffer-auge-wandernd-10-768x806.jpg 768w, https:\/\/www.divers2023.ch\/wp-content\/uploads\/sites\/3\/2023\/07\/pfeffer-auge-wandernd-10-860x902.jpg 860w, https:\/\/www.divers2023.ch\/wp-content\/uploads\/sites\/3\/2023\/07\/pfeffer-auge-wandernd-10-420x441.jpg 420w, https:\/\/www.divers2023.ch\/wp-content\/uploads\/sites\/3\/2023\/07\/pfeffer-auge-wandernd-10-255x268.jpg 255w, https:\/\/www.divers2023.ch\/wp-content\/uploads\/sites\/3\/2023\/07\/pfeffer-auge-wandernd-10-530x556.jpg 530w, https:\/\/www.divers2023.ch\/wp-content\/uploads\/sites\/3\/2023\/07\/pfeffer-auge-wandernd-10-780x818.jpg 780w\" sizes=\"auto, (max-width: 896px) 100vw, 896px\" \/>        <\/a>\n      <\/div>\n            <div class=\"swiper-slide\">\n                <a href=\"https:\/\/www.divers2023.ch\/wp-content\/uploads\/sites\/3\/2023\/07\/pfeffer-auge-wandernd-11.jpg\" data-fancybox=\"gallery-69f0f64fb7234\" data-caption=\"\">\n          <img loading=\"lazy\" decoding=\"async\" width=\"884\" height=\"940\" src=\"https:\/\/www.divers2023.ch\/wp-content\/uploads\/sites\/3\/2023\/07\/pfeffer-auge-wandernd-11.jpg\" class=\"no-lazyload\" alt=\"\" srcset=\"https:\/\/www.divers2023.ch\/wp-content\/uploads\/sites\/3\/2023\/07\/pfeffer-auge-wandernd-11.jpg 884w, https:\/\/www.divers2023.ch\/wp-content\/uploads\/sites\/3\/2023\/07\/pfeffer-auge-wandernd-11-300x319.jpg 300w, https:\/\/www.divers2023.ch\/wp-content\/uploads\/sites\/3\/2023\/07\/pfeffer-auge-wandernd-11-150x160.jpg 150w, https:\/\/www.divers2023.ch\/wp-content\/uploads\/sites\/3\/2023\/07\/pfeffer-auge-wandernd-11-768x817.jpg 768w, https:\/\/www.divers2023.ch\/wp-content\/uploads\/sites\/3\/2023\/07\/pfeffer-auge-wandernd-11-860x914.jpg 860w, https:\/\/www.divers2023.ch\/wp-content\/uploads\/sites\/3\/2023\/07\/pfeffer-auge-wandernd-11-420x447.jpg 420w, https:\/\/www.divers2023.ch\/wp-content\/uploads\/sites\/3\/2023\/07\/pfeffer-auge-wandernd-11-255x271.jpg 255w, https:\/\/www.divers2023.ch\/wp-content\/uploads\/sites\/3\/2023\/07\/pfeffer-auge-wandernd-11-530x564.jpg 530w, https:\/\/www.divers2023.ch\/wp-content\/uploads\/sites\/3\/2023\/07\/pfeffer-auge-wandernd-11-780x829.jpg 780w\" sizes=\"auto, (max-width: 884px) 100vw, 884px\" \/>        <\/a>\n      <\/div>\n            <div class=\"swiper-slide\">\n                <a href=\"https:\/\/www.divers2023.ch\/wp-content\/uploads\/sites\/3\/2023\/07\/pfeffer-auge-wandernd-12.jpg\" data-fancybox=\"gallery-69f0f64fb7234\" data-caption=\"\">\n          <img loading=\"lazy\" decoding=\"async\" width=\"901\" height=\"940\" src=\"https:\/\/www.divers2023.ch\/wp-content\/uploads\/sites\/3\/2023\/07\/pfeffer-auge-wandernd-12.jpg\" class=\"no-lazyload\" alt=\"\" srcset=\"https:\/\/www.divers2023.ch\/wp-content\/uploads\/sites\/3\/2023\/07\/pfeffer-auge-wandernd-12.jpg 901w, https:\/\/www.divers2023.ch\/wp-content\/uploads\/sites\/3\/2023\/07\/pfeffer-auge-wandernd-12-300x313.jpg 300w, https:\/\/www.divers2023.ch\/wp-content\/uploads\/sites\/3\/2023\/07\/pfeffer-auge-wandernd-12-150x156.jpg 150w, https:\/\/www.divers2023.ch\/wp-content\/uploads\/sites\/3\/2023\/07\/pfeffer-auge-wandernd-12-768x801.jpg 768w, https:\/\/www.divers2023.ch\/wp-content\/uploads\/sites\/3\/2023\/07\/pfeffer-auge-wandernd-12-860x897.jpg 860w, https:\/\/www.divers2023.ch\/wp-content\/uploads\/sites\/3\/2023\/07\/pfeffer-auge-wandernd-12-420x438.jpg 420w, https:\/\/www.divers2023.ch\/wp-content\/uploads\/sites\/3\/2023\/07\/pfeffer-auge-wandernd-12-32x32.jpg 32w, https:\/\/www.divers2023.ch\/wp-content\/uploads\/sites\/3\/2023\/07\/pfeffer-auge-wandernd-12-255x266.jpg 255w, https:\/\/www.divers2023.ch\/wp-content\/uploads\/sites\/3\/2023\/07\/pfeffer-auge-wandernd-12-530x553.jpg 530w, https:\/\/www.divers2023.ch\/wp-content\/uploads\/sites\/3\/2023\/07\/pfeffer-auge-wandernd-12-780x814.jpg 780w\" sizes=\"auto, (max-width: 901px) 100vw, 901px\" \/>        <\/a>\n      <\/div>\n            <div class=\"swiper-slide\">\n                <a href=\"https:\/\/www.divers2023.ch\/wp-content\/uploads\/sites\/3\/2023\/07\/pfeffer-auge-wandernd-13.jpg\" data-fancybox=\"gallery-69f0f64fb7234\" data-caption=\"\">\n          <img loading=\"lazy\" decoding=\"async\" width=\"910\" height=\"940\" src=\"https:\/\/www.divers2023.ch\/wp-content\/uploads\/sites\/3\/2023\/07\/pfeffer-auge-wandernd-13.jpg\" class=\"no-lazyload\" alt=\"\" srcset=\"https:\/\/www.divers2023.ch\/wp-content\/uploads\/sites\/3\/2023\/07\/pfeffer-auge-wandernd-13.jpg 910w, https:\/\/www.divers2023.ch\/wp-content\/uploads\/sites\/3\/2023\/07\/pfeffer-auge-wandernd-13-300x310.jpg 300w, https:\/\/www.divers2023.ch\/wp-content\/uploads\/sites\/3\/2023\/07\/pfeffer-auge-wandernd-13-150x155.jpg 150w, https:\/\/www.divers2023.ch\/wp-content\/uploads\/sites\/3\/2023\/07\/pfeffer-auge-wandernd-13-768x793.jpg 768w, https:\/\/www.divers2023.ch\/wp-content\/uploads\/sites\/3\/2023\/07\/pfeffer-auge-wandernd-13-860x888.jpg 860w, https:\/\/www.divers2023.ch\/wp-content\/uploads\/sites\/3\/2023\/07\/pfeffer-auge-wandernd-13-420x434.jpg 420w, https:\/\/www.divers2023.ch\/wp-content\/uploads\/sites\/3\/2023\/07\/pfeffer-auge-wandernd-13-32x32.jpg 32w, https:\/\/www.divers2023.ch\/wp-content\/uploads\/sites\/3\/2023\/07\/pfeffer-auge-wandernd-13-255x263.jpg 255w, https:\/\/www.divers2023.ch\/wp-content\/uploads\/sites\/3\/2023\/07\/pfeffer-auge-wandernd-13-530x547.jpg 530w, https:\/\/www.divers2023.ch\/wp-content\/uploads\/sites\/3\/2023\/07\/pfeffer-auge-wandernd-13-780x806.jpg 780w\" sizes=\"auto, (max-width: 910px) 100vw, 910px\" \/>        <\/a>\n      <\/div>\n            <div class=\"swiper-slide\">\n                <a href=\"https:\/\/www.divers2023.ch\/wp-content\/uploads\/sites\/3\/2023\/07\/pfeffer-auge-wandernd-14.jpg\" data-fancybox=\"gallery-69f0f64fb7234\" data-caption=\"Walter Pfeiffer, Die Augen, die Gedanken, unentwegt wandernd, 1986, Silbergelatine-Abzug, Sammlung Fotomuseum Winterthur, Schenkung Walter Pfeiffer, \u00a9 2023 ProLitteris, Z\u00fcrich\n\">\n          <img loading=\"lazy\" decoding=\"async\" width=\"883\" height=\"940\" src=\"https:\/\/www.divers2023.ch\/wp-content\/uploads\/sites\/3\/2023\/07\/pfeffer-auge-wandernd-14.jpg\" class=\"no-lazyload\" alt=\"\" srcset=\"https:\/\/www.divers2023.ch\/wp-content\/uploads\/sites\/3\/2023\/07\/pfeffer-auge-wandernd-14.jpg 883w, https:\/\/www.divers2023.ch\/wp-content\/uploads\/sites\/3\/2023\/07\/pfeffer-auge-wandernd-14-300x319.jpg 300w, https:\/\/www.divers2023.ch\/wp-content\/uploads\/sites\/3\/2023\/07\/pfeffer-auge-wandernd-14-150x160.jpg 150w, https:\/\/www.divers2023.ch\/wp-content\/uploads\/sites\/3\/2023\/07\/pfeffer-auge-wandernd-14-768x818.jpg 768w, https:\/\/www.divers2023.ch\/wp-content\/uploads\/sites\/3\/2023\/07\/pfeffer-auge-wandernd-14-860x916.jpg 860w, https:\/\/www.divers2023.ch\/wp-content\/uploads\/sites\/3\/2023\/07\/pfeffer-auge-wandernd-14-420x447.jpg 420w, https:\/\/www.divers2023.ch\/wp-content\/uploads\/sites\/3\/2023\/07\/pfeffer-auge-wandernd-14-255x271.jpg 255w, https:\/\/www.divers2023.ch\/wp-content\/uploads\/sites\/3\/2023\/07\/pfeffer-auge-wandernd-14-530x564.jpg 530w, https:\/\/www.divers2023.ch\/wp-content\/uploads\/sites\/3\/2023\/07\/pfeffer-auge-wandernd-14-780x830.jpg 780w\" sizes=\"auto, (max-width: 883px) 100vw, 883px\" \/>        <\/a>\n      <\/div>\n            <div class=\"swiper-slide\">\n                <a href=\"https:\/\/www.divers2023.ch\/wp-content\/uploads\/sites\/3\/2023\/07\/pfeffer-auge-wandernd-15.jpg\" data-fancybox=\"gallery-69f0f64fb7234\" data-caption=\"\">\n          <img loading=\"lazy\" decoding=\"async\" width=\"896\" height=\"940\" src=\"https:\/\/www.divers2023.ch\/wp-content\/uploads\/sites\/3\/2023\/07\/pfeffer-auge-wandernd-15.jpg\" class=\"no-lazyload\" alt=\"\" srcset=\"https:\/\/www.divers2023.ch\/wp-content\/uploads\/sites\/3\/2023\/07\/pfeffer-auge-wandernd-15.jpg 896w, https:\/\/www.divers2023.ch\/wp-content\/uploads\/sites\/3\/2023\/07\/pfeffer-auge-wandernd-15-300x315.jpg 300w, https:\/\/www.divers2023.ch\/wp-content\/uploads\/sites\/3\/2023\/07\/pfeffer-auge-wandernd-15-150x157.jpg 150w, https:\/\/www.divers2023.ch\/wp-content\/uploads\/sites\/3\/2023\/07\/pfeffer-auge-wandernd-15-768x806.jpg 768w, https:\/\/www.divers2023.ch\/wp-content\/uploads\/sites\/3\/2023\/07\/pfeffer-auge-wandernd-15-860x902.jpg 860w, https:\/\/www.divers2023.ch\/wp-content\/uploads\/sites\/3\/2023\/07\/pfeffer-auge-wandernd-15-420x441.jpg 420w, https:\/\/www.divers2023.ch\/wp-content\/uploads\/sites\/3\/2023\/07\/pfeffer-auge-wandernd-15-255x268.jpg 255w, https:\/\/www.divers2023.ch\/wp-content\/uploads\/sites\/3\/2023\/07\/pfeffer-auge-wandernd-15-530x556.jpg 530w, https:\/\/www.divers2023.ch\/wp-content\/uploads\/sites\/3\/2023\/07\/pfeffer-auge-wandernd-15-780x818.jpg 780w\" sizes=\"auto, (max-width: 896px) 100vw, 896px\" \/>        <\/a>\n      <\/div>\n      \n    <\/div>\n\n    <div class=\"swiper-pagination\"><\/div>\n    <div class=\"swiper-button-prev\"><\/div>\n    <div class=\"swiper-button-next\"><\/div>\n  <\/div>\n<\/div>\n\n\n\n<div class=\"wp-block-columns is-layout-flex wp-container-core-columns-is-layout-28f84493 wp-block-columns-is-layout-flex\">\n<div class=\"wp-block-column is-layout-flow wp-block-column-is-layout-flow\" style=\"flex-basis:66.66%\">\n<h2 class=\"wp-block-heading\" id=\"wer-bin-ich\">Wer Bin ich?<\/h2>\n\n\n\n<p>Rechtlich sind in der Schweiz nur die zwei Geschlechter \u00abMann\u00bb und \u00abFrau\u00bb zugelassen. Doch: Niemand ist nur Mann oder Frau. Geschlecht ist etwas Fliessendes, Ver\u00e4nderliches. Wir alle verf\u00fcgen \u00fcber viele Eigenschaften. Diese sind vielleicht widerspr\u00fcchlich. Ob wir diese Eigenschaften als weiblich oder m\u00e4nnlich bezeichnen, ist egal.<\/p>\n\n\n\n<p>M\u00e4nner, die weiblich wirken, und jungen-haft wirkende Frauen werden auch als andro-gyn bezeichnet. Insbesondere die Kunst der 1970er-Jahre spielt mit Andro-Gynit\u00e4t, Verkleidung und Geschlechter-Rollen. Das Kunstmuseum Luzern widmet dem Ph\u00e4nomen 1974 die Ausstellung <em>Transformer. Aspekte der Travestie<\/em>.<\/p>\n<\/div>\n\n\n\n<div class=\"wp-block-column is-layout-flow wp-block-column-is-layout-flow\" style=\"flex-basis:33.33%\"><\/div>\n<\/div>\n\n\n\n<div class=\"wp-block-columns is-layout-flex wp-container-core-columns-is-layout-28f84493 wp-block-columns-is-layout-flex\">\n<div class=\"wp-block-column is-layout-flow wp-block-column-is-layout-flow\" style=\"flex-basis:33.33%\">\n<p>Walter Pfeiffer fotografiert die Serie <em>Carlo Joh<\/em> f\u00fcr die Ausstellung <em>Transformer<\/em>. Die Fotografien zeigen Carlo Joh: Er spielt auf den Bildern mit weiblichen Rollen und Kleidungsst\u00fccken.<\/p>\n\n\n\n<p>Carlo Joh und Walter Pfeiffer erkunden das Sowohl-als-auch. Das Spiel mit Sch\u00f6nheit und Doppeldeutigkeit verdichtet sich dabei zu einem zarten, pers\u00f6nlichen Portr\u00e4t.<\/p>\n<\/div>\n\n\n\n<div class=\"wp-block-column is-layout-flow wp-block-column-is-layout-flow\" style=\"flex-basis:66.66%\">\n<div style=\"padding:80.07% 0 0 0;position:relative;\"><iframe src=\"https:\/\/player.vimeo.com\/video\/842918690?h=c4a4a24e75&#038;autoplay=1&#038;loop=1&#038;title=0&#038;byline=0&#038;portrait=0\" style=\"position:absolute;top:0;left:0;width:100%;height:100%;\" frameborder=\"0\" allow=\"autoplay; fullscreen; picture-in-picture\" allowfullscreen><\/iframe><\/div><script src=\"https:\/\/player.vimeo.com\/api\/player.js\"><\/script>\n<\/div>\n<\/div>\n\n\n\n<div class=\"wp-block-columns is-layout-flex wp-container-core-columns-is-layout-28f84493 wp-block-columns-is-layout-flex\">\n<div class=\"wp-block-column is-layout-flow wp-block-column-is-layout-flow\">\n<h2 class=\"wp-block-heading\" id=\"lgbtqia\">LGBTQIA+<\/h2>\n\n\n\n<p>LGBTQIA+ bedeutet: <\/p>\n\n\n\n<ul class=\"wp-block-list\">\n<li>Lesbisch<\/li>\n\n\n\n<li>Gay (Schwul)<\/li>\n\n\n\n<li>Bisexuell<\/li>\n\n\n\n<li>Transgender<\/li>\n\n\n\n<li>Queer<\/li>\n\n\n\n<li>Intersexuell<\/li>\n\n\n\n<li>Asexuell<\/li>\n<\/ul>\n\n\n\n<p>Das Plus-Zeichen bedeutet, dass die Liste weitergehen kann. <\/p>\n\n\n\n<p>LGBTQIA+-Menschen k\u00e4mpfen gegen Benachteiligungen. Sie werden ausgeschlossen oder angegriffen. LGBTQIA+-Menschen erfahren oft Gewalt, weil sie nicht den Normen entsprechen.<\/p>\n\n\n\n<p>In der Schweiz werden Gewalttaten gegen LGBTQIA+-Menschen nicht eigens erfasst. Politische Vorst\u00f6sse daf\u00fcr sind bisher gescheitert. Der Bundesrat glaubt, dass die Zeit noch nicht reif f\u00fcr ein drittes Geschlecht ist (neben m\u00e4nnlich und weiblich). Vielleicht braucht es daf\u00fcr erst ein Bundesratsmitglied, das weder Mann noch Frau ist.<\/p>\n\n\n\n<div class=\"wp-block-columns is-layout-flex wp-container-core-columns-is-layout-28f84493 wp-block-columns-is-layout-flex\">\n<div class=\"wp-block-column is-layout-flow wp-block-column-is-layout-flow\" style=\"flex-basis:66.66%\">\n<figure class=\"wp-block-embed is-type-video is-provider-youtube wp-block-embed-youtube wp-embed-aspect-16-9 wp-has-aspect-ratio\"><div class=\"wp-block-embed__wrapper\">\n<iframe loading=\"lazy\" title=\"30.09.2022 - R\u00fccktrittserkl\u00e4rung von Ueli Maurer\" width=\"500\" height=\"281\" src=\"https:\/\/www.youtube.com\/embed\/qfKpCA7NfG4?start=1346&#038;feature=oembed\" frameborder=\"0\" allow=\"accelerometer; autoplay; clipboard-write; encrypted-media; gyroscope; picture-in-picture; web-share\" referrerpolicy=\"strict-origin-when-cross-origin\" allowfullscreen><\/iframe>\n<\/div><figcaption class=\"wp-element-caption\">Ueli Maurer sagt bei seinem R\u00fccktritt, dass er sich kein \u00abEs\u00ab\u00bb als Nachfolger:in w\u00fcnscht.<\/figcaption><\/figure>\n<\/div>\n\n\n\n<div class=\"wp-block-column is-layout-flow wp-block-column-is-layout-flow\" style=\"flex-basis:33.33%\"><\/div>\n<\/div>\n<\/div>\n\n\n\n<div class=\"wp-block-column is-layout-flow wp-block-column-is-layout-flow\">\n<h2 class=\"wp-block-heading\" id=\"\"><\/h2>\n\n\n\n<figure class=\"wp-block-image size-full\"><img loading=\"lazy\" decoding=\"async\" width=\"1024\" height=\"650\" src=\"https:\/\/www.divers2023.ch\/wp-content\/uploads\/sites\/3\/2023\/10\/Intersex-inclusive_pride_flag.svg.png\" alt=\"\" class=\"wp-image-2005\" srcset=\"https:\/\/www.divers2023.ch\/wp-content\/uploads\/sites\/3\/2023\/10\/Intersex-inclusive_pride_flag.svg.png 1024w, https:\/\/www.divers2023.ch\/wp-content\/uploads\/sites\/3\/2023\/10\/Intersex-inclusive_pride_flag.svg-300x190.png 300w, https:\/\/www.divers2023.ch\/wp-content\/uploads\/sites\/3\/2023\/10\/Intersex-inclusive_pride_flag.svg-150x95.png 150w, https:\/\/www.divers2023.ch\/wp-content\/uploads\/sites\/3\/2023\/10\/Intersex-inclusive_pride_flag.svg-768x488.png 768w, https:\/\/www.divers2023.ch\/wp-content\/uploads\/sites\/3\/2023\/10\/Intersex-inclusive_pride_flag.svg-860x546.png 860w, https:\/\/www.divers2023.ch\/wp-content\/uploads\/sites\/3\/2023\/10\/Intersex-inclusive_pride_flag.svg-420x267.png 420w, https:\/\/www.divers2023.ch\/wp-content\/uploads\/sites\/3\/2023\/10\/Intersex-inclusive_pride_flag.svg-255x162.png 255w, https:\/\/www.divers2023.ch\/wp-content\/uploads\/sites\/3\/2023\/10\/Intersex-inclusive_pride_flag.svg-530x336.png 530w, https:\/\/www.divers2023.ch\/wp-content\/uploads\/sites\/3\/2023\/10\/Intersex-inclusive_pride_flag.svg-780x495.png 780w\" sizes=\"auto, (max-width: 1024px) 100vw, 1024px\" \/><figcaption class=\"wp-element-caption\">Intersex-inclusive Pride Flag, Valentino Vecchietti, 2021<\/figcaption><\/figure>\n<\/div>\n<\/div>\n\n\n\n<div class=\"wp-block-columns is-layout-flex wp-container-core-columns-is-layout-28f84493 wp-block-columns-is-layout-flex\">\n<div class=\"wp-block-column is-layout-flow wp-block-column-is-layout-flow\">\n<figure class=\"wp-block-image size-large\"><img loading=\"lazy\" decoding=\"async\" width=\"1024\" height=\"1448\" src=\"https:\/\/www.divers2023.ch\/wp-content\/uploads\/sites\/3\/2023\/07\/nzz-20221022-s36-1024x1448.jpg\" alt=\"\" class=\"wp-image-978\" srcset=\"https:\/\/www.divers2023.ch\/wp-content\/uploads\/sites\/3\/2023\/07\/nzz-20221022-s36-1024x1448.jpg 1024w, https:\/\/www.divers2023.ch\/wp-content\/uploads\/sites\/3\/2023\/07\/nzz-20221022-s36-300x424.jpg 300w, https:\/\/www.divers2023.ch\/wp-content\/uploads\/sites\/3\/2023\/07\/nzz-20221022-s36-150x212.jpg 150w, https:\/\/www.divers2023.ch\/wp-content\/uploads\/sites\/3\/2023\/07\/nzz-20221022-s36-768x1086.jpg 768w, https:\/\/www.divers2023.ch\/wp-content\/uploads\/sites\/3\/2023\/07\/nzz-20221022-s36-1086x1536.jpg 1086w, https:\/\/www.divers2023.ch\/wp-content\/uploads\/sites\/3\/2023\/07\/nzz-20221022-s36-860x1216.jpg 860w, https:\/\/www.divers2023.ch\/wp-content\/uploads\/sites\/3\/2023\/07\/nzz-20221022-s36-420x594.jpg 420w, https:\/\/www.divers2023.ch\/wp-content\/uploads\/sites\/3\/2023\/07\/nzz-20221022-s36-255x361.jpg 255w, https:\/\/www.divers2023.ch\/wp-content\/uploads\/sites\/3\/2023\/07\/nzz-20221022-s36-530x749.jpg 530w, https:\/\/www.divers2023.ch\/wp-content\/uploads\/sites\/3\/2023\/07\/nzz-20221022-s36-780x1103.jpg 780w, https:\/\/www.divers2023.ch\/wp-content\/uploads\/sites\/3\/2023\/07\/nzz-20221022-s36.jpg 1140w\" sizes=\"auto, (max-width: 1024px) 100vw, 1024px\" \/><figcaption class=\"wp-element-caption\">Kim de l\u2019Horizon, NZZ, 19.10.2022, <a href=\"https:\/\/www.nzz.ch\/feuilleton\/kim-de-lhorizon-fragt-ueli-maurer-warum-bekaempfen-sie-mich-ld.1707890?reduced=true\" target=\"_blank\" rel=\"noreferrer noopener\">https:\/\/www.nzz.ch\/feuilleton\/kim-de-lhorizon-fragt-ueli-maurer-warum-bekaempfen-sie-mich-ld.1707890?reduced=true<\/a><\/figcaption><\/figure>\n<\/div>\n\n\n\n<div class=\"wp-block-column is-layout-flow wp-block-column-is-layout-flow\">\n<figure class=\"wp-block-image size-large\"><img loading=\"lazy\" decoding=\"async\" width=\"1024\" height=\"1448\" src=\"https:\/\/www.divers2023.ch\/wp-content\/uploads\/sites\/3\/2023\/07\/nzz-20221022-s37-1024x1448.jpg\" alt=\"\" class=\"wp-image-979\" srcset=\"https:\/\/www.divers2023.ch\/wp-content\/uploads\/sites\/3\/2023\/07\/nzz-20221022-s37-1024x1448.jpg 1024w, https:\/\/www.divers2023.ch\/wp-content\/uploads\/sites\/3\/2023\/07\/nzz-20221022-s37-300x424.jpg 300w, https:\/\/www.divers2023.ch\/wp-content\/uploads\/sites\/3\/2023\/07\/nzz-20221022-s37-150x212.jpg 150w, https:\/\/www.divers2023.ch\/wp-content\/uploads\/sites\/3\/2023\/07\/nzz-20221022-s37-768x1086.jpg 768w, https:\/\/www.divers2023.ch\/wp-content\/uploads\/sites\/3\/2023\/07\/nzz-20221022-s37-1086x1536.jpg 1086w, https:\/\/www.divers2023.ch\/wp-content\/uploads\/sites\/3\/2023\/07\/nzz-20221022-s37-1448x2048.jpg 1448w, https:\/\/www.divers2023.ch\/wp-content\/uploads\/sites\/3\/2023\/07\/nzz-20221022-s37-860x1216.jpg 860w, https:\/\/www.divers2023.ch\/wp-content\/uploads\/sites\/3\/2023\/07\/nzz-20221022-s37-420x594.jpg 420w, https:\/\/www.divers2023.ch\/wp-content\/uploads\/sites\/3\/2023\/07\/nzz-20221022-s37-1380x1952.jpg 1380w, https:\/\/www.divers2023.ch\/wp-content\/uploads\/sites\/3\/2023\/07\/nzz-20221022-s37-255x361.jpg 255w, https:\/\/www.divers2023.ch\/wp-content\/uploads\/sites\/3\/2023\/07\/nzz-20221022-s37-530x749.jpg 530w, https:\/\/www.divers2023.ch\/wp-content\/uploads\/sites\/3\/2023\/07\/nzz-20221022-s37-780x1103.jpg 780w, https:\/\/www.divers2023.ch\/wp-content\/uploads\/sites\/3\/2023\/07\/nzz-20221022-s37.jpg 1654w\" sizes=\"auto, (max-width: 1024px) 100vw, 1024px\" \/><\/figure>\n<\/div>\n<\/div>\n\n\n\n<div style=\"height:27px\" aria-hidden=\"true\" class=\"wp-block-spacer\"><\/div>\n\n\n\n<div class=\"wp-block-columns is-layout-flex wp-container-core-columns-is-layout-28f84493 wp-block-columns-is-layout-flex\">\n<div class=\"wp-block-column is-layout-flow wp-block-column-is-layout-flow\" style=\"flex-basis:66.66%\">\n<h2 class=\"wp-block-heading\" id=\"brave-beauties-2014\">Brave Beauties, 2014\u2014<\/h2>\n\n\n\n<p><em>Brave Beauties<\/em> bedeutet \u00abmutige Sch\u00f6nheiten\u00bb. Die Portr\u00e4t-Serie <em>Brave Beauties<\/em> von Zanele Muholi zeigt Menschen an Sch\u00f6nheits-Wettbewerben. Es sind trans Frauen und Menschen, die sich weder als Mann oder Frau sehen. Gem\u00e4ss Muholi nehmen sie an diesen Wettbewerben teil, \u00abum die Geistes-Haltung der Gemeinschaft zu \u00e4ndern, in der sie leben, obwohl sie in dieser Gemeinschaft Schlimmes erfahren\u00bb. <\/p>\n\n\n\n<p>Diese Sch\u00f6nheits-Wettbewerbe bieten einen Raum des Widerstands innerhalb der Schwarzen LGBTQIA+-Gemeinschaft in S\u00fcdafrika. Sie zeigen Sch\u00f6nheit ausserhalb der Norm. Und ausserhalb der weissen Vorherrschaft. Die Serie <em>Brave Beauties<\/em> erinnert auch an Mode-Shootings. Damit fragt Muholi, ob \u00abim demokratischen S\u00fcdafrika das Bild einer trans Frau auf dem Titel eines Magazins stehen k\u00f6nnte\u00bb.<\/p>\n<\/div>\n\n\n\n<div class=\"wp-block-column is-layout-flow wp-block-column-is-layout-flow\" style=\"flex-basis:33.33%\"><\/div>\n<\/div>\n\n\n\n<div class=\"wp-block-columns is-layout-flex wp-container-core-columns-is-layout-28f84493 wp-block-columns-is-layout-flex\">\n<div class=\"wp-block-column is-layout-flow wp-block-column-is-layout-flow\">\n<div class=\"wp-block-columns is-layout-flex wp-container-core-columns-is-layout-28f84493 wp-block-columns-is-layout-flex\">\n<div class=\"wp-block-column is-layout-flow wp-block-column-is-layout-flow\" style=\"flex-basis:33.33%\"><\/div>\n\n\n\n<div class=\"wp-block-column is-layout-flow wp-block-column-is-layout-flow\" style=\"flex-basis:66.66%\">\n<figure class=\"wp-block-embed is-type-video is-provider-youtube wp-block-embed-youtube wp-embed-aspect-16-9 wp-has-aspect-ratio\"><div class=\"wp-block-embed__wrapper\">\n<iframe loading=\"lazy\" title=\"Zanele Muholi | Brave Beauties\" width=\"500\" height=\"281\" src=\"https:\/\/www.youtube.com\/embed\/3BaZCJcMaCc?feature=oembed\" frameborder=\"0\" allow=\"accelerometer; autoplay; clipboard-write; encrypted-media; gyroscope; picture-in-picture; web-share\" referrerpolicy=\"strict-origin-when-cross-origin\" allowfullscreen><\/iframe>\n<\/div><\/figure>\n<\/div>\n<\/div>\n<\/div>\n<\/div>\n\n\n\n  <div class=\"dt_slider-block alignwide\">\n  <div class=\"swiper\">\n    <div class=\"swiper-wrapper\">\n\n            <div class=\"swiper-slide\">\n                <a href=\"https:\/\/www.divers2023.ch\/wp-content\/uploads\/sites\/3\/2023\/07\/bravebeauties_candice-nkosi-durban-2020_1-scaled-tt-width-800-height-1212-bgcolor-ffffff-lazyload-1.jpg\" data-fancybox=\"gallery-69f0f64fbe35c\" data-caption=\"\">\n          <img loading=\"lazy\" decoding=\"async\" width=\"800\" height=\"1212\" src=\"https:\/\/www.divers2023.ch\/wp-content\/uploads\/sites\/3\/2023\/07\/bravebeauties_candice-nkosi-durban-2020_1-scaled-tt-width-800-height-1212-bgcolor-ffffff-lazyload-1.jpg\" class=\"no-lazyload\" alt=\"\" srcset=\"https:\/\/www.divers2023.ch\/wp-content\/uploads\/sites\/3\/2023\/07\/bravebeauties_candice-nkosi-durban-2020_1-scaled-tt-width-800-height-1212-bgcolor-ffffff-lazyload-1.jpg 800w, https:\/\/www.divers2023.ch\/wp-content\/uploads\/sites\/3\/2023\/07\/bravebeauties_candice-nkosi-durban-2020_1-scaled-tt-width-800-height-1212-bgcolor-ffffff-lazyload-1-300x455.jpg 300w, https:\/\/www.divers2023.ch\/wp-content\/uploads\/sites\/3\/2023\/07\/bravebeauties_candice-nkosi-durban-2020_1-scaled-tt-width-800-height-1212-bgcolor-ffffff-lazyload-1-150x227.jpg 150w, https:\/\/www.divers2023.ch\/wp-content\/uploads\/sites\/3\/2023\/07\/bravebeauties_candice-nkosi-durban-2020_1-scaled-tt-width-800-height-1212-bgcolor-ffffff-lazyload-1-768x1164.jpg 768w, https:\/\/www.divers2023.ch\/wp-content\/uploads\/sites\/3\/2023\/07\/bravebeauties_candice-nkosi-durban-2020_1-scaled-tt-width-800-height-1212-bgcolor-ffffff-lazyload-1-420x636.jpg 420w, https:\/\/www.divers2023.ch\/wp-content\/uploads\/sites\/3\/2023\/07\/bravebeauties_candice-nkosi-durban-2020_1-scaled-tt-width-800-height-1212-bgcolor-ffffff-lazyload-1-255x386.jpg 255w, https:\/\/www.divers2023.ch\/wp-content\/uploads\/sites\/3\/2023\/07\/bravebeauties_candice-nkosi-durban-2020_1-scaled-tt-width-800-height-1212-bgcolor-ffffff-lazyload-1-530x803.jpg 530w, https:\/\/www.divers2023.ch\/wp-content\/uploads\/sites\/3\/2023\/07\/bravebeauties_candice-nkosi-durban-2020_1-scaled-tt-width-800-height-1212-bgcolor-ffffff-lazyload-1-780x1182.jpg 780w\" sizes=\"auto, (max-width: 800px) 100vw, 800px\" \/>        <\/a>\n      <\/div>\n            <div class=\"swiper-slide\">\n                <a href=\"https:\/\/www.divers2023.ch\/wp-content\/uploads\/sites\/3\/2023\/07\/brave-beauties-3K0A4778-v.jpg\" data-fancybox=\"gallery-69f0f64fbe35c\" data-caption=\"\">\n          <img loading=\"lazy\" decoding=\"async\" width=\"620\" height=\"940\" src=\"https:\/\/www.divers2023.ch\/wp-content\/uploads\/sites\/3\/2023\/07\/brave-beauties-3K0A4778-v.jpg\" class=\"no-lazyload\" alt=\"\" srcset=\"https:\/\/www.divers2023.ch\/wp-content\/uploads\/sites\/3\/2023\/07\/brave-beauties-3K0A4778-v.jpg 620w, https:\/\/www.divers2023.ch\/wp-content\/uploads\/sites\/3\/2023\/07\/brave-beauties-3K0A4778-v-300x455.jpg 300w, https:\/\/www.divers2023.ch\/wp-content\/uploads\/sites\/3\/2023\/07\/brave-beauties-3K0A4778-v-150x227.jpg 150w, https:\/\/www.divers2023.ch\/wp-content\/uploads\/sites\/3\/2023\/07\/brave-beauties-3K0A4778-v-420x637.jpg 420w, https:\/\/www.divers2023.ch\/wp-content\/uploads\/sites\/3\/2023\/07\/brave-beauties-3K0A4778-v-255x387.jpg 255w, https:\/\/www.divers2023.ch\/wp-content\/uploads\/sites\/3\/2023\/07\/brave-beauties-3K0A4778-v-530x804.jpg 530w\" sizes=\"auto, (max-width: 620px) 100vw, 620px\" \/>        <\/a>\n      <\/div>\n            <div class=\"swiper-slide\">\n                <a href=\"https:\/\/www.divers2023.ch\/wp-content\/uploads\/sites\/3\/2023\/07\/brave-beauties-yaya-mavundla-parktown-johannesburg-2014jpg.jpg\" data-fancybox=\"gallery-69f0f64fbe35c\" data-caption=\"\">\n          <img loading=\"lazy\" decoding=\"async\" width=\"627\" height=\"940\" src=\"https:\/\/www.divers2023.ch\/wp-content\/uploads\/sites\/3\/2023\/07\/brave-beauties-yaya-mavundla-parktown-johannesburg-2014jpg.jpg\" class=\"no-lazyload\" alt=\"\" srcset=\"https:\/\/www.divers2023.ch\/wp-content\/uploads\/sites\/3\/2023\/07\/brave-beauties-yaya-mavundla-parktown-johannesburg-2014jpg.jpg 627w, https:\/\/www.divers2023.ch\/wp-content\/uploads\/sites\/3\/2023\/07\/brave-beauties-yaya-mavundla-parktown-johannesburg-2014jpg-300x450.jpg 300w, https:\/\/www.divers2023.ch\/wp-content\/uploads\/sites\/3\/2023\/07\/brave-beauties-yaya-mavundla-parktown-johannesburg-2014jpg-150x225.jpg 150w, https:\/\/www.divers2023.ch\/wp-content\/uploads\/sites\/3\/2023\/07\/brave-beauties-yaya-mavundla-parktown-johannesburg-2014jpg-420x630.jpg 420w, https:\/\/www.divers2023.ch\/wp-content\/uploads\/sites\/3\/2023\/07\/brave-beauties-yaya-mavundla-parktown-johannesburg-2014jpg-255x382.jpg 255w, https:\/\/www.divers2023.ch\/wp-content\/uploads\/sites\/3\/2023\/07\/brave-beauties-yaya-mavundla-parktown-johannesburg-2014jpg-530x795.jpg 530w\" sizes=\"auto, (max-width: 627px) 100vw, 627px\" \/>        <\/a>\n      <\/div>\n      \n    <\/div>\n\n    <div class=\"swiper-pagination\"><\/div>\n    <div class=\"swiper-button-prev\"><\/div>\n    <div class=\"swiper-button-next\"><\/div>\n  <\/div>\n<\/div>\n\n\n\n<div class=\"wp-block-group alignfull is-layout-flow wp-block-group-is-layout-flow\">\n<blockquote class=\"wp-block-quote has-text-align-center is-style-plain has-white-color has-text-color has-background has-large-font-size is-layout-flow wp-block-quote-is-layout-flow\" style=\"background-color:#cc3030\">\n<p class=\"has-white-color has-text-color\">\u00abThere&#8217;s nothing wrong with loving who you are.\u00bb<\/p>\n\n\n\n<p class=\"has-intro-font-size\">\u00abEs ist nichts falsch daran, dich so zu lieben, wie du bist.\u00bb<\/p>\n<cite>Lady Gaga, <em>Born this Way<\/em>, 2011<\/cite><\/blockquote>\n<\/div>\n\n\n\n<h2 class=\"wp-block-heading\" id=\"gleichstellung\">Gleichstellung<\/h2>\n\n\n\n<div class=\"wp-block-columns is-layout-flex wp-container-core-columns-is-layout-28f84493 wp-block-columns-is-layout-flex\">\n<div class=\"wp-block-column is-layout-flow wp-block-column-is-layout-flow\">\n<p>Das Weltwirtschaftsforum WEF ver\u00f6ffentlicht jedes Jahr einen Bericht zur Ungleichheit zwischen M\u00e4nnern und Frauen in vielen L\u00e4ndern. Dieser Bericht heisst Gender-Gap-Report. Der Bericht untersucht vier Bereiche:<\/p>\n\n\n\n<ol class=\"wp-block-list\">\n<li>wirtschaftliche Teilnahme und Teilhabe<\/li>\n\n\n\n<li>politische Teilnahme und Teilhabe<\/li>\n\n\n\n<li>Zugang zu Bildung<\/li>\n\n\n\n<li>Gesundheit und Lebenserwartung<\/li>\n<\/ol>\n\n\n\n<p>Im internationalen Verglich schneidet Island am besten ab. In Island betr\u00e4gt der Unterschied zwischen M\u00e4nnern und Frauen nicht einmal 10%.<\/p>\n<\/div>\n\n\n\n<div class=\"wp-block-column is-layout-flow wp-block-column-is-layout-flow\">\n<p>Die Schweiz hat in den vergangenen Jahren Pl\u00e4tze verloren: 2021 war die Schweiz unter den besten Zehn, zwei Jahre sp\u00e4ter ist sie auf Platz 21 zur\u00fcckgefallen. Schlechter waren vor allem die Bereiche Wirtschaft und Bildung. Bei der Bildung beispielsweise erreicht die Schweiz nur Rang 102 von 142 untersuchten L\u00e4ndern. Gem\u00e4ss Report wird der Gender-Gap in der Schweiz erst in \u00fcber 100 Jahren weg sein. Es gibt also noch viel zu tun!<\/p>\n<\/div>\n<\/div>\n\n\n\n<div class=\"wp-block-columns is-layout-flex wp-container-core-columns-is-layout-28f84493 wp-block-columns-is-layout-flex\">\n<div class=\"wp-block-column is-layout-flow wp-block-column-is-layout-flow\" style=\"flex-basis:33.33%\"><\/div>\n\n\n\n<div class=\"wp-block-column is-layout-flow wp-block-column-is-layout-flow\" style=\"flex-basis:66.66%\">\n<h2 class=\"wp-block-heading\" id=\"feminismus-und-emanzipation\">Feminismus und Emanzipation<\/h2>\n\n\n\n<p>Der Kampf f\u00fcr die Gleichstellung der Geschlechter dauert schon sehr lange. Frauen demonstrieren bereits seit einigen hundert Jahren f\u00fcr ihre Rechte. Innerhalb des Feminismus gibt es eine Vielzahl von Str\u00f6mungen. Hinterfragt und kritisiert werden vor allem die in der Gesellschaft verankerten ungleichen Machtstrukturen. Ein Beispiel ist die 2017 entstandene #MeToo-Bewegung. Das Hashtag verbreitet sich im Zuge des Weinstein-Skandals und f\u00fchrt weltweit zu einer \u00f6ffentlichen Debatte, die sich gegen sexuelle Bel\u00e4stigung und Missbrauch richtet.<\/p>\n\n\n\n<p>W\u00e4hrend es zu Beginn der Frauenrechtsbewegung vorrangig um die Rechte von Frauen geht, ist seit den 1990er-Jahren das Verst\u00e4ndnis von Feminismus breiter. Frauenrechts-, LGBTQIA+- und Antidiskriminierungsbewegungen gegen Rassimus und Klassismus schliessen sich zusammen. Der Feministische Streik Schweiz beispielsweise verfolgt nebst der Hauptforderung \u00abGleicher Lohn f\u00fcr gleiche Arbeit\u00bb die Bek\u00e4mpfung von rassistischer, fremdenfeindlicher, queerfeindlicher und behindertenfeindlicher Diskriminierung.<\/p>\n<\/div>\n<\/div>\n\n\n\n<div class=\"wp-block-group alignfull is-layout-flow wp-block-group-is-layout-flow\">\n<blockquote class=\"wp-block-quote has-text-align-center is-style-plain has-white-color has-text-color has-background has-large-font-size is-layout-flow wp-block-quote-is-layout-flow\" style=\"background-color:#ce94f7\">\n<p class=\"has-white-color has-text-color\">\u00abMan kommt nicht als Frau zur Welt, man wird es.\u00bb<\/p>\n<cite>Simone de Beauvoir, 1949<\/cite><\/blockquote>\n<\/div>\n\n\n\n<div class=\"wp-block-columns is-layout-flex wp-container-core-columns-is-layout-28f84493 wp-block-columns-is-layout-flex\">\n<div class=\"wp-block-column is-layout-flow wp-block-column-is-layout-flow\" style=\"flex-basis:66.66%\">\n<h2 class=\"wp-block-heading\" id=\"wahlrecht-fuer-alle\">Wahlrecht f\u00fcr alle!<\/h2>\n\n\n\n<p>Ab dem 17. Jahrhundert beginnen die Menschen die absolutistische Herrschaft von K\u00f6nigen und Kirche zu hinterfragen \u2013 es ist das Zeitalter der Aufkl\u00e4rung. Die Menschen diskutieren \u00fcber Philosophie, Recht, Literatur und Kunst, um Ideen einer neuen, gerechteren Gesellschaft zu verhandeln. Mit der 1789 verabschiedeten Erkl\u00e4rung der Menschen- und B\u00fcrgerrechte kommen sie diesem Ziel ein St\u00fcck n\u00e4her. Jedoch sind diese Rechte anfangs ausschliesslich weissen M\u00e4nnern vorbehalten.<\/p>\n<\/div>\n\n\n\n<div class=\"wp-block-column is-layout-flow wp-block-column-is-layout-flow\" style=\"flex-basis:33.33%\"><\/div>\n<\/div>\n\n\n\n<div class=\"wp-block-columns is-layout-flex wp-container-core-columns-is-layout-28f84493 wp-block-columns-is-layout-flex\">\n<div class=\"wp-block-column is-layout-flow wp-block-column-is-layout-flow\"><\/div>\n\n\n\n<div class=\"wp-block-column is-layout-flow wp-block-column-is-layout-flow\">\n<figure class=\"wp-block-image size-full\"><img loading=\"lazy\" decoding=\"async\" width=\"675\" height=\"960\" src=\"https:\/\/www.divers2023.ch\/wp-content\/uploads\/sites\/3\/2023\/06\/50-0079_web.jpg\" alt=\"\" class=\"wp-image-266\" srcset=\"https:\/\/www.divers2023.ch\/wp-content\/uploads\/sites\/3\/2023\/06\/50-0079_web.jpg 675w, https:\/\/www.divers2023.ch\/wp-content\/uploads\/sites\/3\/2023\/06\/50-0079_web-300x427.jpg 300w, https:\/\/www.divers2023.ch\/wp-content\/uploads\/sites\/3\/2023\/06\/50-0079_web-150x213.jpg 150w, https:\/\/www.divers2023.ch\/wp-content\/uploads\/sites\/3\/2023\/06\/50-0079_web-420x597.jpg 420w, https:\/\/www.divers2023.ch\/wp-content\/uploads\/sites\/3\/2023\/06\/50-0079_web-255x363.jpg 255w, https:\/\/www.divers2023.ch\/wp-content\/uploads\/sites\/3\/2023\/06\/50-0079_web-530x754.jpg 530w\" sizes=\"auto, (max-width: 675px) 100vw, 675px\" \/><figcaption class=\"wp-element-caption\">Plakat, Otto Baumberger, <em>Wollt Ihr solche Frauen?<\/em>, 1920, Foto: Museum f\u00fcr Gestaltung Z\u00fcrich, Plakatsammlung, ZHdK<\/figcaption><\/figure>\n<\/div>\n\n\n\n<div class=\"wp-block-column is-layout-flow wp-block-column-is-layout-flow\">\n<figure class=\"wp-block-image size-full\"><img loading=\"lazy\" decoding=\"async\" width=\"656\" height=\"940\" src=\"https:\/\/www.divers2023.ch\/wp-content\/uploads\/sites\/3\/2023\/06\/35-0242_web.jpg\" alt=\"\" class=\"wp-image-259\" srcset=\"https:\/\/www.divers2023.ch\/wp-content\/uploads\/sites\/3\/2023\/06\/35-0242_web.jpg 656w, https:\/\/www.divers2023.ch\/wp-content\/uploads\/sites\/3\/2023\/06\/35-0242_web-300x430.jpg 300w, https:\/\/www.divers2023.ch\/wp-content\/uploads\/sites\/3\/2023\/06\/35-0242_web-150x215.jpg 150w, https:\/\/www.divers2023.ch\/wp-content\/uploads\/sites\/3\/2023\/06\/35-0242_web-420x602.jpg 420w, https:\/\/www.divers2023.ch\/wp-content\/uploads\/sites\/3\/2023\/06\/35-0242_web-255x365.jpg 255w, https:\/\/www.divers2023.ch\/wp-content\/uploads\/sites\/3\/2023\/06\/35-0242_web-530x759.jpg 530w\" sizes=\"auto, (max-width: 656px) 100vw, 656px\" \/><figcaption class=\"wp-element-caption\">Plakat,<em> In ganz Europa haben die Frauen das Wahlrecht, nur nicht in der Schweiz<\/em>, 1950, Foto: Museum f\u00fcr Gestaltung Z\u00fcrich, Plakatsammlung, ZHdK<\/figcaption><\/figure>\n<\/div>\n<\/div>\n\n\n\n<h2 class=\"wp-block-heading\" id=\"wahlrecht\">wahlrecht<\/h2>\n\n\n\n<div class=\"wp-block-columns is-layout-flex wp-container-core-columns-is-layout-28f84493 wp-block-columns-is-layout-flex\">\n<div class=\"wp-block-column is-layout-flow wp-block-column-is-layout-flow\">\n<h3 class=\"wp-block-heading\" id=\"in-der-schweiz\">in der Schweiz<\/h3>\n\n\n\n<p>Der Kampf um das Frauenstimmrecht in der Schweiz beginnt mit der ersten Bundes-Verfassung von 1848. Sie besagt, dass alle \u00abSchweizer\u00bb vor dem Gesetz gleich sind. Lange sind aber nur die M\u00e4nner stimm-berechtigt. Erst seit gut 50 Jahren d\u00fcrfen auch die Schweizerinnen stimmen und w\u00e4hlen. Die Schweiz ist damit das letzte Land in Europa, welches das Stimm-Recht f\u00fcr Frauen einf\u00fchrt. Einzelne Kantone brauchen daf\u00fcr noch l\u00e4nger. 1990 f\u00fchrt das Bundes-Gericht das Frauen-Stimmrecht in Appenzell Innerrhoden ein.<\/p>\n<\/div>\n\n\n\n<div class=\"wp-block-column is-layout-flow wp-block-column-is-layout-flow\">\n<h4 class=\"wp-block-heading\" id=\"in-suedafrika\">in S\u00fcdafrika<\/h4>\n\n\n\n<p>In S\u00fcdafrika erhalten 1930 weisse Frauen das Wahl-Recht. Erst nach der Abschaffung der Apartheid 1994 sind alle Bev\u00f6lkerungsgruppen wahl-berechtigt.<\/p>\n<\/div>\n<\/div>\n","protected":false},"excerpt":{"rendered":"<p>m\u00e4nnlichweiblichinterendoCIStrans Bei der Geburt eines Kindes wird ihm ein Geschlecht zugewiesen. Aufgrund der \u00e4usseren Geschlechtsorgane gilt das Kind als weiblich oder m\u00e4nnlich. Sind die Geschlechtsorgane nicht eindeutig, werden die inneren Organe, die Hormone und Gene untersucht. Wenn eine Zuweisung zu einem der beiden Geschlechter nicht m\u00f6glich ist, wird von Inter-Geschlechtlichkeit gesprochen. In der Schweiz und [&hellip;]<\/p>\n","protected":false},"author":2,"featured_media":0,"parent":0,"menu_order":0,"comment_status":"closed","ping_status":"closed","template":"","meta":{"_acf_changed":false,"footnotes":""},"tags":[],"class_list":["post-1672","page","type-page","status-publish","hentry"],"acf":[],"yoast_head":"<!-- This site is optimized with the Yoast SEO plugin v26.6 - https:\/\/yoast.com\/wordpress\/plugins\/seo\/ -->\n<title>Geschlecht - Divers | Kunstmuseum Luzern<\/title>\n<meta name=\"robots\" content=\"index, follow, max-snippet:-1, max-image-preview:large, max-video-preview:-1\" \/>\n<link rel=\"canonical\" href=\"https:\/\/www.divers2023.ch\/de-e-l\/gender\/\" \/>\n<meta property=\"og:locale\" content=\"de_DE\" \/>\n<meta property=\"og:type\" content=\"article\" \/>\n<meta property=\"og:title\" content=\"Geschlecht - Divers | Kunstmuseum Luzern\" \/>\n<meta property=\"og:description\" content=\"m\u00e4nnlichweiblichinterendoCIStrans Bei der Geburt eines Kindes wird ihm ein Geschlecht zugewiesen. Aufgrund der \u00e4usseren Geschlechtsorgane gilt das Kind als weiblich oder m\u00e4nnlich. Sind die Geschlechtsorgane nicht eindeutig, werden die inneren Organe, die Hormone und Gene untersucht. Wenn eine Zuweisung zu einem der beiden Geschlechter nicht m\u00f6glich ist, wird von Inter-Geschlechtlichkeit gesprochen. In der Schweiz und [&hellip;]\" \/>\n<meta property=\"og:url\" content=\"https:\/\/www.divers2023.ch\/de-e-l\/gender\/\" \/>\n<meta property=\"og:site_name\" content=\"Divers | Kunstmuseum Luzern\" \/>\n<meta property=\"article:modified_time\" content=\"2023-10-12T09:42:44+00:00\" \/>\n<meta property=\"og:image\" content=\"https:\/\/www.divers2023.ch\/wp-content\/uploads\/sites\/3\/2023\/08\/geschlechter-radar-dimensionen-de.jpg\" \/>\n<meta name=\"twitter:card\" content=\"summary_large_image\" \/>\n<meta name=\"twitter:label1\" content=\"Est. reading time\" \/>\n\t<meta name=\"twitter:data1\" content=\"8 minutes\" \/>\n<script type=\"application\/ld+json\" class=\"yoast-schema-graph\">{\"@context\":\"https:\/\/schema.org\",\"@graph\":[{\"@type\":\"WebPage\",\"@id\":\"https:\/\/www.divers2023.ch\/de-e-l\/gender\/\",\"url\":\"https:\/\/www.divers2023.ch\/de-e-l\/gender\/\",\"name\":\"Geschlecht - Divers | Kunstmuseum Luzern\",\"isPartOf\":{\"@id\":\"https:\/\/www.divers2023.ch\/#website\"},\"primaryImageOfPage\":{\"@id\":\"https:\/\/www.divers2023.ch\/de-e-l\/gender\/#primaryimage\"},\"image\":{\"@id\":\"https:\/\/www.divers2023.ch\/de-e-l\/gender\/#primaryimage\"},\"thumbnailUrl\":\"https:\/\/www.divers2023.ch\/wp-content\/uploads\/sites\/3\/2023\/08\/geschlechter-radar-dimensionen-de.jpg\",\"datePublished\":\"2023-07-06T16:27:08+00:00\",\"dateModified\":\"2023-10-12T09:42:44+00:00\",\"breadcrumb\":{\"@id\":\"https:\/\/www.divers2023.ch\/de-e-l\/gender\/#breadcrumb\"},\"inLanguage\":\"de-DE-leicht\",\"potentialAction\":[{\"@type\":\"ReadAction\",\"target\":[\"https:\/\/www.divers2023.ch\/de-e-l\/gender\/\"]}]},{\"@type\":\"ImageObject\",\"inLanguage\":\"de-DE-leicht\",\"@id\":\"https:\/\/www.divers2023.ch\/de-e-l\/gender\/#primaryimage\",\"url\":\"https:\/\/www.divers2023.ch\/wp-content\/uploads\/sites\/3\/2023\/08\/geschlechter-radar-dimensionen-de.jpg\",\"contentUrl\":\"https:\/\/www.divers2023.ch\/wp-content\/uploads\/sites\/3\/2023\/08\/geschlechter-radar-dimensionen-de.jpg\"},{\"@type\":\"BreadcrumbList\",\"@id\":\"https:\/\/www.divers2023.ch\/de-e-l\/gender\/#breadcrumb\",\"itemListElement\":[{\"@type\":\"ListItem\",\"position\":1,\"name\":\"Startseite\",\"item\":\"https:\/\/www.divers2023.ch\/de-e-l\/\"},{\"@type\":\"ListItem\",\"position\":2,\"name\":\"Geschlecht\"}]},{\"@type\":\"WebSite\",\"@id\":\"https:\/\/www.divers2023.ch\/#website\",\"url\":\"https:\/\/www.divers2023.ch\/\",\"name\":\"Divers | Kunstmuseum Luzern\",\"description\":\"Digitale Tour\",\"publisher\":{\"@id\":\"https:\/\/www.divers2023.ch\/#organization\"},\"potentialAction\":[{\"@type\":\"SearchAction\",\"target\":{\"@type\":\"EntryPoint\",\"urlTemplate\":\"https:\/\/www.divers2023.ch\/?s={search_term_string}\"},\"query-input\":{\"@type\":\"PropertyValueSpecification\",\"valueRequired\":true,\"valueName\":\"search_term_string\"}}],\"inLanguage\":\"de-DE-leicht\"},{\"@type\":\"Organization\",\"@id\":\"https:\/\/www.divers2023.ch\/#organization\",\"name\":\"Divers | Kunstmuseum Luzern\",\"url\":\"https:\/\/www.divers2023.ch\/\",\"logo\":{\"@type\":\"ImageObject\",\"inLanguage\":\"de-DE-leicht\",\"@id\":\"https:\/\/www.divers2023.ch\/#\/schema\/logo\/image\/\",\"url\":\"https:\/\/www.divers2023.ch\/wp-content\/uploads\/sites\/3\/2023\/05\/logo.svg\",\"contentUrl\":\"https:\/\/www.divers2023.ch\/wp-content\/uploads\/sites\/3\/2023\/05\/logo.svg\",\"width\":38,\"height\":64,\"caption\":\"Divers | Kunstmuseum Luzern\"},\"image\":{\"@id\":\"https:\/\/www.divers2023.ch\/#\/schema\/logo\/image\/\"}}]}<\/script>\n<!-- \/ Yoast SEO plugin. -->","yoast_head_json":{"title":"Geschlecht - Divers | Kunstmuseum Luzern","robots":{"index":"index","follow":"follow","max-snippet":"max-snippet:-1","max-image-preview":"max-image-preview:large","max-video-preview":"max-video-preview:-1"},"canonical":"https:\/\/www.divers2023.ch\/de-e-l\/gender\/","og_locale":"de_DE","og_type":"article","og_title":"Geschlecht - Divers | Kunstmuseum Luzern","og_description":"m\u00e4nnlichweiblichinterendoCIStrans Bei der Geburt eines Kindes wird ihm ein Geschlecht zugewiesen. Aufgrund der \u00e4usseren Geschlechtsorgane gilt das Kind als weiblich oder m\u00e4nnlich. Sind die Geschlechtsorgane nicht eindeutig, werden die inneren Organe, die Hormone und Gene untersucht. Wenn eine Zuweisung zu einem der beiden Geschlechter nicht m\u00f6glich ist, wird von Inter-Geschlechtlichkeit gesprochen. In der Schweiz und [&hellip;]","og_url":"https:\/\/www.divers2023.ch\/de-e-l\/gender\/","og_site_name":"Divers | Kunstmuseum Luzern","article_modified_time":"2023-10-12T09:42:44+00:00","og_image":[{"url":"https:\/\/www.divers2023.ch\/wp-content\/uploads\/sites\/3\/2023\/08\/geschlechter-radar-dimensionen-de.jpg","type":"","width":"","height":""}],"twitter_card":"summary_large_image","twitter_misc":{"Est. reading time":"8 minutes"},"schema":{"@context":"https:\/\/schema.org","@graph":[{"@type":"WebPage","@id":"https:\/\/www.divers2023.ch\/de-e-l\/gender\/","url":"https:\/\/www.divers2023.ch\/de-e-l\/gender\/","name":"Geschlecht - Divers | Kunstmuseum Luzern","isPartOf":{"@id":"https:\/\/www.divers2023.ch\/#website"},"primaryImageOfPage":{"@id":"https:\/\/www.divers2023.ch\/de-e-l\/gender\/#primaryimage"},"image":{"@id":"https:\/\/www.divers2023.ch\/de-e-l\/gender\/#primaryimage"},"thumbnailUrl":"https:\/\/www.divers2023.ch\/wp-content\/uploads\/sites\/3\/2023\/08\/geschlechter-radar-dimensionen-de.jpg","datePublished":"2023-07-06T16:27:08+00:00","dateModified":"2023-10-12T09:42:44+00:00","breadcrumb":{"@id":"https:\/\/www.divers2023.ch\/de-e-l\/gender\/#breadcrumb"},"inLanguage":"de-DE-leicht","potentialAction":[{"@type":"ReadAction","target":["https:\/\/www.divers2023.ch\/de-e-l\/gender\/"]}]},{"@type":"ImageObject","inLanguage":"de-DE-leicht","@id":"https:\/\/www.divers2023.ch\/de-e-l\/gender\/#primaryimage","url":"https:\/\/www.divers2023.ch\/wp-content\/uploads\/sites\/3\/2023\/08\/geschlechter-radar-dimensionen-de.jpg","contentUrl":"https:\/\/www.divers2023.ch\/wp-content\/uploads\/sites\/3\/2023\/08\/geschlechter-radar-dimensionen-de.jpg"},{"@type":"BreadcrumbList","@id":"https:\/\/www.divers2023.ch\/de-e-l\/gender\/#breadcrumb","itemListElement":[{"@type":"ListItem","position":1,"name":"Startseite","item":"https:\/\/www.divers2023.ch\/de-e-l\/"},{"@type":"ListItem","position":2,"name":"Geschlecht"}]},{"@type":"WebSite","@id":"https:\/\/www.divers2023.ch\/#website","url":"https:\/\/www.divers2023.ch\/","name":"Divers | Kunstmuseum Luzern","description":"Digitale Tour","publisher":{"@id":"https:\/\/www.divers2023.ch\/#organization"},"potentialAction":[{"@type":"SearchAction","target":{"@type":"EntryPoint","urlTemplate":"https:\/\/www.divers2023.ch\/?s={search_term_string}"},"query-input":{"@type":"PropertyValueSpecification","valueRequired":true,"valueName":"search_term_string"}}],"inLanguage":"de-DE-leicht"},{"@type":"Organization","@id":"https:\/\/www.divers2023.ch\/#organization","name":"Divers | Kunstmuseum Luzern","url":"https:\/\/www.divers2023.ch\/","logo":{"@type":"ImageObject","inLanguage":"de-DE-leicht","@id":"https:\/\/www.divers2023.ch\/#\/schema\/logo\/image\/","url":"https:\/\/www.divers2023.ch\/wp-content\/uploads\/sites\/3\/2023\/05\/logo.svg","contentUrl":"https:\/\/www.divers2023.ch\/wp-content\/uploads\/sites\/3\/2023\/05\/logo.svg","width":38,"height":64,"caption":"Divers | Kunstmuseum Luzern"},"image":{"@id":"https:\/\/www.divers2023.ch\/#\/schema\/logo\/image\/"}}]}},"_links":{"self":[{"href":"https:\/\/www.divers2023.ch\/de-e-l\/wp-json\/wp\/v2\/pages\/1672","targetHints":{"allow":["GET"]}}],"collection":[{"href":"https:\/\/www.divers2023.ch\/de-e-l\/wp-json\/wp\/v2\/pages"}],"about":[{"href":"https:\/\/www.divers2023.ch\/de-e-l\/wp-json\/wp\/v2\/types\/page"}],"author":[{"embeddable":true,"href":"https:\/\/www.divers2023.ch\/de-e-l\/wp-json\/wp\/v2\/users\/2"}],"replies":[{"embeddable":true,"href":"https:\/\/www.divers2023.ch\/de-e-l\/wp-json\/wp\/v2\/comments?post=1672"}],"version-history":[{"count":13,"href":"https:\/\/www.divers2023.ch\/de-e-l\/wp-json\/wp\/v2\/pages\/1672\/revisions"}],"predecessor-version":[{"id":2009,"href":"https:\/\/www.divers2023.ch\/de-e-l\/wp-json\/wp\/v2\/pages\/1672\/revisions\/2009"}],"wp:attachment":[{"href":"https:\/\/www.divers2023.ch\/de-e-l\/wp-json\/wp\/v2\/media?parent=1672"}],"wp:term":[{"taxonomy":"post_tag","embeddable":true,"href":"https:\/\/www.divers2023.ch\/de-e-l\/wp-json\/wp\/v2\/tags?post=1672"}],"curies":[{"name":"wp","href":"https:\/\/api.w.org\/{rel}","templated":true}]}}