{"version":"1.0","provider_name":"Divers | Kunstmuseum Luzern","provider_url":"https:\/\/www.divers2023.ch\/de-e-l\/","author_name":"eveline","author_url":"https:\/\/www.divers2023.ch\/de-e-l\/author\/eveline\/","title":"Sprache - Divers | Kunstmuseum Luzern","type":"rich","width":600,"height":338,"html":"<blockquote class=\"wp-embedded-content\" data-secret=\"XXnHWbFDxB\"><a href=\"https:\/\/www.divers2023.ch\/de-e-l\/sprache\/\">Sprache<\/a><\/blockquote><iframe sandbox=\"allow-scripts\" security=\"restricted\" src=\"https:\/\/www.divers2023.ch\/de-e-l\/sprache\/embed\/#?secret=XXnHWbFDxB\" width=\"600\" height=\"338\" title=\"&#8220;Sprache&#8221; &#8212; Divers | Kunstmuseum Luzern\" data-secret=\"XXnHWbFDxB\" frameborder=\"0\" marginwidth=\"0\" marginheight=\"0\" scrolling=\"no\" class=\"wp-embedded-content\"><\/iframe><script type=\"text\/javascript\">\n\/* <![CDATA[ *\/\n\/*! This file is auto-generated *\/\n!function(d,l){\"use strict\";l.querySelector&&d.addEventListener&&\"undefined\"!=typeof URL&&(d.wp=d.wp||{},d.wp.receiveEmbedMessage||(d.wp.receiveEmbedMessage=function(e){var t=e.data;if((t||t.secret||t.message||t.value)&&!\/[^a-zA-Z0-9]\/.test(t.secret)){for(var s,r,n,a=l.querySelectorAll('iframe[data-secret=\"'+t.secret+'\"]'),o=l.querySelectorAll('blockquote[data-secret=\"'+t.secret+'\"]'),c=new RegExp(\"^https?:$\",\"i\"),i=0;i<o.length;i++)o[i].style.display=\"none\";for(i=0;i<a.length;i++)s=a[i],e.source===s.contentWindow&&(s.removeAttribute(\"style\"),\"height\"===t.message?(1e3<(r=parseInt(t.value,10))?r=1e3:~~r<200&&(r=200),s.height=r):\"link\"===t.message&&(r=new URL(s.getAttribute(\"src\")),n=new URL(t.value),c.test(n.protocol))&&n.host===r.host&&l.activeElement===s&&(d.top.location.href=t.value))}},d.addEventListener(\"message\",d.wp.receiveEmbedMessage,!1),l.addEventListener(\"DOMContentLoaded\",function(){for(var e,t,s=l.querySelectorAll(\"iframe.wp-embedded-content\"),r=0;r<s.length;r++)(t=(e=s[r]).getAttribute(\"data-secret\"))||(t=Math.random().toString(36).substring(2,12),e.src+=\"#?secret=\"+t,e.setAttribute(\"data-secret\",t)),e.contentWindow.postMessage({message:\"ready\",secret:t},\"*\")},!1)))}(window,document);\n\/\/# sourceURL=https:\/\/www.divers2023.ch\/wp-includes\/js\/wp-embed.min.js\n\/* ]]> *\/\n<\/script>\n","description":"Die Sprache ist stark verkn\u00fcpft mit Denken und mit Identit\u00e4t. Die Sprache pr\u00e4gt, wie wir die Welt sehen und verstehen. Wollen wir die Sprache \u00e4ndern, m\u00fcssen wir unser Sprechen \u00e4ndern. Das heisst: Wir m\u00fcssen uns \u00e4ndern. Deshalb stossen sprachliche Neuerungen oft auf Ablehnung. Viele Ver\u00e4nderungen finden aber auch statt, ohne dass wir es merken. \u00abGebrauch: [&hellip;]"}